{"id":3279,"date":"2019-12-11T11:22:31","date_gmt":"2019-12-11T11:22:31","guid":{"rendered":"https:\/\/showmotion.it\/news\/"},"modified":"2022-12-07T16:27:06","modified_gmt":"2022-12-07T16:27:06","slug":"news","status":"publish","type":"page","link":"https:\/\/showmotion.it\/de\/news\/","title":{"rendered":"News"},"content":{"rendered":"<p><div class=\"fusion-bg-parallax\" data-bg-align=\"center center\" data-direction=\"up\" data-mute=\"false\" data-opacity=\"100\" data-velocity=\"-0.3\" data-mobile-enabled=\"true\" data-break_parents=\"0\" data-bg-image=\"https:\/\/showmotion.it\/wp-content\/uploads\/2019\/02\/0281.jpg\" data-bg-repeat=\"false\" ><\/div><div class=\"fusion-fullwidth fullwidth-box fusion-builder-row-1 fusion-parallax-up nonhundred-percent-fullwidth non-hundred-percent-height-scrolling lazyload\" style=\"--awb-border-radius-top-left:0px;--awb-border-radius-top-right:0px;--awb-border-radius-bottom-right:0px;--awb-border-radius-bottom-left:0px;--awb-padding-top:130px;--awb-padding-bottom:120px;--awb-background-size:cover;--awb-flex-wrap:wrap;\" data-bg=\"https:\/\/showmotion.it\/wp-content\/uploads\/2019\/02\/0281.jpg\" ><div class=\"fusion-builder-row fusion-row\"><div class=\"fusion-layout-column fusion_builder_column fusion-builder-column-0 fusion_builder_column_1_1 1_1 fusion-one-full fusion-column-first fusion-column-last\" style=\"--awb-bg-size:cover;\"><div class=\"fusion-column-wrapper fusion-flex-column-wrapper-legacy\"><div class=\"fusion-sep-clear\"><\/div><div class=\"fusion-separator fusion-full-width-sep\" style=\"margin-left: auto;margin-right: auto;margin-top:30px;margin-bottom:0px;width:100%;\"><\/div><div class=\"fusion-sep-clear\"><\/div><div class=\"fusion-title title fusion-title-1 fusion-sep-none fusion-title-text fusion-title-size-one shadow-black\"><h1 class=\"fusion-title-heading title-heading-left fusion-responsive-typography-calculated\" style=\"margin:0;--fontSize:60;line-height:1.33;\"><p style=\"text-align: left;\">News<\/p><\/h1><\/div><div class=\"fusion-clearfix\"><\/div><\/div><\/div><\/div><\/div><div class=\"fusion-fullwidth fullwidth-box fusion-builder-row-2 nonhundred-percent-fullwidth non-hundred-percent-height-scrolling\" style=\"--awb-border-radius-top-left:0px;--awb-border-radius-top-right:0px;--awb-border-radius-bottom-right:0px;--awb-border-radius-bottom-left:0px;--awb-margin-top:60px;--awb-flex-wrap:wrap;\" ><div class=\"fusion-builder-row fusion-row\"><div class=\"fusion-layout-column fusion_builder_column fusion-builder-column-1 fusion_builder_column_1_1 1_1 fusion-one-full fusion-column-first fusion-column-last\" style=\"--awb-bg-size:cover;\"><div class=\"fusion-column-wrapper fusion-flex-column-wrapper-legacy\"><div class=\"fusion-blog-shortcode fusion-blog-shortcode-1 fusion-blog-archive fusion-blog-layout-grid-wrapper fusion-blog-no\"><style type=\"text\/css\">.fusion-blog-shortcode-1 .fusion-blog-layout-grid .fusion-post-grid{padding:25px;}.fusion-blog-shortcode-1 .fusion-posts-container{margin-left: -25px !important; margin-right:-25px !important;}<\/style><div class=\"fusion-posts-container fusion-posts-container-no fusion-blog-rollover fusion-blog-layout-grid fusion-blog-layout-grid-3 isotope fusion-blog-equal-heights\" data-pages=\"0\" data-grid-col-space=\"50\" style=\"margin: -25px -25px 0;min-height:500px;\"><article id=\"blog-1-post-9163\" class=\"fusion-post-grid post-9163 post type-post status-publish format-standard has-post-thumbnail hentry category-news-de tag-bauelemente-hausturen-fenster-tore tag-fliesen-und-platten tag-galabau tag-holzboden-parkett-vinyl-laminat-kork tag-innentueren-zimmertueren tag-kamine-und-oefen tag-kuechen tag-naturstein-utdoor-fliesen tag-sanitaer-badmoebel\">\n<div class=\"fusion-post-wrapper\" style=\"background-color:rgba(255,255,255,0);border:1px solid #ebeaea;border-bottom-width:3px;\">\n\n\t\t\t<div class=\"fusion-flexslider flexslider fusion-flexslider-loading fusion-post-slideshow\" style=\"border-color:#ebeaea;\">\n\t\t<ul class=\"slides\">\n\t\t\t\n\t\t\t\t\t\t\t\t\t\t\t\t\t\t<li><div  class=\"fusion-image-wrapper\" aria-haspopup=\"true\">\n\t\t\t\t<img fetchpriority=\"high\" decoding=\"async\" width=\"1200\" height=\"700\" src=\"https:\/\/showmotion.it\/wp-content\/uploads\/2022\/01\/ShowMotion_COCO_Digitale-Kommunikation-im-Netzwerk.jpg\" class=\"attachment-full size-full lazyload wp-post-image\" alt=\"ShowMotion_COCO_Digitale-Kommunikation-im-Netzwerk\" srcset=\"data:image\/svg+xml,%3Csvg%20xmlns%3D%27http%3A%2F%2Fwww.w3.org%2F2000%2Fsvg%27%20width%3D%271200%27%20height%3D%27700%27%20viewBox%3D%270%200%201200%20700%27%3E%3Crect%20width%3D%271200%27%20height%3D%27700%27%20fill-opacity%3D%220%22%2F%3E%3C%2Fsvg%3E\" data-orig-src=\"https:\/\/showmotion.it\/wp-content\/uploads\/2022\/01\/ShowMotion_COCO_Digitale-Kommunikation-im-Netzwerk.jpg\" data-srcset=\"https:\/\/showmotion.it\/wp-content\/uploads\/2022\/01\/ShowMotion_COCO_Digitale-Kommunikation-im-Netzwerk-200x117.jpg 200w, https:\/\/showmotion.it\/wp-content\/uploads\/2022\/01\/ShowMotion_COCO_Digitale-Kommunikation-im-Netzwerk-400x233.jpg 400w, https:\/\/showmotion.it\/wp-content\/uploads\/2022\/01\/ShowMotion_COCO_Digitale-Kommunikation-im-Netzwerk-600x350.jpg 600w, https:\/\/showmotion.it\/wp-content\/uploads\/2022\/01\/ShowMotion_COCO_Digitale-Kommunikation-im-Netzwerk-800x467.jpg 800w, https:\/\/showmotion.it\/wp-content\/uploads\/2022\/01\/ShowMotion_COCO_Digitale-Kommunikation-im-Netzwerk.jpg 1200w\" data-sizes=\"auto\" \/><div class=\"fusion-rollover\">\n\t<div class=\"fusion-rollover-content\">\n\n\t\t\t\t\t\t\t\t\t\t\t\t\t\t<a class=\"fusion-rollover-link\" href=\"https:\/\/showmotion.it\/de\/showmotion-bietet-digitale-loesungen\/\">ShowMotion bietet digitale L\u00f6sungen<\/a>\n\t\t\t\n\t\t\t\t\t\t\t\t\t\t\t\t\t\t\n\t\t\t\t\t\t\t\t\n\t\t\t\t\t\t\t\t\t\t\t\t\t<div class=\"fusion-rollover-sep\"><\/div>\n\t\t\t\t\n\t\t\t\t\t\t\t\t\t\t\t\t\t\t\t\t\t\t<a class=\"fusion-rollover-gallery\" href=\"https:\/\/showmotion.it\/wp-content\/uploads\/2022\/01\/ShowMotion_COCO_Digitale-Kommunikation-im-Netzwerk.jpg\" data-id=\"9163\" data-rel=\"iLightbox[gallery]\" data-title=\"ShowMotion_COCO_Digitale-Kommunikation-im-Netzwerk\" data-caption=\"Neben Ausstellungssystemen, der Ausstellungsplanung und dem Ausstellungsbau bietet ShowMotion auch digitale L\u00f6sungen f\u00fcr den Baustoffhandel und die Bauelemente-Branche\">\n\t\t\t\t\t\tGallerie\t\t\t\t\t<\/a>\n\t\t\t\t\t\t\t\t\t\t\t\t\t\t\n\t\t\n\t\t\t\t\t\t\t\t\t\t\t\t<h4 class=\"fusion-rollover-title\">\n\t\t\t\t\t<a class=\"fusion-rollover-title-link\" href=\"https:\/\/showmotion.it\/de\/showmotion-bietet-digitale-loesungen\/\">\n\t\t\t\t\t\tShowMotion bietet digitale L\u00f6sungen\t\t\t\t\t<\/a>\n\t\t\t\t<\/h4>\n\t\t\t\n\t\t\t\t\t\t\t\t\n\t\t\n\t\t\t\t\t\t<a class=\"fusion-link-wrapper\" href=\"https:\/\/showmotion.it\/de\/showmotion-bietet-digitale-loesungen\/\" aria-label=\"ShowMotion bietet digitale L\u00f6sungen\"><\/a>\n\t<\/div>\n<\/div>\n<\/div>\n<\/li>\n\t\t\t\n\t\t\t\n\t\t\t\t\t\t\t\t\t\t\t\t\t\t\t\t\t\t\t\t\t\t\t\t\t\t\t\t\t\t\t\t\t\t\t\t\t\t\t\t\t\t\t\t\t\t\t\t\t\t\t\t\t\t\t\t\t\t\t\t\t\t\t\t\t\t\t\t<\/ul>\n\t<\/div>\n\t<div class=\"fusion-post-content-wrapper\" style=\"padding:30px 25px 20px 25px;\"><div class=\"fusion-post-content post-content\"><h2 class=\"blog-shortcode-post-title entry-title\"><a href=\"https:\/\/showmotion.it\/de\/showmotion-bietet-digitale-loesungen\/\">ShowMotion bietet digitale L\u00f6sungen<\/a><\/h2><div class=\"fusion-content-sep sep-double sep-solid\"><\/div><div class=\"fusion-post-content-container\"><p><\/p><p>Digitale L\u00f6sungen f\u00fcr den Baustoff- und Bauelemente-Handel Seit Dezember 2021 bietet ShowMotion neben Ausstellungssystemen, der Ausstellungsplanung und dem Ausstellungsbau auch digitale L\u00f6sungen f\u00fcr den Baustoffhandel und [...]<\/p><\/div><\/div><div class=\"fusion-meta-info\"><div class=\"fusion-alignleft\"><a class=\"fusion-read-more\" href=\"https:\/\/showmotion.it\/de\/showmotion-bietet-digitale-loesungen\/\" aria-label=\"More on ShowMotion bietet digitale L\u00f6sungen\">Weiterlesen<\/a><\/div><\/div><\/div><div class=\"fusion-clearfix\"><\/div><\/div>\n<\/article>\n<article id=\"blog-1-post-8976\" class=\"fusion-post-grid post-8976 post type-post status-publish format-standard has-post-thumbnail hentry category-news-de\">\n<div class=\"fusion-post-wrapper\" style=\"background-color:rgba(255,255,255,0);border:1px solid #ebeaea;border-bottom-width:3px;\">\n\n\t\t\t<div class=\"fusion-flexslider flexslider fusion-flexslider-loading fusion-post-slideshow\" style=\"border-color:#ebeaea;\">\n\t\t<ul class=\"slides\">\n\t\t\t\n\t\t\t\t\t\t\t\t\t\t\t\t\t\t<li><div  class=\"fusion-image-wrapper\" aria-haspopup=\"true\">\n\t\t\t\t<img decoding=\"async\" width=\"1020\" height=\"680\" src=\"https:\/\/showmotion.it\/wp-content\/uploads\/2021\/11\/ShowMotion-\u2013-Audiomarketing-in-der-Bauelemente-Ausstellung-GLASWELT.jpg\" class=\"attachment-full size-full lazyload wp-post-image\" alt=\"Artikel Audiomarketing in der Bauelemente-Ausstellung | ShowMotion\" srcset=\"data:image\/svg+xml,%3Csvg%20xmlns%3D%27http%3A%2F%2Fwww.w3.org%2F2000%2Fsvg%27%20width%3D%271020%27%20height%3D%27680%27%20viewBox%3D%270%200%201020%20680%27%3E%3Crect%20width%3D%271020%27%20height%3D%27680%27%20fill-opacity%3D%220%22%2F%3E%3C%2Fsvg%3E\" data-orig-src=\"https:\/\/showmotion.it\/wp-content\/uploads\/2021\/11\/ShowMotion-\u2013-Audiomarketing-in-der-Bauelemente-Ausstellung-GLASWELT.jpg\" data-srcset=\"https:\/\/showmotion.it\/wp-content\/uploads\/2021\/11\/ShowMotion-\u2013-Audiomarketing-in-der-Bauelemente-Ausstellung-GLASWELT-200x133.jpg 200w, https:\/\/showmotion.it\/wp-content\/uploads\/2021\/11\/ShowMotion-\u2013-Audiomarketing-in-der-Bauelemente-Ausstellung-GLASWELT-400x267.jpg 400w, https:\/\/showmotion.it\/wp-content\/uploads\/2021\/11\/ShowMotion-\u2013-Audiomarketing-in-der-Bauelemente-Ausstellung-GLASWELT-600x400.jpg 600w, https:\/\/showmotion.it\/wp-content\/uploads\/2021\/11\/ShowMotion-\u2013-Audiomarketing-in-der-Bauelemente-Ausstellung-GLASWELT-800x533.jpg 800w, https:\/\/showmotion.it\/wp-content\/uploads\/2021\/11\/ShowMotion-\u2013-Audiomarketing-in-der-Bauelemente-Ausstellung-GLASWELT.jpg 1020w\" data-sizes=\"auto\" \/><div class=\"fusion-rollover\">\n\t<div class=\"fusion-rollover-content\">\n\n\t\t\t\t\t\t\t\t\t\t\t\t\t\t<a class=\"fusion-rollover-link\" href=\"https:\/\/showmotion.it\/de\/in-der-ausstellung-die-richtige-atmosphaere-schaffen-glaswelt\/\">In der Ausstellung die richtige Atmosph\u00e4re schaffen &#8211; GLASWELT<\/a>\n\t\t\t\n\t\t\t\t\t\t\t\t\t\t\t\t\t\t\n\t\t\t\t\t\t\t\t\n\t\t\t\t\t\t\t\t\t\t\t\t\t<div class=\"fusion-rollover-sep\"><\/div>\n\t\t\t\t\n\t\t\t\t\t\t\t\t\t\t\t\t\t\t\t\t\t\t<a class=\"fusion-rollover-gallery\" href=\"https:\/\/showmotion.it\/wp-content\/uploads\/2021\/11\/ShowMotion-\u2013-Audiomarketing-in-der-Bauelemente-Ausstellung-GLASWELT.jpg\" data-id=\"8976\" data-rel=\"iLightbox[gallery]\" data-title=\"ShowMotion \u2013 Audiomarketing in der Bauelemente-Ausstellung GLASWELT\" data-caption=\"Kundengewinnung durch Ausstellungsoptimierung. Artikel \u00fcber das Thema Audiomarketing in der Zeitschrift Glaswelt | ShowMotion\">\n\t\t\t\t\t\tGallerie\t\t\t\t\t<\/a>\n\t\t\t\t\t\t\t\t\t\t\t\t\t\t\n\t\t\n\t\t\t\t\t\t\t\t\t\t\t\t<h4 class=\"fusion-rollover-title\">\n\t\t\t\t\t<a class=\"fusion-rollover-title-link\" href=\"https:\/\/showmotion.it\/de\/in-der-ausstellung-die-richtige-atmosphaere-schaffen-glaswelt\/\">\n\t\t\t\t\t\tIn der Ausstellung die richtige Atmosph\u00e4re schaffen &#8211; GLASWELT\t\t\t\t\t<\/a>\n\t\t\t\t<\/h4>\n\t\t\t\n\t\t\t\t\t\t\t\t\n\t\t\n\t\t\t\t\t\t<a class=\"fusion-link-wrapper\" href=\"https:\/\/showmotion.it\/de\/in-der-ausstellung-die-richtige-atmosphaere-schaffen-glaswelt\/\" aria-label=\"In der Ausstellung die richtige Atmosph\u00e4re schaffen &#8211; GLASWELT\"><\/a>\n\t<\/div>\n<\/div>\n<\/div>\n<\/li>\n\t\t\t\n\t\t\t\n\t\t\t\t\t\t\t\t\t\t\t\t\t\t\t\t\t\t\t\t\t\t\t\t\t\t\t\t\t\t\t\t\t\t\t\t\t\t\t\t\t\t\t\t\t\t\t\t\t\t\t\t\t\t\t\t\t\t\t\t\t\t\t\t\t\t\t\t<\/ul>\n\t<\/div>\n\t<div class=\"fusion-post-content-wrapper\" style=\"padding:30px 25px 20px 25px;\"><div class=\"fusion-post-content post-content\"><h2 class=\"blog-shortcode-post-title entry-title\"><a href=\"https:\/\/showmotion.it\/de\/in-der-ausstellung-die-richtige-atmosphaere-schaffen-glaswelt\/\">In der Ausstellung die richtige Atmosph\u00e4re schaffen &#8211; GLASWELT<\/a><\/h2><div class=\"fusion-content-sep sep-double sep-solid\"><\/div><div class=\"fusion-post-content-container\"><p><\/p><p>Audiomarketing als Erg\u00e4nzung in der Bauelemente-Ausstellung Im zehnten Artikel der Serie Kundengewinnung durch Ausstellungsoptimierung in der Fachzeitschrift Glaswelt wird das Thema Audiomarketing behandelt.  [\u2026]<\/p>\n<\/div><\/div><div class=\"fusion-meta-info\"><div class=\"fusion-alignleft\"><a class=\"fusion-read-more\" href=\"https:\/\/showmotion.it\/de\/in-der-ausstellung-die-richtige-atmosphaere-schaffen-glaswelt\/\" aria-label=\"More on In der Ausstellung die richtige Atmosph\u00e4re schaffen &#8211; GLASWELT\">Weiterlesen<\/a><\/div><\/div><\/div><div class=\"fusion-clearfix\"><\/div><\/div>\n<\/article>\n<article id=\"blog-1-post-8965\" class=\"fusion-post-grid post-8965 post type-post status-publish format-standard has-post-thumbnail hentry category-news-de\">\n<div class=\"fusion-post-wrapper\" style=\"background-color:rgba(255,255,255,0);border:1px solid #ebeaea;border-bottom-width:3px;\">\n\n\t\t\t<div class=\"fusion-flexslider flexslider fusion-flexslider-loading fusion-post-slideshow\" style=\"border-color:#ebeaea;\">\n\t\t<ul class=\"slides\">\n\t\t\t\n\t\t\t\t\t\t\t\t\t\t\t\t\t\t<li><div  class=\"fusion-image-wrapper\" aria-haspopup=\"true\">\n\t\t\t\t<img decoding=\"async\" width=\"1600\" height=\"1065\" src=\"https:\/\/showmotion.it\/wp-content\/uploads\/2021\/11\/ShowMotion-Optimale-Showroom-Gestaltung-durch-visuelle-Kommunikation-im-Bauelemente-Showroom-GLASWELT.jpeg\" class=\"attachment-full size-full lazyload wp-post-image\" alt=\"Showroom-Gestaltung durch visuelle Kommunikation um T\u00fcren und Fenster sch\u00f6n auszustellen | ShowMotion\" srcset=\"data:image\/svg+xml,%3Csvg%20xmlns%3D%27http%3A%2F%2Fwww.w3.org%2F2000%2Fsvg%27%20width%3D%271600%27%20height%3D%271065%27%20viewBox%3D%270%200%201600%201065%27%3E%3Crect%20width%3D%271600%27%20height%3D%271065%27%20fill-opacity%3D%220%22%2F%3E%3C%2Fsvg%3E\" data-orig-src=\"https:\/\/showmotion.it\/wp-content\/uploads\/2021\/11\/ShowMotion-Optimale-Showroom-Gestaltung-durch-visuelle-Kommunikation-im-Bauelemente-Showroom-GLASWELT.jpeg\" data-srcset=\"https:\/\/showmotion.it\/wp-content\/uploads\/2021\/11\/ShowMotion-Optimale-Showroom-Gestaltung-durch-visuelle-Kommunikation-im-Bauelemente-Showroom-GLASWELT-200x133.jpeg 200w, https:\/\/showmotion.it\/wp-content\/uploads\/2021\/11\/ShowMotion-Optimale-Showroom-Gestaltung-durch-visuelle-Kommunikation-im-Bauelemente-Showroom-GLASWELT-400x266.jpeg 400w, https:\/\/showmotion.it\/wp-content\/uploads\/2021\/11\/ShowMotion-Optimale-Showroom-Gestaltung-durch-visuelle-Kommunikation-im-Bauelemente-Showroom-GLASWELT-600x399.jpeg 600w, https:\/\/showmotion.it\/wp-content\/uploads\/2021\/11\/ShowMotion-Optimale-Showroom-Gestaltung-durch-visuelle-Kommunikation-im-Bauelemente-Showroom-GLASWELT-800x533.jpeg 800w, https:\/\/showmotion.it\/wp-content\/uploads\/2021\/11\/ShowMotion-Optimale-Showroom-Gestaltung-durch-visuelle-Kommunikation-im-Bauelemente-Showroom-GLASWELT-1200x799.jpeg 1200w, https:\/\/showmotion.it\/wp-content\/uploads\/2021\/11\/ShowMotion-Optimale-Showroom-Gestaltung-durch-visuelle-Kommunikation-im-Bauelemente-Showroom-GLASWELT.jpeg 1600w\" data-sizes=\"auto\" \/><div class=\"fusion-rollover\">\n\t<div class=\"fusion-rollover-content\">\n\n\t\t\t\t\t\t\t\t\t\t\t\t\t\t<a class=\"fusion-rollover-link\" href=\"https:\/\/showmotion.it\/de\/optimale-showroom-gestaltung-durch-visuelle-kommunikation-im-bauelemente-showroom-glaswelt\/\">Optimale Showroom-Gestaltung durch visuelle Kommunikation im Bauelemente-Showroom &#8211; GLASWELT<\/a>\n\t\t\t\n\t\t\t\t\t\t\t\t\t\t\t\t\t\t\n\t\t\t\t\t\t\t\t\n\t\t\t\t\t\t\t\t\t\t\t\t\t<div class=\"fusion-rollover-sep\"><\/div>\n\t\t\t\t\n\t\t\t\t\t\t\t\t\t\t\t\t\t\t\t\t\t\t<a class=\"fusion-rollover-gallery\" href=\"https:\/\/showmotion.it\/wp-content\/uploads\/2021\/11\/ShowMotion-Optimale-Showroom-Gestaltung-durch-visuelle-Kommunikation-im-Bauelemente-Showroom-GLASWELT.jpeg\" data-id=\"8965\" data-rel=\"iLightbox[gallery]\" data-title=\"ShowMotion - Optimale Showroom-Gestaltung durch visuelle Kommunikation im Bauelemente-Showroom GLASWELT\" data-caption=\"Artikel in der Fachzeitschrift Glaswelt, Reihe Kundengewinnung durch Ausstellungsoptimierung. In diesem Artikel wird das die Showroom-Gestaltung und im Detail die visuelle Kommunikation oder Visual Merchandising von T\u00fcren, Fenstern, Haust\u00fcren und Bauelementen thematisiert \">\n\t\t\t\t\t\tGallerie\t\t\t\t\t<\/a>\n\t\t\t\t\t\t\t\t\t\t\t\t\t\t\n\t\t\n\t\t\t\t\t\t\t\t\t\t\t\t<h4 class=\"fusion-rollover-title\">\n\t\t\t\t\t<a class=\"fusion-rollover-title-link\" href=\"https:\/\/showmotion.it\/de\/optimale-showroom-gestaltung-durch-visuelle-kommunikation-im-bauelemente-showroom-glaswelt\/\">\n\t\t\t\t\t\tOptimale Showroom-Gestaltung durch visuelle Kommunikation im Bauelemente-Showroom &#8211; GLASWELT\t\t\t\t\t<\/a>\n\t\t\t\t<\/h4>\n\t\t\t\n\t\t\t\t\t\t\t\t\n\t\t\n\t\t\t\t\t\t<a class=\"fusion-link-wrapper\" href=\"https:\/\/showmotion.it\/de\/optimale-showroom-gestaltung-durch-visuelle-kommunikation-im-bauelemente-showroom-glaswelt\/\" aria-label=\"Optimale Showroom-Gestaltung durch visuelle Kommunikation im Bauelemente-Showroom &#8211; GLASWELT\"><\/a>\n\t<\/div>\n<\/div>\n<\/div>\n<\/li>\n\t\t\t\n\t\t\t\n\t\t\t\t\t\t\t\t\t\t\t\t\t\t\t\t\t\t\t\t\t\t\t\t\t\t\t\t\t\t\t\t\t\t\t\t\t\t\t\t\t\t\t\t\t\t\t\t\t\t\t\t\t\t\t\t\t\t\t\t\t\t\t\t\t\t\t\t<\/ul>\n\t<\/div>\n\t<div class=\"fusion-post-content-wrapper\" style=\"padding:30px 25px 20px 25px;\"><div class=\"fusion-post-content post-content\"><h2 class=\"blog-shortcode-post-title entry-title\"><a href=\"https:\/\/showmotion.it\/de\/optimale-showroom-gestaltung-durch-visuelle-kommunikation-im-bauelemente-showroom-glaswelt\/\">Optimale Showroom-Gestaltung durch visuelle Kommunikation im Bauelemente-Showroom &#8211; GLASWELT<\/a><\/h2><div class=\"fusion-content-sep sep-double sep-solid\"><\/div><div class=\"fusion-post-content-container\"><p><\/p><p>Den Kunden zweifach abholen Der neunte Artikel der Serie Kundengewinnung durch Ausstellungsoptimierung in der Fachzeitschrift Glaswelt behandelt das Thema der visuellen Kommunikation oder auf Englisch Visual [...]<\/p><\/div><\/div><div class=\"fusion-meta-info\"><div class=\"fusion-alignleft\"><a class=\"fusion-read-more\" href=\"https:\/\/showmotion.it\/de\/optimale-showroom-gestaltung-durch-visuelle-kommunikation-im-bauelemente-showroom-glaswelt\/\" aria-label=\"More on Optimale Showroom-Gestaltung durch visuelle Kommunikation im Bauelemente-Showroom &#8211; GLASWELT\">Weiterlesen<\/a><\/div><\/div><\/div><div class=\"fusion-clearfix\"><\/div><\/div>\n<\/article>\n<article id=\"blog-1-post-8953\" class=\"fusion-post-grid post-8953 post type-post status-publish format-standard has-post-thumbnail hentry category-news-de\">\n<div class=\"fusion-post-wrapper\" style=\"background-color:rgba(255,255,255,0);border:1px solid #ebeaea;border-bottom-width:3px;\">\n\n\t\t\t<div class=\"fusion-flexslider flexslider fusion-flexslider-loading fusion-post-slideshow\" style=\"border-color:#ebeaea;\">\n\t\t<ul class=\"slides\">\n\t\t\t\n\t\t\t\t\t\t\t\t\t\t\t\t\t\t<li><div  class=\"fusion-image-wrapper\" aria-haspopup=\"true\">\n\t\t\t\t<img loading=\"lazy\" decoding=\"async\" width=\"1600\" height=\"644\" src=\"https:\/\/showmotion.it\/wp-content\/uploads\/2021\/11\/ShowMotion_Artikel-Musterkoffer-Bemusterung-Sonnenschutz-Rolladen-Tore_Reihe-Ausstellungsoptimierung-GLASWELT.jpeg\" class=\"attachment-full size-full lazyload wp-post-image\" alt=\"ShowMotion schreibt \u00fcber den Musterkoffer f\u00fcr die Bemusterung von Sonnenschutz, Rolladen, Beschattung, Tore - Reihe Ausstellungsoptimierung in der GLASWELT\" srcset=\"data:image\/svg+xml,%3Csvg%20xmlns%3D%27http%3A%2F%2Fwww.w3.org%2F2000%2Fsvg%27%20width%3D%271600%27%20height%3D%27644%27%20viewBox%3D%270%200%201600%20644%27%3E%3Crect%20width%3D%271600%27%20height%3D%27644%27%20fill-opacity%3D%220%22%2F%3E%3C%2Fsvg%3E\" data-orig-src=\"https:\/\/showmotion.it\/wp-content\/uploads\/2021\/11\/ShowMotion_Artikel-Musterkoffer-Bemusterung-Sonnenschutz-Rolladen-Tore_Reihe-Ausstellungsoptimierung-GLASWELT.jpeg\" data-srcset=\"https:\/\/showmotion.it\/wp-content\/uploads\/2021\/11\/ShowMotion_Artikel-Musterkoffer-Bemusterung-Sonnenschutz-Rolladen-Tore_Reihe-Ausstellungsoptimierung-GLASWELT-200x81.jpeg 200w, https:\/\/showmotion.it\/wp-content\/uploads\/2021\/11\/ShowMotion_Artikel-Musterkoffer-Bemusterung-Sonnenschutz-Rolladen-Tore_Reihe-Ausstellungsoptimierung-GLASWELT-400x161.jpeg 400w, https:\/\/showmotion.it\/wp-content\/uploads\/2021\/11\/ShowMotion_Artikel-Musterkoffer-Bemusterung-Sonnenschutz-Rolladen-Tore_Reihe-Ausstellungsoptimierung-GLASWELT-600x242.jpeg 600w, https:\/\/showmotion.it\/wp-content\/uploads\/2021\/11\/ShowMotion_Artikel-Musterkoffer-Bemusterung-Sonnenschutz-Rolladen-Tore_Reihe-Ausstellungsoptimierung-GLASWELT-800x322.jpeg 800w, https:\/\/showmotion.it\/wp-content\/uploads\/2021\/11\/ShowMotion_Artikel-Musterkoffer-Bemusterung-Sonnenschutz-Rolladen-Tore_Reihe-Ausstellungsoptimierung-GLASWELT-1200x483.jpeg 1200w, https:\/\/showmotion.it\/wp-content\/uploads\/2021\/11\/ShowMotion_Artikel-Musterkoffer-Bemusterung-Sonnenschutz-Rolladen-Tore_Reihe-Ausstellungsoptimierung-GLASWELT.jpeg 1600w\" data-sizes=\"auto\" \/><div class=\"fusion-rollover\">\n\t<div class=\"fusion-rollover-content\">\n\n\t\t\t\t\t\t\t\t\t\t\t\t\t\t<a class=\"fusion-rollover-link\" href=\"https:\/\/showmotion.it\/de\/ueber-den-musterkoffer-fuer-sonnenschutz-und-bauelemente-technik-hinweg-glaswelt\/\">\u00dcber den Musterkoffer f\u00fcr Sonnenschutz und Bauelemente-Technik hinweg &#8211; GLASWELT<\/a>\n\t\t\t\n\t\t\t\t\t\t\t\t\t\t\t\t\t\t\n\t\t\t\t\t\t\t\t\n\t\t\t\t\t\t\t\t\t\t\t\t\t<div class=\"fusion-rollover-sep\"><\/div>\n\t\t\t\t\n\t\t\t\t\t\t\t\t\t\t\t\t\t\t\t\t\t\t<a class=\"fusion-rollover-gallery\" href=\"https:\/\/showmotion.it\/wp-content\/uploads\/2021\/11\/ShowMotion_Artikel-Musterkoffer-Bemusterung-Sonnenschutz-Rolladen-Tore_Reihe-Ausstellungsoptimierung-GLASWELT.jpeg\" data-id=\"8953\" data-rel=\"iLightbox[gallery]\" data-title=\"ShowMotion_Artikel Musterkoffer Bemusterung Sonnenschutz Rolladen Tore_Reihe Ausstellungsoptimierung GLASWELT\" data-caption=\"Die technischen L\u00f6sungen von Rollladen, Sonnenschutz, Beschattungstechnik, Toren sowie Einbruchschutz und Automatisierung sind die Schwerpunkte des achten Artikels der Serie Kundengewinnung durch Ausstellungsoptimierung in der Fachzeitschrift Glaswelt. \">\n\t\t\t\t\t\tGallerie\t\t\t\t\t<\/a>\n\t\t\t\t\t\t\t\t\t\t\t\t\t\t\n\t\t\n\t\t\t\t\t\t\t\t\t\t\t\t<h4 class=\"fusion-rollover-title\">\n\t\t\t\t\t<a class=\"fusion-rollover-title-link\" href=\"https:\/\/showmotion.it\/de\/ueber-den-musterkoffer-fuer-sonnenschutz-und-bauelemente-technik-hinweg-glaswelt\/\">\n\t\t\t\t\t\t\u00dcber den Musterkoffer f\u00fcr Sonnenschutz und Bauelemente-Technik hinweg &#8211; GLASWELT\t\t\t\t\t<\/a>\n\t\t\t\t<\/h4>\n\t\t\t\n\t\t\t\t\t\t\t\t\n\t\t\n\t\t\t\t\t\t<a class=\"fusion-link-wrapper\" href=\"https:\/\/showmotion.it\/de\/ueber-den-musterkoffer-fuer-sonnenschutz-und-bauelemente-technik-hinweg-glaswelt\/\" aria-label=\"\u00dcber den Musterkoffer f\u00fcr Sonnenschutz und Bauelemente-Technik hinweg &#8211; GLASWELT\"><\/a>\n\t<\/div>\n<\/div>\n<\/div>\n<\/li>\n\t\t\t\n\t\t\t\n\t\t\t\t\t\t\t\t\t\t\t\t\t\t\t\t\t\t\t\t\t\t\t\t\t\t\t\t\t\t\t\t\t\t\t\t\t\t\t\t\t\t\t\t\t\t\t\t\t\t\t\t\t\t\t\t\t\t\t\t\t\t\t\t\t\t\t\t<\/ul>\n\t<\/div>\n\t<div class=\"fusion-post-content-wrapper\" style=\"padding:30px 25px 20px 25px;\"><div class=\"fusion-post-content post-content\"><h2 class=\"blog-shortcode-post-title entry-title\"><a href=\"https:\/\/showmotion.it\/de\/ueber-den-musterkoffer-fuer-sonnenschutz-und-bauelemente-technik-hinweg-glaswelt\/\">\u00dcber den Musterkoffer f\u00fcr Sonnenschutz und Bauelemente-Technik hinweg &#8211; GLASWELT<\/a><\/h2><div class=\"fusion-content-sep sep-double sep-solid\"><\/div><div class=\"fusion-post-content-container\"><p><\/p><p>Wie der Musterkoffer zum Verkaufsf\u00f6rdermittel wird Die technischen L\u00f6sungen von Rollladen, Sonnenschutz, Beschattungstechnik, Toren sowie Einbruchschutz und Automatisierung sind die Schwerpunkte des achten Artikels der Serie [...]<\/p><\/div><\/div><div class=\"fusion-meta-info\"><div class=\"fusion-alignleft\"><a class=\"fusion-read-more\" href=\"https:\/\/showmotion.it\/de\/ueber-den-musterkoffer-fuer-sonnenschutz-und-bauelemente-technik-hinweg-glaswelt\/\" aria-label=\"More on \u00dcber den Musterkoffer f\u00fcr Sonnenschutz und Bauelemente-Technik hinweg &#8211; GLASWELT\">Weiterlesen<\/a><\/div><\/div><\/div><div class=\"fusion-clearfix\"><\/div><\/div>\n<\/article>\n<article id=\"blog-1-post-8934\" class=\"fusion-post-grid post-8934 post type-post status-publish format-standard has-post-thumbnail hentry category-news-de\">\n<div class=\"fusion-post-wrapper\" style=\"background-color:rgba(255,255,255,0);border:1px solid #ebeaea;border-bottom-width:3px;\">\n\n\t\t\t<div class=\"fusion-flexslider flexslider fusion-flexslider-loading fusion-post-slideshow\" style=\"border-color:#ebeaea;\">\n\t\t<ul class=\"slides\">\n\t\t\t\n\t\t\t\t\t\t\t\t\t\t\t\t\t\t<li><div  class=\"fusion-image-wrapper\" aria-haspopup=\"true\">\n\t\t\t\t<img loading=\"lazy\" decoding=\"async\" width=\"1600\" height=\"1067\" src=\"https:\/\/showmotion.it\/wp-content\/uploads\/2021\/11\/ShowMotion_Artikel-Drucker-Griffe-und-Beschlage-stilvoll-ausstellen_Reihe-Ausstellungsoptimierung-GLASWELT.jpeg\" class=\"attachment-full size-full lazyload wp-post-image\" alt=\"Griffe und Dr\u00fccker ausstellen | Artikel von ShowMotion auf der Glaswelt\" srcset=\"data:image\/svg+xml,%3Csvg%20xmlns%3D%27http%3A%2F%2Fwww.w3.org%2F2000%2Fsvg%27%20width%3D%271600%27%20height%3D%271067%27%20viewBox%3D%270%200%201600%201067%27%3E%3Crect%20width%3D%271600%27%20height%3D%271067%27%20fill-opacity%3D%220%22%2F%3E%3C%2Fsvg%3E\" data-orig-src=\"https:\/\/showmotion.it\/wp-content\/uploads\/2021\/11\/ShowMotion_Artikel-Drucker-Griffe-und-Beschlage-stilvoll-ausstellen_Reihe-Ausstellungsoptimierung-GLASWELT.jpeg\" data-srcset=\"https:\/\/showmotion.it\/wp-content\/uploads\/2021\/11\/ShowMotion_Artikel-Drucker-Griffe-und-Beschlage-stilvoll-ausstellen_Reihe-Ausstellungsoptimierung-GLASWELT-200x133.jpeg 200w, https:\/\/showmotion.it\/wp-content\/uploads\/2021\/11\/ShowMotion_Artikel-Drucker-Griffe-und-Beschlage-stilvoll-ausstellen_Reihe-Ausstellungsoptimierung-GLASWELT-400x267.jpeg 400w, https:\/\/showmotion.it\/wp-content\/uploads\/2021\/11\/ShowMotion_Artikel-Drucker-Griffe-und-Beschlage-stilvoll-ausstellen_Reihe-Ausstellungsoptimierung-GLASWELT-600x400.jpeg 600w, https:\/\/showmotion.it\/wp-content\/uploads\/2021\/11\/ShowMotion_Artikel-Drucker-Griffe-und-Beschlage-stilvoll-ausstellen_Reihe-Ausstellungsoptimierung-GLASWELT-800x534.jpeg 800w, https:\/\/showmotion.it\/wp-content\/uploads\/2021\/11\/ShowMotion_Artikel-Drucker-Griffe-und-Beschlage-stilvoll-ausstellen_Reihe-Ausstellungsoptimierung-GLASWELT-1200x800.jpeg 1200w, https:\/\/showmotion.it\/wp-content\/uploads\/2021\/11\/ShowMotion_Artikel-Drucker-Griffe-und-Beschlage-stilvoll-ausstellen_Reihe-Ausstellungsoptimierung-GLASWELT.jpeg 1600w\" data-sizes=\"auto\" \/><div class=\"fusion-rollover\">\n\t<div class=\"fusion-rollover-content\">\n\n\t\t\t\t\t\t\t\t\t\t\t\t\t\t<a class=\"fusion-rollover-link\" href=\"https:\/\/showmotion.it\/de\/griffe-druecker-und-beschlaege-stilvoll-ausstellen-glaswelt\/\">Griffe, Dr\u00fccker und Beschl\u00e4ge stilvoll ausstellen &#8211; GLASWELT<\/a>\n\t\t\t\n\t\t\t\t\t\t\t\t\t\t\t\t\t\t\n\t\t\t\t\t\t\t\t\n\t\t\t\t\t\t\t\t\t\t\t\t\t<div class=\"fusion-rollover-sep\"><\/div>\n\t\t\t\t\n\t\t\t\t\t\t\t\t\t\t\t\t\t\t\t\t\t\t<a class=\"fusion-rollover-gallery\" href=\"https:\/\/showmotion.it\/wp-content\/uploads\/2021\/11\/ShowMotion_Artikel-Drucker-Griffe-und-Beschlage-stilvoll-ausstellen_Reihe-Ausstellungsoptimierung-GLASWELT.jpeg\" data-id=\"8934\" data-rel=\"iLightbox[gallery]\" data-title=\"ShowMotion_Artikel Dr\u00fccker Griffe und Beschl\u00e4ge stilvoll ausstellen_Reihe Ausstellungsoptimierung GLASWELT\" data-caption=\"Wandtafeln k\u00f6nnen in verschiedenen Gr\u00f6\u00dfen ausgef\u00fchrt werden und fest oder abnehmbar sein.\">\n\t\t\t\t\t\tGallerie\t\t\t\t\t<\/a>\n\t\t\t\t\t\t\t\t\t\t\t\t\t\t\n\t\t\n\t\t\t\t\t\t\t\t\t\t\t\t<h4 class=\"fusion-rollover-title\">\n\t\t\t\t\t<a class=\"fusion-rollover-title-link\" href=\"https:\/\/showmotion.it\/de\/griffe-druecker-und-beschlaege-stilvoll-ausstellen-glaswelt\/\">\n\t\t\t\t\t\tGriffe, Dr\u00fccker und Beschl\u00e4ge stilvoll ausstellen &#8211; GLASWELT\t\t\t\t\t<\/a>\n\t\t\t\t<\/h4>\n\t\t\t\n\t\t\t\t\t\t\t\t\n\t\t\n\t\t\t\t\t\t<a class=\"fusion-link-wrapper\" href=\"https:\/\/showmotion.it\/de\/griffe-druecker-und-beschlaege-stilvoll-ausstellen-glaswelt\/\" aria-label=\"Griffe, Dr\u00fccker und Beschl\u00e4ge stilvoll ausstellen &#8211; GLASWELT\"><\/a>\n\t<\/div>\n<\/div>\n<\/div>\n<\/li>\n\t\t\t\n\t\t\t\n\t\t\t\t\t\t\t\t\t\t\t\t\t\t\t\t\t\t\t\t\t\t\t\t\t\t\t\t\t\t\t\t\t\t\t\t\t\t\t\t\t\t\t\t\t\t\t\t\t\t\t\t\t\t\t\t\t\t\t\t\t\t\t\t\t\t\t\t<\/ul>\n\t<\/div>\n\t<div class=\"fusion-post-content-wrapper\" style=\"padding:30px 25px 20px 25px;\"><div class=\"fusion-post-content post-content\"><h2 class=\"blog-shortcode-post-title entry-title\"><a href=\"https:\/\/showmotion.it\/de\/griffe-druecker-und-beschlaege-stilvoll-ausstellen-glaswelt\/\">Griffe, Dr\u00fccker und Beschl\u00e4ge stilvoll ausstellen &#8211; GLASWELT<\/a><\/h2><div class=\"fusion-content-sep sep-double sep-solid\"><\/div><div class=\"fusion-post-content-container\"><p><\/p><p>T\u00fcrdr\u00fccker, T\u00fcrgriffe, Fenstergriffe, Sto\u00dfgriffe und Beschl\u00e4ge ausstellen Der siebte Artikel der Serie Kundengewinnung durch Ausstellungsoptimierung zeigt auf, wie die optimale Ausstellungspr\u00e4sentation von Griffen, Dr\u00fcckern und Beschl\u00e4gen [...]<\/p><\/div><\/div><div class=\"fusion-meta-info\"><div class=\"fusion-alignleft\"><a class=\"fusion-read-more\" href=\"https:\/\/showmotion.it\/de\/griffe-druecker-und-beschlaege-stilvoll-ausstellen-glaswelt\/\" aria-label=\"More on Griffe, Dr\u00fccker und Beschl\u00e4ge stilvoll ausstellen &#8211; GLASWELT\">Weiterlesen<\/a><\/div><\/div><\/div><div class=\"fusion-clearfix\"><\/div><\/div>\n<\/article>\n<article id=\"blog-1-post-8922\" class=\"fusion-post-grid post-8922 post type-post status-publish format-standard has-post-thumbnail hentry category-news-de\">\n<div class=\"fusion-post-wrapper\" style=\"background-color:rgba(255,255,255,0);border:1px solid #ebeaea;border-bottom-width:3px;\">\n\n\t\t\t<div class=\"fusion-flexslider flexslider fusion-flexslider-loading fusion-post-slideshow\" style=\"border-color:#ebeaea;\">\n\t\t<ul class=\"slides\">\n\t\t\t\n\t\t\t\t\t\t\t\t\t\t\t\t\t\t<li><div  class=\"fusion-image-wrapper\" aria-haspopup=\"true\">\n\t\t\t\t<img loading=\"lazy\" decoding=\"async\" width=\"1600\" height=\"1065\" src=\"https:\/\/showmotion.it\/wp-content\/uploads\/2021\/11\/ShowMotion_Artikel-Farben-fur-die-Gestaltung-der-Innenwande_Reihe-Ausstellungsoptimierung-GLASWELT.jpeg\" class=\"attachment-full size-full lazyload wp-post-image\" alt=\"Farben f\u00fcr die Gestaltung der Innenw\u00e4nde_Artikel von ShowMotion f\u00fcr die Reihe Ausstellungsoptimierung der Fachzeitschrift Glaswelt\" srcset=\"data:image\/svg+xml,%3Csvg%20xmlns%3D%27http%3A%2F%2Fwww.w3.org%2F2000%2Fsvg%27%20width%3D%271600%27%20height%3D%271065%27%20viewBox%3D%270%200%201600%201065%27%3E%3Crect%20width%3D%271600%27%20height%3D%271065%27%20fill-opacity%3D%220%22%2F%3E%3C%2Fsvg%3E\" data-orig-src=\"https:\/\/showmotion.it\/wp-content\/uploads\/2021\/11\/ShowMotion_Artikel-Farben-fur-die-Gestaltung-der-Innenwande_Reihe-Ausstellungsoptimierung-GLASWELT.jpeg\" data-srcset=\"https:\/\/showmotion.it\/wp-content\/uploads\/2021\/11\/ShowMotion_Artikel-Farben-fur-die-Gestaltung-der-Innenwande_Reihe-Ausstellungsoptimierung-GLASWELT-200x133.jpeg 200w, https:\/\/showmotion.it\/wp-content\/uploads\/2021\/11\/ShowMotion_Artikel-Farben-fur-die-Gestaltung-der-Innenwande_Reihe-Ausstellungsoptimierung-GLASWELT-400x266.jpeg 400w, https:\/\/showmotion.it\/wp-content\/uploads\/2021\/11\/ShowMotion_Artikel-Farben-fur-die-Gestaltung-der-Innenwande_Reihe-Ausstellungsoptimierung-GLASWELT-600x399.jpeg 600w, https:\/\/showmotion.it\/wp-content\/uploads\/2021\/11\/ShowMotion_Artikel-Farben-fur-die-Gestaltung-der-Innenwande_Reihe-Ausstellungsoptimierung-GLASWELT-800x533.jpeg 800w, https:\/\/showmotion.it\/wp-content\/uploads\/2021\/11\/ShowMotion_Artikel-Farben-fur-die-Gestaltung-der-Innenwande_Reihe-Ausstellungsoptimierung-GLASWELT-1200x799.jpeg 1200w, https:\/\/showmotion.it\/wp-content\/uploads\/2021\/11\/ShowMotion_Artikel-Farben-fur-die-Gestaltung-der-Innenwande_Reihe-Ausstellungsoptimierung-GLASWELT.jpeg 1600w\" data-sizes=\"auto\" \/><div class=\"fusion-rollover\">\n\t<div class=\"fusion-rollover-content\">\n\n\t\t\t\t\t\t\t\t\t\t\t\t\t\t<a class=\"fusion-rollover-link\" href=\"https:\/\/showmotion.it\/de\/farben-fuer-die-gestaltung-der-innenwaende-glaswelt\/\">Farben f\u00fcr die Gestaltung der Innenw\u00e4nde- GLASWELT<\/a>\n\t\t\t\n\t\t\t\t\t\t\t\t\t\t\t\t\t\t\n\t\t\t\t\t\t\t\t\n\t\t\t\t\t\t\t\t\t\t\t\t\t<div class=\"fusion-rollover-sep\"><\/div>\n\t\t\t\t\n\t\t\t\t\t\t\t\t\t\t\t\t\t\t\t\t\t\t<a class=\"fusion-rollover-gallery\" href=\"https:\/\/showmotion.it\/wp-content\/uploads\/2021\/11\/ShowMotion_Artikel-Farben-fur-die-Gestaltung-der-Innenwande_Reihe-Ausstellungsoptimierung-GLASWELT.jpeg\" data-id=\"8922\" data-rel=\"iLightbox[gallery]\" data-title=\"ShowMotion - Innenw\u00e4nde und Trennw\u00e4nde korrekt gestalten und Farben richtig aussuchen\" data-caption=\"Im sechsten Artikel der Serie Kundengewinnung durch Ausstellungsoptimierung wird auf die Leserfrage eingegangen, mit welchen Farben die Innenw\u00e4nde der Fensterausstellung zu gestalten sind\">\n\t\t\t\t\t\tGallerie\t\t\t\t\t<\/a>\n\t\t\t\t\t\t\t\t\t\t\t\t\t\t\n\t\t\n\t\t\t\t\t\t\t\t\t\t\t\t<h4 class=\"fusion-rollover-title\">\n\t\t\t\t\t<a class=\"fusion-rollover-title-link\" href=\"https:\/\/showmotion.it\/de\/farben-fuer-die-gestaltung-der-innenwaende-glaswelt\/\">\n\t\t\t\t\t\tFarben f\u00fcr die Gestaltung der Innenw\u00e4nde- GLASWELT\t\t\t\t\t<\/a>\n\t\t\t\t<\/h4>\n\t\t\t\n\t\t\t\t\t\t\t\t\n\t\t\n\t\t\t\t\t\t<a class=\"fusion-link-wrapper\" href=\"https:\/\/showmotion.it\/de\/farben-fuer-die-gestaltung-der-innenwaende-glaswelt\/\" aria-label=\"Farben f\u00fcr die Gestaltung der Innenw\u00e4nde- GLASWELT\"><\/a>\n\t<\/div>\n<\/div>\n<\/div>\n<\/li>\n\t\t\t\n\t\t\t\n\t\t\t\t\t\t\t\t\t\t\t\t\t\t\t\t\t\t\t\t\t\t\t\t\t\t\t\t\t\t\t\t\t\t\t\t\t\t\t\t\t\t\t\t\t\t\t\t\t\t\t\t\t\t\t\t\t\t\t\t\t\t\t\t\t\t\t\t<\/ul>\n\t<\/div>\n\t<div class=\"fusion-post-content-wrapper\" style=\"padding:30px 25px 20px 25px;\"><div class=\"fusion-post-content post-content\"><h2 class=\"blog-shortcode-post-title entry-title\"><a href=\"https:\/\/showmotion.it\/de\/farben-fuer-die-gestaltung-der-innenwaende-glaswelt\/\">Farben f\u00fcr die Gestaltung der Innenw\u00e4nde- GLASWELT<\/a><\/h2><div class=\"fusion-content-sep sep-double sep-solid\"><\/div><div class=\"fusion-post-content-container\"><p><\/p><p>Mit welchen Farben die Showroom-Innenw\u00e4nde gestalten Im sechsten Artikel der Serie Kundengewinnung durch Ausstellungsoptimierung wird auf die Leserfrage eingegangen, mit welchen Farben die Innenw\u00e4nde der Fensterausstellung [...]<\/p><\/div><\/div><div class=\"fusion-meta-info\"><div class=\"fusion-alignleft\"><a class=\"fusion-read-more\" href=\"https:\/\/showmotion.it\/de\/farben-fuer-die-gestaltung-der-innenwaende-glaswelt\/\" aria-label=\"More on Farben f\u00fcr die Gestaltung der Innenw\u00e4nde- GLASWELT\">Weiterlesen<\/a><\/div><\/div><\/div><div class=\"fusion-clearfix\"><\/div><\/div>\n<\/article>\n<article id=\"blog-1-post-8909\" class=\"fusion-post-grid post-8909 post type-post status-publish format-standard has-post-thumbnail hentry category-news-de\">\n<div class=\"fusion-post-wrapper\" style=\"background-color:rgba(255,255,255,0);border:1px solid #ebeaea;border-bottom-width:3px;\">\n\n\t\t\t<div class=\"fusion-flexslider flexslider fusion-flexslider-loading fusion-post-slideshow\" style=\"border-color:#ebeaea;\">\n\t\t<ul class=\"slides\">\n\t\t\t\n\t\t\t\t\t\t\t\t\t\t\t\t\t\t<li><div  class=\"fusion-image-wrapper\" aria-haspopup=\"true\">\n\t\t\t\t<img loading=\"lazy\" decoding=\"async\" width=\"1600\" height=\"1067\" src=\"https:\/\/showmotion.it\/wp-content\/uploads\/2021\/11\/ShowMotion_Artikel-Rolle-der-Decke-in-der-Fenster-und-Turenausstellung-_Reihe-Ausstellungsoptimierung-GLASWELT.jpeg\" class=\"attachment-full size-full lazyload wp-post-image\" alt=\"Artikel von ShowMotion: Die Rolle der Decke in der Fenster- und T\u00fcrenausstellung\" srcset=\"data:image\/svg+xml,%3Csvg%20xmlns%3D%27http%3A%2F%2Fwww.w3.org%2F2000%2Fsvg%27%20width%3D%271600%27%20height%3D%271067%27%20viewBox%3D%270%200%201600%201067%27%3E%3Crect%20width%3D%271600%27%20height%3D%271067%27%20fill-opacity%3D%220%22%2F%3E%3C%2Fsvg%3E\" data-orig-src=\"https:\/\/showmotion.it\/wp-content\/uploads\/2021\/11\/ShowMotion_Artikel-Rolle-der-Decke-in-der-Fenster-und-Turenausstellung-_Reihe-Ausstellungsoptimierung-GLASWELT.jpeg\" data-srcset=\"https:\/\/showmotion.it\/wp-content\/uploads\/2021\/11\/ShowMotion_Artikel-Rolle-der-Decke-in-der-Fenster-und-Turenausstellung-_Reihe-Ausstellungsoptimierung-GLASWELT-200x133.jpeg 200w, https:\/\/showmotion.it\/wp-content\/uploads\/2021\/11\/ShowMotion_Artikel-Rolle-der-Decke-in-der-Fenster-und-Turenausstellung-_Reihe-Ausstellungsoptimierung-GLASWELT-400x267.jpeg 400w, https:\/\/showmotion.it\/wp-content\/uploads\/2021\/11\/ShowMotion_Artikel-Rolle-der-Decke-in-der-Fenster-und-Turenausstellung-_Reihe-Ausstellungsoptimierung-GLASWELT-600x400.jpeg 600w, https:\/\/showmotion.it\/wp-content\/uploads\/2021\/11\/ShowMotion_Artikel-Rolle-der-Decke-in-der-Fenster-und-Turenausstellung-_Reihe-Ausstellungsoptimierung-GLASWELT-800x534.jpeg 800w, https:\/\/showmotion.it\/wp-content\/uploads\/2021\/11\/ShowMotion_Artikel-Rolle-der-Decke-in-der-Fenster-und-Turenausstellung-_Reihe-Ausstellungsoptimierung-GLASWELT-1200x800.jpeg 1200w, https:\/\/showmotion.it\/wp-content\/uploads\/2021\/11\/ShowMotion_Artikel-Rolle-der-Decke-in-der-Fenster-und-Turenausstellung-_Reihe-Ausstellungsoptimierung-GLASWELT.jpeg 1600w\" data-sizes=\"auto\" \/><div class=\"fusion-rollover\">\n\t<div class=\"fusion-rollover-content\">\n\n\t\t\t\t\t\t\t\t\t\t\t\t\t\t<a class=\"fusion-rollover-link\" href=\"https:\/\/showmotion.it\/de\/rolle-der-decke-in-der-fenster-und-tuerenausstellung-glaswelt\/\">Rolle der Decke in der Fenster- und T\u00fcrenausstellung &#8211; GLASWELT<\/a>\n\t\t\t\n\t\t\t\t\t\t\t\t\t\t\t\t\t\t\n\t\t\t\t\t\t\t\t\n\t\t\t\t\t\t\t\t\t\t\t\t\t<div class=\"fusion-rollover-sep\"><\/div>\n\t\t\t\t\n\t\t\t\t\t\t\t\t\t\t\t\t\t\t\t\t\t\t<a class=\"fusion-rollover-gallery\" href=\"https:\/\/showmotion.it\/wp-content\/uploads\/2021\/11\/ShowMotion_Artikel-Rolle-der-Decke-in-der-Fenster-und-Turenausstellung-_Reihe-Ausstellungsoptimierung-GLASWELT.jpeg\" data-id=\"8909\" data-rel=\"iLightbox[gallery]\" data-title=\"ShowMotion_Artikel Rolle der Decke in der Fenster- und T\u00fcrenausstellung _Reihe Ausstellungsoptimierung GLASWELT\" data-caption=\"Im f\u00fcnften Artikel der Serie Kundengewinnung durch Ausstellungsoptimierung wird auf die Leserfrage eingegangen, welche Rolle die Decke in der Ausstellung spielt. Es geht um wichtige Tipps und Ratschl\u00e4ge gegeben, damit die Decke der Fensterausstellung und T\u00fcrenausstellung zur Inszenierung der Bauelemente sowie von Beschattungstechnik und Sonnenschutz bestens beitr\u00e4gt.\">\n\t\t\t\t\t\tGallerie\t\t\t\t\t<\/a>\n\t\t\t\t\t\t\t\t\t\t\t\t\t\t\n\t\t\n\t\t\t\t\t\t\t\t\t\t\t\t<h4 class=\"fusion-rollover-title\">\n\t\t\t\t\t<a class=\"fusion-rollover-title-link\" href=\"https:\/\/showmotion.it\/de\/rolle-der-decke-in-der-fenster-und-tuerenausstellung-glaswelt\/\">\n\t\t\t\t\t\tRolle der Decke in der Fenster- und T\u00fcrenausstellung &#8211; GLASWELT\t\t\t\t\t<\/a>\n\t\t\t\t<\/h4>\n\t\t\t\n\t\t\t\t\t\t\t\t\n\t\t\n\t\t\t\t\t\t<a class=\"fusion-link-wrapper\" href=\"https:\/\/showmotion.it\/de\/rolle-der-decke-in-der-fenster-und-tuerenausstellung-glaswelt\/\" aria-label=\"Rolle der Decke in der Fenster- und T\u00fcrenausstellung &#8211; GLASWELT\"><\/a>\n\t<\/div>\n<\/div>\n<\/div>\n<\/li>\n\t\t\t\n\t\t\t\n\t\t\t\t\t\t\t\t\t\t\t\t\t\t\t\t\t\t\t\t\t\t\t\t\t\t\t\t\t\t\t\t\t\t\t\t\t\t\t\t\t\t\t\t\t\t\t\t\t\t\t\t\t\t\t\t\t\t\t\t\t\t\t\t\t\t\t\t<\/ul>\n\t<\/div>\n\t<div class=\"fusion-post-content-wrapper\" style=\"padding:30px 25px 20px 25px;\"><div class=\"fusion-post-content post-content\"><h2 class=\"blog-shortcode-post-title entry-title\"><a href=\"https:\/\/showmotion.it\/de\/rolle-der-decke-in-der-fenster-und-tuerenausstellung-glaswelt\/\">Rolle der Decke in der Fenster- und T\u00fcrenausstellung &#8211; GLASWELT<\/a><\/h2><div class=\"fusion-content-sep sep-double sep-solid\"><\/div><div class=\"fusion-post-content-container\"><p><\/p><p>Die Ausstellungs-Decke richtig gestalten Im f\u00fcnften Artikel der Serie Kundengewinnung durch Ausstellungsoptimierung wird auf die Leserfrage eingegangen, welche Rolle die Decke in der Ausstellung spielt.  [...]<\/p><\/div><\/div><div class=\"fusion-meta-info\"><div class=\"fusion-alignleft\"><a class=\"fusion-read-more\" href=\"https:\/\/showmotion.it\/de\/rolle-der-decke-in-der-fenster-und-tuerenausstellung-glaswelt\/\" aria-label=\"More on Rolle der Decke in der Fenster- und T\u00fcrenausstellung &#8211; GLASWELT\">Weiterlesen<\/a><\/div><\/div><\/div><div class=\"fusion-clearfix\"><\/div><\/div>\n<\/article>\n<article id=\"blog-1-post-8893\" class=\"fusion-post-grid post-8893 post type-post status-publish format-standard has-post-thumbnail hentry category-news-de\">\n<div class=\"fusion-post-wrapper\" style=\"background-color:rgba(255,255,255,0);border:1px solid #ebeaea;border-bottom-width:3px;\">\n\n\t\t\t<div class=\"fusion-flexslider flexslider fusion-flexslider-loading fusion-post-slideshow\" style=\"border-color:#ebeaea;\">\n\t\t<ul class=\"slides\">\n\t\t\t\n\t\t\t\t\t\t\t\t\t\t\t\t\t\t<li><div  class=\"fusion-image-wrapper\" aria-haspopup=\"true\">\n\t\t\t\t<img loading=\"lazy\" decoding=\"async\" width=\"1600\" height=\"1065\" src=\"https:\/\/showmotion.it\/wp-content\/uploads\/2021\/11\/ShowMotion_Artikel-Bildmotive-in-der-Bauelemente-Ausstellung_Reihe-Ausstellungsoptimierung-GLASWELT.jpeg\" class=\"attachment-full size-full lazyload wp-post-image\" alt=\"ShowMotion Bildmotive geh\u00f6ren in die Bauelemente-Ausstellung\" srcset=\"data:image\/svg+xml,%3Csvg%20xmlns%3D%27http%3A%2F%2Fwww.w3.org%2F2000%2Fsvg%27%20width%3D%271600%27%20height%3D%271065%27%20viewBox%3D%270%200%201600%201065%27%3E%3Crect%20width%3D%271600%27%20height%3D%271065%27%20fill-opacity%3D%220%22%2F%3E%3C%2Fsvg%3E\" data-orig-src=\"https:\/\/showmotion.it\/wp-content\/uploads\/2021\/11\/ShowMotion_Artikel-Bildmotive-in-der-Bauelemente-Ausstellung_Reihe-Ausstellungsoptimierung-GLASWELT.jpeg\" data-srcset=\"https:\/\/showmotion.it\/wp-content\/uploads\/2021\/11\/ShowMotion_Artikel-Bildmotive-in-der-Bauelemente-Ausstellung_Reihe-Ausstellungsoptimierung-GLASWELT-200x133.jpeg 200w, https:\/\/showmotion.it\/wp-content\/uploads\/2021\/11\/ShowMotion_Artikel-Bildmotive-in-der-Bauelemente-Ausstellung_Reihe-Ausstellungsoptimierung-GLASWELT-400x266.jpeg 400w, https:\/\/showmotion.it\/wp-content\/uploads\/2021\/11\/ShowMotion_Artikel-Bildmotive-in-der-Bauelemente-Ausstellung_Reihe-Ausstellungsoptimierung-GLASWELT-600x399.jpeg 600w, https:\/\/showmotion.it\/wp-content\/uploads\/2021\/11\/ShowMotion_Artikel-Bildmotive-in-der-Bauelemente-Ausstellung_Reihe-Ausstellungsoptimierung-GLASWELT-800x533.jpeg 800w, https:\/\/showmotion.it\/wp-content\/uploads\/2021\/11\/ShowMotion_Artikel-Bildmotive-in-der-Bauelemente-Ausstellung_Reihe-Ausstellungsoptimierung-GLASWELT-1200x799.jpeg 1200w, https:\/\/showmotion.it\/wp-content\/uploads\/2021\/11\/ShowMotion_Artikel-Bildmotive-in-der-Bauelemente-Ausstellung_Reihe-Ausstellungsoptimierung-GLASWELT.jpeg 1600w\" data-sizes=\"auto\" \/><div class=\"fusion-rollover\">\n\t<div class=\"fusion-rollover-content\">\n\n\t\t\t\t\t\t\t\t\t\t\t\t\t\t<a class=\"fusion-rollover-link\" href=\"https:\/\/showmotion.it\/de\/bildmotive-in-der-bauelemente-ausstellung-glaswelt\/\">Bildmotive in der Bauelemente-Ausstellung &#8211; GLASWELT<\/a>\n\t\t\t\n\t\t\t\t\t\t\t\t\t\t\t\t\t\t\n\t\t\t\t\t\t\t\t\n\t\t\t\t\t\t\t\t\t\t\t\t\t<div class=\"fusion-rollover-sep\"><\/div>\n\t\t\t\t\n\t\t\t\t\t\t\t\t\t\t\t\t\t\t\t\t\t\t<a class=\"fusion-rollover-gallery\" href=\"https:\/\/showmotion.it\/wp-content\/uploads\/2021\/11\/ShowMotion_Artikel-Bildmotive-in-der-Bauelemente-Ausstellung_Reihe-Ausstellungsoptimierung-GLASWELT.jpeg\" data-id=\"8893\" data-rel=\"iLightbox[gallery]\" data-title=\"ShowMotion_Artikel Bildmotive in der Bauelemente-Ausstellung_Reihe Ausstellungsoptimierung GLASWELT\" data-caption=\"Im vierten Artikel der Serie Kundengewinnung durch Ausstellungsoptimierung wird die Rolle von Bildmotiven angegangen. Um Haust\u00fcren, Innent\u00fcren, Fenster und Bauelemente sowie die Beschattung und Sonnenschutz in einer Ausstellung erfolgreich zu verkaufen, ist es wichtig, Atmosph\u00e4re zu schaffen, um dabei positive Emotionen zu wecken.\">\n\t\t\t\t\t\tGallerie\t\t\t\t\t<\/a>\n\t\t\t\t\t\t\t\t\t\t\t\t\t\t\n\t\t\n\t\t\t\t\t\t\t\t\t\t\t\t<h4 class=\"fusion-rollover-title\">\n\t\t\t\t\t<a class=\"fusion-rollover-title-link\" href=\"https:\/\/showmotion.it\/de\/bildmotive-in-der-bauelemente-ausstellung-glaswelt\/\">\n\t\t\t\t\t\tBildmotive in der Bauelemente-Ausstellung &#8211; GLASWELT\t\t\t\t\t<\/a>\n\t\t\t\t<\/h4>\n\t\t\t\n\t\t\t\t\t\t\t\t\n\t\t\n\t\t\t\t\t\t<a class=\"fusion-link-wrapper\" href=\"https:\/\/showmotion.it\/de\/bildmotive-in-der-bauelemente-ausstellung-glaswelt\/\" aria-label=\"Bildmotive in der Bauelemente-Ausstellung &#8211; GLASWELT\"><\/a>\n\t<\/div>\n<\/div>\n<\/div>\n<\/li>\n\t\t\t\n\t\t\t\n\t\t\t\t\t\t\t\t\t\t\t\t\t\t\t\t\t\t\t\t\t\t\t\t\t\t\t\t\t\t\t\t\t\t\t\t\t\t\t\t\t\t\t\t\t\t\t\t\t\t\t\t\t\t\t\t\t\t\t\t\t\t\t\t\t\t\t\t<\/ul>\n\t<\/div>\n\t<div class=\"fusion-post-content-wrapper\" style=\"padding:30px 25px 20px 25px;\"><div class=\"fusion-post-content post-content\"><h2 class=\"blog-shortcode-post-title entry-title\"><a href=\"https:\/\/showmotion.it\/de\/bildmotive-in-der-bauelemente-ausstellung-glaswelt\/\">Bildmotive in der Bauelemente-Ausstellung &#8211; GLASWELT<\/a><\/h2><div class=\"fusion-content-sep sep-double sep-solid\"><\/div><div class=\"fusion-post-content-container\"><p><\/p><p>Bildmotive geh\u00f6ren in eine Bauelemente-Ausstellung Im vierten Artikel der Serie Kundengewinnung durch Ausstellungsoptimierung wird die Rolle von Bildmotiven angegangen.  [\u2026]<\/p>\n<\/div><\/div><div class=\"fusion-meta-info\"><div class=\"fusion-alignleft\"><a class=\"fusion-read-more\" href=\"https:\/\/showmotion.it\/de\/bildmotive-in-der-bauelemente-ausstellung-glaswelt\/\" aria-label=\"More on Bildmotive in der Bauelemente-Ausstellung &#8211; GLASWELT\">Weiterlesen<\/a><\/div><\/div><\/div><div class=\"fusion-clearfix\"><\/div><\/div>\n<\/article>\n<article id=\"blog-1-post-8873\" class=\"fusion-post-grid post-8873 post type-post status-publish format-standard has-post-thumbnail hentry category-news-de\">\n<div class=\"fusion-post-wrapper\" style=\"background-color:rgba(255,255,255,0);border:1px solid #ebeaea;border-bottom-width:3px;\">\n\n\t\t\t<div class=\"fusion-flexslider flexslider fusion-flexslider-loading fusion-post-slideshow\" style=\"border-color:#ebeaea;\">\n\t\t<ul class=\"slides\">\n\t\t\t\n\t\t\t\t\t\t\t\t\t\t\t\t\t\t<li><div  class=\"fusion-image-wrapper\" aria-haspopup=\"true\">\n\t\t\t\t<img loading=\"lazy\" decoding=\"async\" width=\"1600\" height=\"1067\" src=\"https:\/\/showmotion.it\/wp-content\/uploads\/2021\/11\/ShowMotion_Artikel-Auswahl-vom-Fusbodenbelag-fur-die-Ausstellung_Reihe-Ausstellungsoptimierung-GLASWELT.jpeg\" class=\"attachment-full size-full lazyload wp-post-image\" alt=\"ShowMotion | Auswahl vom Fu\u00dfbodenbelag f\u00fcr die Ausstellung von T\u00fcren und Fenstern - Artikel f\u00fcr die Fachzeitschrift Glaswelt\" srcset=\"data:image\/svg+xml,%3Csvg%20xmlns%3D%27http%3A%2F%2Fwww.w3.org%2F2000%2Fsvg%27%20width%3D%271600%27%20height%3D%271067%27%20viewBox%3D%270%200%201600%201067%27%3E%3Crect%20width%3D%271600%27%20height%3D%271067%27%20fill-opacity%3D%220%22%2F%3E%3C%2Fsvg%3E\" data-orig-src=\"https:\/\/showmotion.it\/wp-content\/uploads\/2021\/11\/ShowMotion_Artikel-Auswahl-vom-Fusbodenbelag-fur-die-Ausstellung_Reihe-Ausstellungsoptimierung-GLASWELT.jpeg\" data-srcset=\"https:\/\/showmotion.it\/wp-content\/uploads\/2021\/11\/ShowMotion_Artikel-Auswahl-vom-Fusbodenbelag-fur-die-Ausstellung_Reihe-Ausstellungsoptimierung-GLASWELT-200x133.jpeg 200w, https:\/\/showmotion.it\/wp-content\/uploads\/2021\/11\/ShowMotion_Artikel-Auswahl-vom-Fusbodenbelag-fur-die-Ausstellung_Reihe-Ausstellungsoptimierung-GLASWELT-400x267.jpeg 400w, https:\/\/showmotion.it\/wp-content\/uploads\/2021\/11\/ShowMotion_Artikel-Auswahl-vom-Fusbodenbelag-fur-die-Ausstellung_Reihe-Ausstellungsoptimierung-GLASWELT-600x400.jpeg 600w, https:\/\/showmotion.it\/wp-content\/uploads\/2021\/11\/ShowMotion_Artikel-Auswahl-vom-Fusbodenbelag-fur-die-Ausstellung_Reihe-Ausstellungsoptimierung-GLASWELT-800x534.jpeg 800w, https:\/\/showmotion.it\/wp-content\/uploads\/2021\/11\/ShowMotion_Artikel-Auswahl-vom-Fusbodenbelag-fur-die-Ausstellung_Reihe-Ausstellungsoptimierung-GLASWELT-1200x800.jpeg 1200w, https:\/\/showmotion.it\/wp-content\/uploads\/2021\/11\/ShowMotion_Artikel-Auswahl-vom-Fusbodenbelag-fur-die-Ausstellung_Reihe-Ausstellungsoptimierung-GLASWELT.jpeg 1600w\" data-sizes=\"auto\" \/><div class=\"fusion-rollover\">\n\t<div class=\"fusion-rollover-content\">\n\n\t\t\t\t\t\t\t\t\t\t\t\t\t\t<a class=\"fusion-rollover-link\" href=\"https:\/\/showmotion.it\/de\/auswahl-vom-fussbodenbelag-fuer-die-ausstellung-glaswelt\/\">Auswahl vom Fu\u00dfbodenbelag f\u00fcr die Ausstellung &#8211; GLASWELT<\/a>\n\t\t\t\n\t\t\t\t\t\t\t\t\t\t\t\t\t\t\n\t\t\t\t\t\t\t\t\n\t\t\t\t\t\t\t\t\t\t\t\t\t<div class=\"fusion-rollover-sep\"><\/div>\n\t\t\t\t\n\t\t\t\t\t\t\t\t\t\t\t\t\t\t\t\t\t\t<a class=\"fusion-rollover-gallery\" href=\"https:\/\/showmotion.it\/wp-content\/uploads\/2021\/11\/ShowMotion_Artikel-Auswahl-vom-Fusbodenbelag-fur-die-Ausstellung_Reihe-Ausstellungsoptimierung-GLASWELT.jpeg\" data-id=\"8873\" data-rel=\"iLightbox[gallery]\" data-title=\"ShowMotion_Artikel Auswahl vom Fu\u00dfbodenbelag f\u00fcr die Ausstellung_Reihe Ausstellungsoptimierung GLASWELT\" data-caption=\"Fensteranbieter erhalten wichtige Tipps, um die Auswahl vom richtigen Fu\u00dfbodenbelag zu treffen, um die Pr\u00e4sentation von Haust\u00fcren, T\u00fcren, Fenstern, Innent\u00fcren und allgemein von Bauelementen optimal ins Szene zu setzen. \">\n\t\t\t\t\t\tGallerie\t\t\t\t\t<\/a>\n\t\t\t\t\t\t\t\t\t\t\t\t\t\t\n\t\t\n\t\t\t\t\t\t\t\t\t\t\t\t<h4 class=\"fusion-rollover-title\">\n\t\t\t\t\t<a class=\"fusion-rollover-title-link\" href=\"https:\/\/showmotion.it\/de\/auswahl-vom-fussbodenbelag-fuer-die-ausstellung-glaswelt\/\">\n\t\t\t\t\t\tAuswahl vom Fu\u00dfbodenbelag f\u00fcr die Ausstellung &#8211; GLASWELT\t\t\t\t\t<\/a>\n\t\t\t\t<\/h4>\n\t\t\t\n\t\t\t\t\t\t\t\t\n\t\t\n\t\t\t\t\t\t<a class=\"fusion-link-wrapper\" href=\"https:\/\/showmotion.it\/de\/auswahl-vom-fussbodenbelag-fuer-die-ausstellung-glaswelt\/\" aria-label=\"Auswahl vom Fu\u00dfbodenbelag f\u00fcr die Ausstellung &#8211; GLASWELT\"><\/a>\n\t<\/div>\n<\/div>\n<\/div>\n<\/li>\n\t\t\t\n\t\t\t\n\t\t\t\t\t\t\t\t\t\t\t\t\t\t\t\t\t\t\t\t\t\t\t\t\t\t\t\t\t\t\t\t\t\t\t\t\t\t\t\t\t\t\t\t\t\t\t\t\t\t\t\t\t\t\t\t\t\t\t\t\t\t\t\t\t\t\t\t<\/ul>\n\t<\/div>\n\t<div class=\"fusion-post-content-wrapper\" style=\"padding:30px 25px 20px 25px;\"><div class=\"fusion-post-content post-content\"><h2 class=\"blog-shortcode-post-title entry-title\"><a href=\"https:\/\/showmotion.it\/de\/auswahl-vom-fussbodenbelag-fuer-die-ausstellung-glaswelt\/\">Auswahl vom Fu\u00dfbodenbelag f\u00fcr die Ausstellung &#8211; GLASWELT<\/a><\/h2><div class=\"fusion-content-sep sep-double sep-solid\"><\/div><div class=\"fusion-post-content-container\"><p><\/p><p>Den richtigen Fu\u00dfbodenbelag f\u00fcr die Ausstellung von T\u00fcren und Fenstern Im dritten Artikel der Serie Kundengewinnung durch Ausstellungsoptimierung wird die Fu\u00dfbodenoptik thematisiert.  [\u2026]<\/p>\n<\/div><\/div><div class=\"fusion-meta-info\"><div class=\"fusion-alignleft\"><a class=\"fusion-read-more\" href=\"https:\/\/showmotion.it\/de\/auswahl-vom-fussbodenbelag-fuer-die-ausstellung-glaswelt\/\" aria-label=\"More on Auswahl vom Fu\u00dfbodenbelag f\u00fcr die Ausstellung &#8211; GLASWELT\">Weiterlesen<\/a><\/div><\/div><\/div><div class=\"fusion-clearfix\"><\/div><\/div>\n<\/article>\n<article id=\"blog-1-post-8850\" class=\"fusion-post-grid post-8850 post type-post status-publish format-standard has-post-thumbnail hentry category-news-de\">\n<div class=\"fusion-post-wrapper\" style=\"background-color:rgba(255,255,255,0);border:1px solid #ebeaea;border-bottom-width:3px;\">\n\n\t\t\t<div class=\"fusion-flexslider flexslider fusion-flexslider-loading fusion-post-slideshow\" style=\"border-color:#ebeaea;\">\n\t\t<ul class=\"slides\">\n\t\t\t\n\t\t\t\t\t\t\t\t\t\t\t\t\t\t<li><div  class=\"fusion-image-wrapper\" aria-haspopup=\"true\">\n\t\t\t\t<img loading=\"lazy\" decoding=\"async\" width=\"1600\" height=\"1065\" src=\"https:\/\/showmotion.it\/wp-content\/uploads\/2021\/10\/ShowMotion_Artikel-Musterecken-prasentieren_Reihe-Ausstellungsoptimierung-GLASWELT.jpeg\" class=\"attachment-full size-full lazyload wp-post-image\" alt=\"GLASWELT - Artikel Musterecken pr\u00e4sentieren - Reihe Ausstellungsoptimierung | ShowMotion\" srcset=\"data:image\/svg+xml,%3Csvg%20xmlns%3D%27http%3A%2F%2Fwww.w3.org%2F2000%2Fsvg%27%20width%3D%271600%27%20height%3D%271065%27%20viewBox%3D%270%200%201600%201065%27%3E%3Crect%20width%3D%271600%27%20height%3D%271065%27%20fill-opacity%3D%220%22%2F%3E%3C%2Fsvg%3E\" data-orig-src=\"https:\/\/showmotion.it\/wp-content\/uploads\/2021\/10\/ShowMotion_Artikel-Musterecken-prasentieren_Reihe-Ausstellungsoptimierung-GLASWELT.jpeg\" data-srcset=\"https:\/\/showmotion.it\/wp-content\/uploads\/2021\/10\/ShowMotion_Artikel-Musterecken-prasentieren_Reihe-Ausstellungsoptimierung-GLASWELT-200x133.jpeg 200w, https:\/\/showmotion.it\/wp-content\/uploads\/2021\/10\/ShowMotion_Artikel-Musterecken-prasentieren_Reihe-Ausstellungsoptimierung-GLASWELT-400x266.jpeg 400w, https:\/\/showmotion.it\/wp-content\/uploads\/2021\/10\/ShowMotion_Artikel-Musterecken-prasentieren_Reihe-Ausstellungsoptimierung-GLASWELT-600x399.jpeg 600w, https:\/\/showmotion.it\/wp-content\/uploads\/2021\/10\/ShowMotion_Artikel-Musterecken-prasentieren_Reihe-Ausstellungsoptimierung-GLASWELT-800x533.jpeg 800w, https:\/\/showmotion.it\/wp-content\/uploads\/2021\/10\/ShowMotion_Artikel-Musterecken-prasentieren_Reihe-Ausstellungsoptimierung-GLASWELT-1200x799.jpeg 1200w, https:\/\/showmotion.it\/wp-content\/uploads\/2021\/10\/ShowMotion_Artikel-Musterecken-prasentieren_Reihe-Ausstellungsoptimierung-GLASWELT.jpeg 1600w\" data-sizes=\"auto\" \/><div class=\"fusion-rollover\">\n\t<div class=\"fusion-rollover-content\">\n\n\t\t\t\t\t\t\t\t\t\t\t\t\t\t<a class=\"fusion-rollover-link\" href=\"https:\/\/showmotion.it\/de\/musterecken-praesentieren\/\">Musterecken pr\u00e4sentieren &#8211; GLASWELT<\/a>\n\t\t\t\n\t\t\t\t\t\t\t\t\t\t\t\t\t\t\n\t\t\t\t\t\t\t\t\n\t\t\t\t\t\t\t\t\t\t\t\t\t<div class=\"fusion-rollover-sep\"><\/div>\n\t\t\t\t\n\t\t\t\t\t\t\t\t\t\t\t\t\t\t\t\t\t\t<a class=\"fusion-rollover-gallery\" href=\"https:\/\/showmotion.it\/wp-content\/uploads\/2021\/10\/ShowMotion_Artikel-Musterecken-prasentieren_Reihe-Ausstellungsoptimierung-GLASWELT.jpeg\" data-id=\"8850\" data-rel=\"iLightbox[gallery]\" data-title=\"ShowMotion_Artikel Musterecken pr\u00e4sentieren_Reihe Ausstellungsoptimierung GLASWELT\" data-caption=\"Artikel in der Fachzeitschrift Glaswelt - Musterecken von T\u00fcren und Fenstern richtig pr\u00e4sentieren | ShowMotion\">\n\t\t\t\t\t\tGallerie\t\t\t\t\t<\/a>\n\t\t\t\t\t\t\t\t\t\t\t\t\t\t\n\t\t\n\t\t\t\t\t\t\t\t\t\t\t\t<h4 class=\"fusion-rollover-title\">\n\t\t\t\t\t<a class=\"fusion-rollover-title-link\" href=\"https:\/\/showmotion.it\/de\/musterecken-praesentieren\/\">\n\t\t\t\t\t\tMusterecken pr\u00e4sentieren &#8211; GLASWELT\t\t\t\t\t<\/a>\n\t\t\t\t<\/h4>\n\t\t\t\n\t\t\t\t\t\t\t\t\n\t\t\n\t\t\t\t\t\t<a class=\"fusion-link-wrapper\" href=\"https:\/\/showmotion.it\/de\/musterecken-praesentieren\/\" aria-label=\"Musterecken pr\u00e4sentieren &#8211; GLASWELT\"><\/a>\n\t<\/div>\n<\/div>\n<\/div>\n<\/li>\n\t\t\t\n\t\t\t\n\t\t\t\t\t\t\t\t\t\t\t\t\t\t\t\t\t\t\t\t\t\t\t\t\t\t\t\t\t\t\t\t\t\t\t\t\t\t\t\t\t\t\t\t\t\t\t\t\t\t\t\t\t\t\t\t\t\t\t\t\t\t\t\t\t\t\t\t<\/ul>\n\t<\/div>\n\t<div class=\"fusion-post-content-wrapper\" style=\"padding:30px 25px 20px 25px;\"><div class=\"fusion-post-content post-content\"><h2 class=\"blog-shortcode-post-title entry-title\"><a href=\"https:\/\/showmotion.it\/de\/musterecken-praesentieren\/\">Musterecken pr\u00e4sentieren &#8211; GLASWELT<\/a><\/h2><div class=\"fusion-content-sep sep-double sep-solid\"><\/div><div class=\"fusion-post-content-container\"><p><\/p><p>Musterecken in der Bauelemente-Ausstellung Der Fokus vom zweiten Artikel der Reihe Kundengewinnen durch Ausstellungsoptimierung liegt im Musterecken pr\u00e4sentieren.  [\u2026]<\/p>\n<\/div><\/div><div class=\"fusion-meta-info\"><div class=\"fusion-alignleft\"><a class=\"fusion-read-more\" href=\"https:\/\/showmotion.it\/de\/musterecken-praesentieren\/\" aria-label=\"More on Musterecken pr\u00e4sentieren &#8211; GLASWELT\">Weiterlesen<\/a><\/div><\/div><\/div><div class=\"fusion-clearfix\"><\/div><\/div>\n<\/article>\n<article id=\"blog-1-post-8830\" class=\"fusion-post-grid post-8830 post type-post status-publish format-standard has-post-thumbnail hentry category-news-de\">\n<div class=\"fusion-post-wrapper\" style=\"background-color:rgba(255,255,255,0);border:1px solid #ebeaea;border-bottom-width:3px;\">\n\n\t\t\t<div class=\"fusion-flexslider flexslider fusion-flexslider-loading fusion-post-slideshow\" style=\"border-color:#ebeaea;\">\n\t\t<ul class=\"slides\">\n\t\t\t\n\t\t\t\t\t\t\t\t\t\t\t\t\t\t<li><div  class=\"fusion-image-wrapper\" aria-haspopup=\"true\">\n\t\t\t\t<img loading=\"lazy\" decoding=\"async\" width=\"1600\" height=\"1067\" src=\"https:\/\/showmotion.it\/wp-content\/uploads\/2021\/10\/ShowMotion_Artikel-Beleuchtung-von-Turen-und-Fenstern_Reihe-Ausstellungsoptimierung-GLASWELT.jpeg\" class=\"attachment-full size-full lazyload wp-post-image\" alt=\"Logo Glaswelt ShowMotion Beleuchtung f\u00fcr T\u00fcren und Fenster\" srcset=\"data:image\/svg+xml,%3Csvg%20xmlns%3D%27http%3A%2F%2Fwww.w3.org%2F2000%2Fsvg%27%20width%3D%271600%27%20height%3D%271067%27%20viewBox%3D%270%200%201600%201067%27%3E%3Crect%20width%3D%271600%27%20height%3D%271067%27%20fill-opacity%3D%220%22%2F%3E%3C%2Fsvg%3E\" data-orig-src=\"https:\/\/showmotion.it\/wp-content\/uploads\/2021\/10\/ShowMotion_Artikel-Beleuchtung-von-Turen-und-Fenstern_Reihe-Ausstellungsoptimierung-GLASWELT.jpeg\" data-srcset=\"https:\/\/showmotion.it\/wp-content\/uploads\/2021\/10\/ShowMotion_Artikel-Beleuchtung-von-Turen-und-Fenstern_Reihe-Ausstellungsoptimierung-GLASWELT-200x133.jpeg 200w, https:\/\/showmotion.it\/wp-content\/uploads\/2021\/10\/ShowMotion_Artikel-Beleuchtung-von-Turen-und-Fenstern_Reihe-Ausstellungsoptimierung-GLASWELT-400x267.jpeg 400w, https:\/\/showmotion.it\/wp-content\/uploads\/2021\/10\/ShowMotion_Artikel-Beleuchtung-von-Turen-und-Fenstern_Reihe-Ausstellungsoptimierung-GLASWELT-600x400.jpeg 600w, https:\/\/showmotion.it\/wp-content\/uploads\/2021\/10\/ShowMotion_Artikel-Beleuchtung-von-Turen-und-Fenstern_Reihe-Ausstellungsoptimierung-GLASWELT-800x534.jpeg 800w, https:\/\/showmotion.it\/wp-content\/uploads\/2021\/10\/ShowMotion_Artikel-Beleuchtung-von-Turen-und-Fenstern_Reihe-Ausstellungsoptimierung-GLASWELT-1200x800.jpeg 1200w, https:\/\/showmotion.it\/wp-content\/uploads\/2021\/10\/ShowMotion_Artikel-Beleuchtung-von-Turen-und-Fenstern_Reihe-Ausstellungsoptimierung-GLASWELT.jpeg 1600w\" data-sizes=\"auto\" \/><div class=\"fusion-rollover\">\n\t<div class=\"fusion-rollover-content\">\n\n\t\t\t\t\t\t\t\t\t\t\t\t\t\t<a class=\"fusion-rollover-link\" href=\"https:\/\/showmotion.it\/de\/tueren-fenster-beleuchten-glaswelt\/\">Beleuchtung f\u00fcr T\u00fcren und Fenster &#8211; GLASWELT<\/a>\n\t\t\t\n\t\t\t\t\t\t\t\t\t\t\t\t\t\t\n\t\t\t\t\t\t\t\t\n\t\t\t\t\t\t\t\t\t\t\t\t\t<div class=\"fusion-rollover-sep\"><\/div>\n\t\t\t\t\n\t\t\t\t\t\t\t\t\t\t\t\t\t\t\t\t\t\t<a class=\"fusion-rollover-gallery\" href=\"https:\/\/showmotion.it\/wp-content\/uploads\/2021\/10\/ShowMotion_Artikel-Beleuchtung-von-Turen-und-Fenstern_Reihe-Ausstellungsoptimierung-GLASWELT.jpeg\" data-id=\"8830\" data-rel=\"iLightbox[gallery]\" data-title=\"ShowMotion_Artikel Beleuchtung von T\u00fcren und Fenstern_Reihe Ausstellungsoptimierung GLASWELT\" data-caption=\"Logo Glaswelt ShowMotion Artikel Serie Showroom-Gestaltung Ausstellungsoptimierung Beleuchtung f\u00fcr T\u00fcren und Fenster\">\n\t\t\t\t\t\tGallerie\t\t\t\t\t<\/a>\n\t\t\t\t\t\t\t\t\t\t\t\t\t\t\n\t\t\n\t\t\t\t\t\t\t\t\t\t\t\t<h4 class=\"fusion-rollover-title\">\n\t\t\t\t\t<a class=\"fusion-rollover-title-link\" href=\"https:\/\/showmotion.it\/de\/tueren-fenster-beleuchten-glaswelt\/\">\n\t\t\t\t\t\tBeleuchtung f\u00fcr T\u00fcren und Fenster &#8211; GLASWELT\t\t\t\t\t<\/a>\n\t\t\t\t<\/h4>\n\t\t\t\n\t\t\t\t\t\t\t\t\n\t\t\n\t\t\t\t\t\t<a class=\"fusion-link-wrapper\" href=\"https:\/\/showmotion.it\/de\/tueren-fenster-beleuchten-glaswelt\/\" aria-label=\"Beleuchtung f\u00fcr T\u00fcren und Fenster &#8211; GLASWELT\"><\/a>\n\t<\/div>\n<\/div>\n<\/div>\n<\/li>\n\t\t\t\n\t\t\t\n\t\t\t\t\t\t\t\t\t\t\t\t\t\t\t\t\t\t\t\t\t\t\t\t\t\t\t\t\t\t\t\t\t\t\t\t\t\t\t\t\t\t\t\t\t\t\t\t\t\t\t\t\t\t\t\t\t\t\t\t\t\t\t\t\t\t\t\t<\/ul>\n\t<\/div>\n\t<div class=\"fusion-post-content-wrapper\" style=\"padding:30px 25px 20px 25px;\"><div class=\"fusion-post-content post-content\"><h2 class=\"blog-shortcode-post-title entry-title\"><a href=\"https:\/\/showmotion.it\/de\/tueren-fenster-beleuchten-glaswelt\/\">Beleuchtung f\u00fcr T\u00fcren und Fenster &#8211; GLASWELT<\/a><\/h2><div class=\"fusion-content-sep sep-double sep-solid\"><\/div><div class=\"fusion-post-content-container\"><p><\/p><p>Beleuchtung f\u00fcr T\u00fcren und Fenster in der Bauelemente-Ausstellung Im ersten Artikel der Serie zur optimalen Showroom-Gestaltung wird anhand einer Leserfrage die korrekte Beleuchtung von Haust\u00fcren, T\u00fcren, [...]<\/p><\/div><\/div><div class=\"fusion-meta-info\"><div class=\"fusion-alignleft\"><a class=\"fusion-read-more\" href=\"https:\/\/showmotion.it\/de\/tueren-fenster-beleuchten-glaswelt\/\" aria-label=\"More on Beleuchtung f\u00fcr T\u00fcren und Fenster &#8211; GLASWELT\">Weiterlesen<\/a><\/div><\/div><\/div><div class=\"fusion-clearfix\"><\/div><\/div>\n<\/article>\n<article id=\"blog-1-post-5235\" class=\"fusion-post-grid post-5235 post type-post status-publish format-standard has-post-thumbnail hentry category-news-de\">\n<div class=\"fusion-post-wrapper\" style=\"background-color:rgba(255,255,255,0);border:1px solid #ebeaea;border-bottom-width:3px;\">\n\n\t\t\t<div class=\"fusion-flexslider flexslider fusion-flexslider-loading fusion-post-slideshow\" style=\"border-color:#ebeaea;\">\n\t\t<ul class=\"slides\">\n\t\t\t\n\t\t\t\t\t\t\t\t\t\t\t\t\t\t<li><div  class=\"fusion-image-wrapper\" aria-haspopup=\"true\">\n\t\t\t\t<img loading=\"lazy\" decoding=\"async\" width=\"960\" height=\"640\" src=\"https:\/\/showmotion.it\/wp-content\/uploads\/2020\/11\/ShowMotion_Webinar-Tipps-fuer-Decke-Wand-und-Boden.jpg\" class=\"attachment-full size-full lazyload wp-post-image\" alt=\"\" srcset=\"data:image\/svg+xml,%3Csvg%20xmlns%3D%27http%3A%2F%2Fwww.w3.org%2F2000%2Fsvg%27%20width%3D%27960%27%20height%3D%27640%27%20viewBox%3D%270%200%20960%20640%27%3E%3Crect%20width%3D%27960%27%20height%3D%27640%27%20fill-opacity%3D%220%22%2F%3E%3C%2Fsvg%3E\" data-orig-src=\"https:\/\/showmotion.it\/wp-content\/uploads\/2020\/11\/ShowMotion_Webinar-Tipps-fuer-Decke-Wand-und-Boden.jpg\" data-srcset=\"https:\/\/showmotion.it\/wp-content\/uploads\/2020\/11\/ShowMotion_Webinar-Tipps-fuer-Decke-Wand-und-Boden-200x133.jpg 200w, https:\/\/showmotion.it\/wp-content\/uploads\/2020\/11\/ShowMotion_Webinar-Tipps-fuer-Decke-Wand-und-Boden-400x267.jpg 400w, https:\/\/showmotion.it\/wp-content\/uploads\/2020\/11\/ShowMotion_Webinar-Tipps-fuer-Decke-Wand-und-Boden-600x400.jpg 600w, https:\/\/showmotion.it\/wp-content\/uploads\/2020\/11\/ShowMotion_Webinar-Tipps-fuer-Decke-Wand-und-Boden-800x533.jpg 800w, https:\/\/showmotion.it\/wp-content\/uploads\/2020\/11\/ShowMotion_Webinar-Tipps-fuer-Decke-Wand-und-Boden.jpg 960w\" data-sizes=\"auto\" \/><div class=\"fusion-rollover\">\n\t<div class=\"fusion-rollover-content\">\n\n\t\t\t\t\t\t\t\t\t\t\t\t\t\t<a class=\"fusion-rollover-link\" href=\"https:\/\/showmotion.it\/de\/webinar-tipps-fuer-decke-wand-und-boden-kunden-gewinnen-durch-ausstellungsoptimierung-dauer-1-std\/\">WEBINAR: Tipps f\u00fcr Decke, Wand und Boden &#8211; Kunden gewinnen durch Ausstellungsoptimierung &#8211; Dauer 1 Std &#8211; KOSTENLOS<\/a>\n\t\t\t\n\t\t\t\t\t\t\t\t\t\t\t\t\t\t\n\t\t\t\t\t\t\t\t\n\t\t\t\t\t\t\t\t\t\t\t\t\t<div class=\"fusion-rollover-sep\"><\/div>\n\t\t\t\t\n\t\t\t\t\t\t\t\t\t\t\t\t\t\t\t\t\t\t<a class=\"fusion-rollover-gallery\" href=\"https:\/\/showmotion.it\/wp-content\/uploads\/2020\/11\/ShowMotion_Webinar-Tipps-fuer-Decke-Wand-und-Boden.jpg\" data-id=\"5235\" data-rel=\"iLightbox[gallery]\" data-title=\"ShowMotion_Webinar-Tipps-fuer-Decke-Wand-und-Boden\" data-caption=\"\">\n\t\t\t\t\t\tGallerie\t\t\t\t\t<\/a>\n\t\t\t\t\t\t\t\t\t\t\t\t\t\t\n\t\t\n\t\t\t\t\t\t\t\t\t\t\t\t<h4 class=\"fusion-rollover-title\">\n\t\t\t\t\t<a class=\"fusion-rollover-title-link\" href=\"https:\/\/showmotion.it\/de\/webinar-tipps-fuer-decke-wand-und-boden-kunden-gewinnen-durch-ausstellungsoptimierung-dauer-1-std\/\">\n\t\t\t\t\t\tWEBINAR: Tipps f\u00fcr Decke, Wand und Boden &#8211; Kunden gewinnen durch Ausstellungsoptimierung &#8211; Dauer 1 Std &#8211; KOSTENLOS\t\t\t\t\t<\/a>\n\t\t\t\t<\/h4>\n\t\t\t\n\t\t\t\t\t\t\t\t\n\t\t\n\t\t\t\t\t\t<a class=\"fusion-link-wrapper\" href=\"https:\/\/showmotion.it\/de\/webinar-tipps-fuer-decke-wand-und-boden-kunden-gewinnen-durch-ausstellungsoptimierung-dauer-1-std\/\" aria-label=\"WEBINAR: Tipps f\u00fcr Decke, Wand und Boden &#8211; Kunden gewinnen durch Ausstellungsoptimierung &#8211; Dauer 1 Std &#8211; KOSTENLOS\"><\/a>\n\t<\/div>\n<\/div>\n<\/div>\n<\/li>\n\t\t\t\n\t\t\t\n\t\t\t\t\t\t\t\t\t\t\t\t\t\t\t\t\t\t\t\t\t\t\t\t\t\t\t\t\t\t\t\t\t\t\t\t\t\t\t\t\t\t\t\t\t\t\t\t\t\t\t\t\t\t\t\t\t\t\t\t\t\t\t\t\t\t\t\t<\/ul>\n\t<\/div>\n\t<div class=\"fusion-post-content-wrapper\" style=\"padding:30px 25px 20px 25px;\"><div class=\"fusion-post-content post-content\"><h2 class=\"blog-shortcode-post-title entry-title\"><a href=\"https:\/\/showmotion.it\/de\/webinar-tipps-fuer-decke-wand-und-boden-kunden-gewinnen-durch-ausstellungsoptimierung-dauer-1-std\/\">WEBINAR: Tipps f\u00fcr Decke, Wand und Boden &#8211; Kunden gewinnen durch Ausstellungsoptimierung &#8211; Dauer 1 Std &#8211; KOSTENLOS<\/a><\/h2><div class=\"fusion-content-sep sep-double sep-solid\"><\/div><div class=\"fusion-post-content-container\"><p><\/p><p>W\u00e4hlen Sie Ihren Wunschtermin aus, um sich auf der Plattform ZOOM kostenlos anzumelden.  [\u2026]<\/p>\n<\/div><\/div><div class=\"fusion-meta-info\"><div class=\"fusion-alignleft\"><a class=\"fusion-read-more\" href=\"https:\/\/showmotion.it\/de\/webinar-tipps-fuer-decke-wand-und-boden-kunden-gewinnen-durch-ausstellungsoptimierung-dauer-1-std\/\" aria-label=\"More on WEBINAR: Tipps f\u00fcr Decke, Wand und Boden &#8211; Kunden gewinnen durch Ausstellungsoptimierung &#8211; Dauer 1 Std &#8211; KOSTENLOS\">Weiterlesen<\/a><\/div><\/div><\/div><div class=\"fusion-clearfix\"><\/div><\/div>\n<\/article>\n<article id=\"blog-1-post-4943\" class=\"fusion-post-grid post-4943 post type-post status-publish format-standard has-post-thumbnail hentry category-news-de\">\n<div class=\"fusion-post-wrapper\" style=\"background-color:rgba(255,255,255,0);border:1px solid #ebeaea;border-bottom-width:3px;\">\n\n\t\t\t<div class=\"fusion-flexslider flexslider fusion-flexslider-loading fusion-post-slideshow\" style=\"border-color:#ebeaea;\">\n\t\t<ul class=\"slides\">\n\t\t\t\n\t\t\t\t\t\t\t\t\t\t\t\t\t\t<li><div  class=\"fusion-image-wrapper\" aria-haspopup=\"true\">\n\t\t\t\t<img loading=\"lazy\" decoding=\"async\" width=\"960\" height=\"640\" src=\"https:\/\/showmotion.it\/wp-content\/uploads\/2020\/06\/ShowMotion_Webinar_homepage-2.jpg\" class=\"attachment-full size-full lazyload wp-post-image\" alt=\"\" srcset=\"data:image\/svg+xml,%3Csvg%20xmlns%3D%27http%3A%2F%2Fwww.w3.org%2F2000%2Fsvg%27%20width%3D%27960%27%20height%3D%27640%27%20viewBox%3D%270%200%20960%20640%27%3E%3Crect%20width%3D%27960%27%20height%3D%27640%27%20fill-opacity%3D%220%22%2F%3E%3C%2Fsvg%3E\" data-orig-src=\"https:\/\/showmotion.it\/wp-content\/uploads\/2020\/06\/ShowMotion_Webinar_homepage-2.jpg\" data-srcset=\"https:\/\/showmotion.it\/wp-content\/uploads\/2020\/06\/ShowMotion_Webinar_homepage-2-200x133.jpg 200w, https:\/\/showmotion.it\/wp-content\/uploads\/2020\/06\/ShowMotion_Webinar_homepage-2-400x267.jpg 400w, https:\/\/showmotion.it\/wp-content\/uploads\/2020\/06\/ShowMotion_Webinar_homepage-2-600x400.jpg 600w, https:\/\/showmotion.it\/wp-content\/uploads\/2020\/06\/ShowMotion_Webinar_homepage-2-800x533.jpg 800w, https:\/\/showmotion.it\/wp-content\/uploads\/2020\/06\/ShowMotion_Webinar_homepage-2.jpg 960w\" data-sizes=\"auto\" \/><div class=\"fusion-rollover\">\n\t<div class=\"fusion-rollover-content\">\n\n\t\t\t\t\t\t\t\t\t\t\t\t\t\t<a class=\"fusion-rollover-link\" href=\"https:\/\/showmotion.it\/de\/webinar-kunden-gewinnen-durch-ausstellungsoptimierung-tipps-fuer-die-beleuchtung\/\">WEBINAR: Kunden gewinnen durch Ausstellungsoptimierung &#8211; Tipps f\u00fcr die Beleuchtung &#8211; Dauer 1 Std<\/a>\n\t\t\t\n\t\t\t\t\t\t\t\t\t\t\t\t\t\t\n\t\t\t\t\t\t\t\t\n\t\t\t\t\t\t\t\t\t\t\t\t\t<div class=\"fusion-rollover-sep\"><\/div>\n\t\t\t\t\n\t\t\t\t\t\t\t\t\t\t\t\t\t\t\t\t\t\t<a class=\"fusion-rollover-gallery\" href=\"https:\/\/showmotion.it\/wp-content\/uploads\/2020\/06\/ShowMotion_Webinar_homepage-2.jpg\" data-id=\"4943\" data-rel=\"iLightbox[gallery]\" data-title=\"ShowMotion_Webinar_homepage\" data-caption=\"\">\n\t\t\t\t\t\tGallerie\t\t\t\t\t<\/a>\n\t\t\t\t\t\t\t\t\t\t\t\t\t\t\n\t\t\n\t\t\t\t\t\t\t\t\t\t\t\t<h4 class=\"fusion-rollover-title\">\n\t\t\t\t\t<a class=\"fusion-rollover-title-link\" href=\"https:\/\/showmotion.it\/de\/webinar-kunden-gewinnen-durch-ausstellungsoptimierung-tipps-fuer-die-beleuchtung\/\">\n\t\t\t\t\t\tWEBINAR: Kunden gewinnen durch Ausstellungsoptimierung &#8211; Tipps f\u00fcr die Beleuchtung &#8211; Dauer 1 Std\t\t\t\t\t<\/a>\n\t\t\t\t<\/h4>\n\t\t\t\n\t\t\t\t\t\t\t\t\n\t\t\n\t\t\t\t\t\t<a class=\"fusion-link-wrapper\" href=\"https:\/\/showmotion.it\/de\/webinar-kunden-gewinnen-durch-ausstellungsoptimierung-tipps-fuer-die-beleuchtung\/\" aria-label=\"WEBINAR: Kunden gewinnen durch Ausstellungsoptimierung &#8211; Tipps f\u00fcr die Beleuchtung &#8211; Dauer 1 Std\"><\/a>\n\t<\/div>\n<\/div>\n<\/div>\n<\/li>\n\t\t\t\n\t\t\t\n\t\t\t\t\t\t\t\t\t\t\t\t\t\t\t\t\t\t\t\t\t\t\t\t\t\t\t\t\t\t\t\t\t\t\t\t\t\t\t\t\t\t\t\t\t\t\t\t\t\t\t\t\t\t\t\t\t\t\t\t\t\t\t\t\t\t\t\t<\/ul>\n\t<\/div>\n\t<div class=\"fusion-post-content-wrapper\" style=\"padding:30px 25px 20px 25px;\"><div class=\"fusion-post-content post-content\"><h2 class=\"blog-shortcode-post-title entry-title\"><a href=\"https:\/\/showmotion.it\/de\/webinar-kunden-gewinnen-durch-ausstellungsoptimierung-tipps-fuer-die-beleuchtung\/\">WEBINAR: Kunden gewinnen durch Ausstellungsoptimierung &#8211; Tipps f\u00fcr die Beleuchtung &#8211; Dauer 1 Std<\/a><\/h2><div class=\"fusion-content-sep sep-double sep-solid\"><\/div><div class=\"fusion-post-content-container\"><p><\/p><p>W\u00e4hlen Sie Ihren Wunschtermin aus, um sich auf der Plattform ZOOM kostenlos anzumelden.  [\u2026]<\/p>\n<\/div><\/div><div class=\"fusion-meta-info\"><div class=\"fusion-alignleft\"><a class=\"fusion-read-more\" href=\"https:\/\/showmotion.it\/de\/webinar-kunden-gewinnen-durch-ausstellungsoptimierung-tipps-fuer-die-beleuchtung\/\" aria-label=\"More on WEBINAR: Kunden gewinnen durch Ausstellungsoptimierung &#8211; Tipps f\u00fcr die Beleuchtung &#8211; Dauer 1 Std\">Weiterlesen<\/a><\/div><\/div><\/div><div class=\"fusion-clearfix\"><\/div><\/div>\n<\/article>\n<article id=\"blog-1-post-4674\" class=\"fusion-post-grid post-4674 post type-post status-publish format-standard has-post-thumbnail hentry category-news-de\">\n<div class=\"fusion-post-wrapper\" style=\"background-color:rgba(255,255,255,0);border:1px solid #ebeaea;border-bottom-width:3px;\">\n\n\t\t\t<div class=\"fusion-flexslider flexslider fusion-flexslider-loading fusion-post-slideshow\" style=\"border-color:#ebeaea;\">\n\t\t<ul class=\"slides\">\n\t\t\t\n\t\t\t\t\t\t\t\t\t\t\t\t\t\t<li><div  class=\"fusion-image-wrapper\" aria-haspopup=\"true\">\n\t\t\t\t<img loading=\"lazy\" decoding=\"async\" width=\"960\" height=\"720\" src=\"https:\/\/showmotion.it\/wp-content\/uploads\/2019\/12\/ShowMotion_X-Rego\u0300_espositore-scorrevole-regolabile-per-porte-e-finestre-1.jpg\" class=\"attachment-full size-full lazyload wp-post-image\" alt=\"ShowMotion verstellbares Ausstellungssysteme f\u00fcr T\u00fcren und Fenster\" srcset=\"data:image\/svg+xml,%3Csvg%20xmlns%3D%27http%3A%2F%2Fwww.w3.org%2F2000%2Fsvg%27%20width%3D%27960%27%20height%3D%27720%27%20viewBox%3D%270%200%20960%20720%27%3E%3Crect%20width%3D%27960%27%20height%3D%27720%27%20fill-opacity%3D%220%22%2F%3E%3C%2Fsvg%3E\" data-orig-src=\"https:\/\/showmotion.it\/wp-content\/uploads\/2019\/12\/ShowMotion_X-Rego\u0300_espositore-scorrevole-regolabile-per-porte-e-finestre-1.jpg\" data-srcset=\"https:\/\/showmotion.it\/wp-content\/uploads\/2019\/12\/ShowMotion_X-Rego\u0300_espositore-scorrevole-regolabile-per-porte-e-finestre-1-200x150.jpg 200w, https:\/\/showmotion.it\/wp-content\/uploads\/2019\/12\/ShowMotion_X-Rego\u0300_espositore-scorrevole-regolabile-per-porte-e-finestre-1-400x300.jpg 400w, https:\/\/showmotion.it\/wp-content\/uploads\/2019\/12\/ShowMotion_X-Rego\u0300_espositore-scorrevole-regolabile-per-porte-e-finestre-1-600x450.jpg 600w, https:\/\/showmotion.it\/wp-content\/uploads\/2019\/12\/ShowMotion_X-Rego\u0300_espositore-scorrevole-regolabile-per-porte-e-finestre-1-800x600.jpg 800w, https:\/\/showmotion.it\/wp-content\/uploads\/2019\/12\/ShowMotion_X-Rego\u0300_espositore-scorrevole-regolabile-per-porte-e-finestre-1.jpg 960w\" data-sizes=\"auto\" \/><div class=\"fusion-rollover\">\n\t<div class=\"fusion-rollover-content\">\n\n\t\t\t\t\t\t\t\t\t\t\t\t\t\t<a class=\"fusion-rollover-link\" href=\"https:\/\/showmotion.it\/de\/x-rego-flexibles-ausstellungssystem-fuer-tueren-und-fenster\/\">X Reg\u00f2: Flexibles Ausstellungssystem f\u00fcr T\u00fcren und Fenster<\/a>\n\t\t\t\n\t\t\t\t\t\t\t\t\n\t\t\n\t\t\t\t\t\t\t\t\t\t\t\t<h4 class=\"fusion-rollover-title\">\n\t\t\t\t\t<a class=\"fusion-rollover-title-link\" href=\"https:\/\/showmotion.it\/de\/x-rego-flexibles-ausstellungssystem-fuer-tueren-und-fenster\/\">\n\t\t\t\t\t\tX Reg\u00f2: Flexibles Ausstellungssystem f\u00fcr T\u00fcren und Fenster\t\t\t\t\t<\/a>\n\t\t\t\t<\/h4>\n\t\t\t\n\t\t\t\t\t\t\t\t\n\t\t\n\t\t\t\t\t\t<a class=\"fusion-link-wrapper\" href=\"https:\/\/showmotion.it\/de\/x-rego-flexibles-ausstellungssystem-fuer-tueren-und-fenster\/\" aria-label=\"X Reg\u00f2: Flexibles Ausstellungssystem f\u00fcr T\u00fcren und Fenster\"><\/a>\n\t<\/div>\n<\/div>\n<\/div>\n<\/li>\n\t\t\t\n\t\t\t\n\t\t\t\t\t\t\t\t\t\t\t\t\t\t\t\t\t\t\t\t\t\t\t\t\t\t\t\t\t\t\t\t\t\t\t\t\t\t\t\t\t\t\t\t\t\t\t\t\t\t\t\t\t\t\t\t\t\t\t\t\t\t\t\t\t\t\t\t<\/ul>\n\t<\/div>\n\t<div class=\"fusion-post-content-wrapper\" style=\"padding:30px 25px 20px 25px;\"><div class=\"fusion-post-content post-content\"><h2 class=\"blog-shortcode-post-title entry-title\"><a href=\"https:\/\/showmotion.it\/de\/x-rego-flexibles-ausstellungssystem-fuer-tueren-und-fenster\/\">X Reg\u00f2: Flexibles Ausstellungssystem f\u00fcr T\u00fcren und Fenster<\/a><\/h2><div class=\"fusion-content-sep sep-double sep-solid\"><\/div><div class=\"fusion-post-content-container\"><p><\/p><p>Neues System zur gleichzeitigen Ausstellung von Innent\u00fcren, Hauseingangst\u00fcren und Fenstern unterschiedlicher Breite.  [\u2026]<\/p>\n<\/div><\/div><div class=\"fusion-meta-info\"><div class=\"fusion-alignleft\"><a class=\"fusion-read-more\" href=\"https:\/\/showmotion.it\/de\/x-rego-flexibles-ausstellungssystem-fuer-tueren-und-fenster\/\" aria-label=\"More on X Reg\u00f2: Flexibles Ausstellungssystem f\u00fcr T\u00fcren und Fenster\">Weiterlesen<\/a><\/div><\/div><\/div><div class=\"fusion-clearfix\"><\/div><\/div>\n<\/article>\n<div class=\"fusion-clearfix\"><\/div><\/div><\/div><div class=\"fusion-sep-clear\"><\/div><div class=\"fusion-separator fusion-full-width-sep\" style=\"margin-left: auto;margin-right: auto;margin-bottom:25px;width:100%;\"><\/div><div class=\"fusion-sep-clear\"><\/div><div class=\"fusion-clearfix\"><\/div><\/div><\/div><\/div><\/div><\/p>\n","protected":false},"excerpt":{"rendered":"","protected":false},"author":1,"featured_media":0,"parent":0,"menu_order":0,"comment_status":"closed","ping_status":"closed","template":"100-width.php","meta":{"footnotes":""},"class_list":["post-3279","page","type-page","status-publish","hentry"],"yoast_head":"<!-- This site is optimized with the Yoast SEO plugin v24.6 - https:\/\/yoast.com\/wordpress\/plugins\/seo\/ -->\n<title>News - Showmotion<\/title>\n<meta name=\"description\" content=\"News \u00fcber ShowMotion | Produkte &amp; Dienstleistungen \u2713 Ver\u00f6ffentlichungen &amp; Artikeln auf Fachzeitschriften \u2713 Veranstaltungen &amp; Kooperationen \u2713\" \/>\n<meta name=\"robots\" content=\"index, follow, max-snippet:-1, max-image-preview:large, max-video-preview:-1\" \/>\n<link rel=\"canonical\" href=\"https:\/\/showmotion.it\/de\/news\/\" \/>\n<meta property=\"og:locale\" content=\"de_DE\" \/>\n<meta property=\"og:type\" content=\"article\" \/>\n<meta property=\"og:title\" content=\"News - Showmotion\" \/>\n<meta property=\"og:description\" content=\"News \u00fcber ShowMotion | Produkte &amp; Dienstleistungen \u2713 Ver\u00f6ffentlichungen &amp; Artikeln auf Fachzeitschriften \u2713 Veranstaltungen &amp; Kooperationen \u2713\" \/>\n<meta property=\"og:url\" content=\"https:\/\/showmotion.it\/de\/news\/\" \/>\n<meta property=\"og:site_name\" content=\"Showmotion\" \/>\n<meta property=\"article:publisher\" content=\"https:\/\/www.facebook.com\/showmotion.it\/\" \/>\n<meta property=\"article:modified_time\" content=\"2022-12-07T16:27:06+00:00\" \/>\n<meta name=\"twitter:card\" content=\"summary_large_image\" \/>\n<meta name=\"twitter:label1\" content=\"Gesch\u00e4tzte Lesezeit\" \/>\n\t<meta name=\"twitter:data1\" content=\"3\u00a0Minuten\" \/>\n<script type=\"application\/ld+json\" class=\"yoast-schema-graph\">{\"@context\":\"https:\/\/schema.org\",\"@graph\":[{\"@type\":\"WebPage\",\"@id\":\"https:\/\/showmotion.it\/de\/news\/\",\"url\":\"https:\/\/showmotion.it\/de\/news\/\",\"name\":\"News - Showmotion\",\"isPartOf\":{\"@id\":\"https:\/\/showmotion.it\/de\/#website\"},\"datePublished\":\"2019-12-11T11:22:31+00:00\",\"dateModified\":\"2022-12-07T16:27:06+00:00\",\"description\":\"News \u00fcber ShowMotion | Produkte & Dienstleistungen \u2713 Ver\u00f6ffentlichungen & Artikeln auf Fachzeitschriften \u2713 Veranstaltungen & Kooperationen \u2713\",\"breadcrumb\":{\"@id\":\"https:\/\/showmotion.it\/de\/news\/#breadcrumb\"},\"inLanguage\":\"de\",\"potentialAction\":[{\"@type\":\"ReadAction\",\"target\":[\"https:\/\/showmotion.it\/de\/news\/\"]}]},{\"@type\":\"BreadcrumbList\",\"@id\":\"https:\/\/showmotion.it\/de\/news\/#breadcrumb\",\"itemListElement\":[{\"@type\":\"ListItem\",\"position\":1,\"name\":\"Home\",\"item\":\"https:\/\/showmotion.it\/de\/\"},{\"@type\":\"ListItem\",\"position\":2,\"name\":\"News\"}]},{\"@type\":\"WebSite\",\"@id\":\"https:\/\/showmotion.it\/de\/#website\",\"url\":\"https:\/\/showmotion.it\/de\/\",\"name\":\"Showmotion\",\"description\":\"Ogni showroom un&#039;emozione\",\"publisher\":{\"@id\":\"https:\/\/showmotion.it\/de\/#organization\"},\"potentialAction\":[{\"@type\":\"SearchAction\",\"target\":{\"@type\":\"EntryPoint\",\"urlTemplate\":\"https:\/\/showmotion.it\/de\/?s={search_term_string}\"},\"query-input\":{\"@type\":\"PropertyValueSpecification\",\"valueRequired\":true,\"valueName\":\"search_term_string\"}}],\"inLanguage\":\"de\"},{\"@type\":\"Organization\",\"@id\":\"https:\/\/showmotion.it\/de\/#organization\",\"name\":\"ShowMotion\",\"url\":\"https:\/\/showmotion.it\/de\/\",\"logo\":{\"@type\":\"ImageObject\",\"inLanguage\":\"de\",\"@id\":\"https:\/\/showmotion.it\/de\/#\/schema\/logo\/image\/\",\"url\":\"https:\/\/showmotion.it\/wp-content\/uploads\/2021\/01\/logo.png\",\"contentUrl\":\"https:\/\/showmotion.it\/wp-content\/uploads\/2021\/01\/logo.png\",\"width\":272,\"height\":67,\"caption\":\"ShowMotion\"},\"image\":{\"@id\":\"https:\/\/showmotion.it\/de\/#\/schema\/logo\/image\/\"},\"sameAs\":[\"https:\/\/www.facebook.com\/showmotion.it\/\",\"https:\/\/www.linkedin.com\/company\/showmotion-it\/\"]}]}<\/script>\n<!-- \/ Yoast SEO plugin. -->","yoast_head_json":{"title":"News - Showmotion","description":"News \u00fcber ShowMotion | Produkte & Dienstleistungen \u2713 Ver\u00f6ffentlichungen & Artikeln auf Fachzeitschriften \u2713 Veranstaltungen & Kooperationen \u2713","robots":{"index":"index","follow":"follow","max-snippet":"max-snippet:-1","max-image-preview":"max-image-preview:large","max-video-preview":"max-video-preview:-1"},"canonical":"https:\/\/showmotion.it\/de\/news\/","og_locale":"de_DE","og_type":"article","og_title":"News - Showmotion","og_description":"News \u00fcber ShowMotion | Produkte & Dienstleistungen \u2713 Ver\u00f6ffentlichungen & Artikeln auf Fachzeitschriften \u2713 Veranstaltungen & Kooperationen \u2713","og_url":"https:\/\/showmotion.it\/de\/news\/","og_site_name":"Showmotion","article_publisher":"https:\/\/www.facebook.com\/showmotion.it\/","article_modified_time":"2022-12-07T16:27:06+00:00","twitter_card":"summary_large_image","twitter_misc":{"Gesch\u00e4tzte Lesezeit":"3\u00a0Minuten"},"schema":{"@context":"https:\/\/schema.org","@graph":[{"@type":"WebPage","@id":"https:\/\/showmotion.it\/de\/news\/","url":"https:\/\/showmotion.it\/de\/news\/","name":"News - Showmotion","isPartOf":{"@id":"https:\/\/showmotion.it\/de\/#website"},"datePublished":"2019-12-11T11:22:31+00:00","dateModified":"2022-12-07T16:27:06+00:00","description":"News \u00fcber ShowMotion | Produkte & Dienstleistungen \u2713 Ver\u00f6ffentlichungen & Artikeln auf Fachzeitschriften \u2713 Veranstaltungen & Kooperationen \u2713","breadcrumb":{"@id":"https:\/\/showmotion.it\/de\/news\/#breadcrumb"},"inLanguage":"de","potentialAction":[{"@type":"ReadAction","target":["https:\/\/showmotion.it\/de\/news\/"]}]},{"@type":"BreadcrumbList","@id":"https:\/\/showmotion.it\/de\/news\/#breadcrumb","itemListElement":[{"@type":"ListItem","position":1,"name":"Home","item":"https:\/\/showmotion.it\/de\/"},{"@type":"ListItem","position":2,"name":"News"}]},{"@type":"WebSite","@id":"https:\/\/showmotion.it\/de\/#website","url":"https:\/\/showmotion.it\/de\/","name":"Showmotion","description":"Ogni showroom un&#039;emozione","publisher":{"@id":"https:\/\/showmotion.it\/de\/#organization"},"potentialAction":[{"@type":"SearchAction","target":{"@type":"EntryPoint","urlTemplate":"https:\/\/showmotion.it\/de\/?s={search_term_string}"},"query-input":{"@type":"PropertyValueSpecification","valueRequired":true,"valueName":"search_term_string"}}],"inLanguage":"de"},{"@type":"Organization","@id":"https:\/\/showmotion.it\/de\/#organization","name":"ShowMotion","url":"https:\/\/showmotion.it\/de\/","logo":{"@type":"ImageObject","inLanguage":"de","@id":"https:\/\/showmotion.it\/de\/#\/schema\/logo\/image\/","url":"https:\/\/showmotion.it\/wp-content\/uploads\/2021\/01\/logo.png","contentUrl":"https:\/\/showmotion.it\/wp-content\/uploads\/2021\/01\/logo.png","width":272,"height":67,"caption":"ShowMotion"},"image":{"@id":"https:\/\/showmotion.it\/de\/#\/schema\/logo\/image\/"},"sameAs":["https:\/\/www.facebook.com\/showmotion.it\/","https:\/\/www.linkedin.com\/company\/showmotion-it\/"]}]}},"_links":{"self":[{"href":"https:\/\/showmotion.it\/de\/wp-json\/wp\/v2\/pages\/3279","targetHints":{"allow":["GET"]}}],"collection":[{"href":"https:\/\/showmotion.it\/de\/wp-json\/wp\/v2\/pages"}],"about":[{"href":"https:\/\/showmotion.it\/de\/wp-json\/wp\/v2\/types\/page"}],"author":[{"embeddable":true,"href":"https:\/\/showmotion.it\/de\/wp-json\/wp\/v2\/users\/1"}],"replies":[{"embeddable":true,"href":"https:\/\/showmotion.it\/de\/wp-json\/wp\/v2\/comments?post=3279"}],"version-history":[{"count":6,"href":"https:\/\/showmotion.it\/de\/wp-json\/wp\/v2\/pages\/3279\/revisions"}],"predecessor-version":[{"id":4899,"href":"https:\/\/showmotion.it\/de\/wp-json\/wp\/v2\/pages\/3279\/revisions\/4899"}],"wp:attachment":[{"href":"https:\/\/showmotion.it\/de\/wp-json\/wp\/v2\/media?parent=3279"}],"curies":[{"name":"wp","href":"https:\/\/api.w.org\/{rel}","templated":true}]}}