{"id":3273,"date":"2019-04-16T06:42:21","date_gmt":"2019-04-16T06:42:21","guid":{"rendered":"https:\/\/showmotion.it\/referenze\/"},"modified":"2020-10-07T16:18:09","modified_gmt":"2020-10-07T16:18:09","slug":"referenzen","status":"publish","type":"page","link":"https:\/\/showmotion.it\/de\/referenzen\/","title":{"rendered":"Referenzen"},"content":{"rendered":"<p><div class=\"fusion-bg-parallax\" data-bg-align=\"center center\" data-direction=\"up\" data-mute=\"false\" data-opacity=\"100\" data-velocity=\"-0.3\" data-mobile-enabled=\"true\" data-break_parents=\"0\" data-bg-image=\"https:\/\/showmotion.it\/wp-content\/uploads\/2019\/02\/0171_MOD.jpg\" data-bg-repeat=\"false\" data-bg-color=\"rgba(0,0,0,0.53)\" data-blend-mode=\"overlay\" ><\/div><div class=\"fusion-fullwidth fullwidth-box fusion-builder-row-1 fusion-parallax-up nonhundred-percent-fullwidth non-hundred-percent-height-scrolling lazyload\" style=\"--awb-background-blend-mode:overlay;--awb-border-radius-top-left:0px;--awb-border-radius-top-right:0px;--awb-border-radius-bottom-right:0px;--awb-border-radius-bottom-left:0px;--awb-padding-top:120px;--awb-padding-bottom:120px;--awb-background-color:rgba(0,0,0,0.53);--awb-background-size:cover;--awb-flex-wrap:wrap;\" data-bg=\"https:\/\/showmotion.it\/wp-content\/uploads\/2019\/02\/0171_MOD.jpg\" ><div class=\"fusion-builder-row fusion-row\"><div class=\"fusion-layout-column fusion_builder_column fusion-builder-column-0 fusion_builder_column_1_1 1_1 fusion-one-full fusion-column-first fusion-column-last\" style=\"--awb-bg-size:cover;\"><div class=\"fusion-column-wrapper fusion-flex-column-wrapper-legacy\"><div class=\"fusion-sep-clear\"><\/div><div class=\"fusion-separator fusion-full-width-sep\" style=\"margin-left: auto;margin-right: auto;margin-top:30px;margin-bottom:0px;width:100%;\"><\/div><div class=\"fusion-sep-clear\"><\/div><div class=\"fusion-title title fusion-title-1 fusion-sep-none fusion-title-text fusion-title-size-one shadow-black\"><h1 class=\"fusion-title-heading title-heading-left fusion-responsive-typography-calculated\" style=\"margin:0;--fontSize:60;line-height:1.33;\"><p style=\"text-align: left;\">Referenzen<\/p><\/h1><\/div><div class=\"fusion-clearfix\"><\/div><\/div><\/div><\/div><\/div><div class=\"fusion-fullwidth fullwidth-box fusion-builder-row-2 nonhundred-percent-fullwidth non-hundred-percent-height-scrolling\" style=\"--awb-border-radius-top-left:0px;--awb-border-radius-top-right:0px;--awb-border-radius-bottom-right:0px;--awb-border-radius-bottom-left:0px;--awb-padding-top:40px;--awb-padding-bottom:40px;--awb-background-color:#f7f7f7;--awb-flex-wrap:wrap;\" ><div class=\"fusion-builder-row fusion-row\"><div class=\"fusion-layout-column fusion_builder_column fusion-builder-column-1 fusion_builder_column_1_1 1_1 fusion-one-full fusion-column-first fusion-column-last\" style=\"--awb-padding-right:30px;--awb-padding-left:30px;--awb-bg-size:cover;\"><div class=\"fusion-column-wrapper fusion-flex-column-wrapper-legacy\"><div class=\"fusion-text fusion-text-1\"><h3>Projekte nach Warengruppe sortieren<\/h3>\n\n\t\t\t\t<form action=\"\" method=\"post\" class=\"searchandfilter sel\">\n\t\t\t\t\t<div><ul><li><h4>Tags<\/h4><select multiple=\"multiple\" name=\"ofpost_tag[]\" class=\"postform\">\t<option class=\"level-0\" value='201' >Andere Sektoren<\/option>\n<\/option>\n\t<option class=\"level-0\" value='205' >Bauelemente Haust\u00fcren Fenster Tore<\/option>\n<\/option>\n\t<option class=\"level-0\" value='209' >Fliesen und Platten<\/option>\n<\/option>\n\t<option class=\"level-0\" value='211' >GaLaBau<\/option>\n<\/option>\n\t<option class=\"level-0\" value='206' >Holzboden Parkett Vinyl Laminat Kork<\/option>\n<\/option>\n\t<option class=\"level-0\" value='207' >Innent\u00fcren Zimmert\u00fcren<\/option>\n<\/option>\n\t<option class=\"level-0\" value='208' >Kamine und \u00d6fen<\/option>\n<\/option>\n\t<option class=\"level-0\" value='210' >K\u00fcchen<\/option>\n<\/option>\n\t<option class=\"level-0\" value='212' >Naturstein Outdoor-Fliesen<\/option>\n<\/option>\n\t<option class=\"level-0\" value='213' >Sanit\u00e4r Badm\u00f6bel<\/option>\n<\/option>\n<\/select><input type=\"hidden\" name=\"ofpost_tag_operator\" value=\"or\" \/><\/li><li><input type=\"hidden\" name=\"ofsubmitted\" value=\"1\"><input type=\"submit\" value=\"Filter anwenden\"><\/li><\/ul><\/div><\/form>\n<\/div><div class=\"fusion-clearfix\"><\/div><\/div><\/div><\/div><\/div><div class=\"fusion-fullwidth fullwidth-box fusion-builder-row-3 nonhundred-percent-fullwidth non-hundred-percent-height-scrolling\" style=\"--awb-border-radius-top-left:0px;--awb-border-radius-top-right:0px;--awb-border-radius-bottom-right:0px;--awb-border-radius-bottom-left:0px;--awb-margin-top:60px;--awb-flex-wrap:wrap;\" ><div class=\"fusion-builder-row fusion-row\"><div class=\"fusion-layout-column fusion_builder_column fusion-builder-column-2 fusion_builder_column_1_1 1_1 fusion-one-full fusion-column-first fusion-column-last\" style=\"--awb-bg-size:cover;\"><div class=\"fusion-column-wrapper fusion-flex-column-wrapper-legacy\"><div class=\"fusion-blog-shortcode fusion-blog-shortcode-1 fusion-blog-archive fusion-blog-layout-grid-wrapper fusion-blog-no\"><style type=\"text\/css\">.fusion-blog-shortcode-1 .fusion-blog-layout-grid .fusion-post-grid{padding:20px;}.fusion-blog-shortcode-1 .fusion-posts-container{margin-left: -20px !important; margin-right:-20px !important;}<\/style><div class=\"fusion-posts-container fusion-posts-container-no fusion-blog-rollover fusion-blog-layout-grid fusion-blog-layout-grid-3 isotope fusion-blog-equal-heights\" data-pages=\"0\" data-grid-col-space=\"40\" style=\"margin: -20px -20px 0;min-height:500px;\"><article id=\"blog-1-post-4340\" class=\"fusion-post-grid post-4340 post type-post status-publish format-standard has-post-thumbnail hentry category-referenzen tag-bauelemente-hausturen-fenster-tore tag-holzboden-parkett-vinyl-laminat-kork tag-innentueren-zimmertueren\">\n<div class=\"fusion-post-wrapper\" style=\"background-color:rgba(255,255,255,0);border:1px solid #ebeaea;border-bottom-width:3px;\">\n\n\t\t\t<div class=\"fusion-flexslider flexslider fusion-flexslider-loading fusion-post-slideshow\" style=\"border-color:#ebeaea;\">\n\t\t<ul class=\"slides\">\n\t\t\t\n\t\t\t\t\t\t\t\t\t\t\t\t\t\t<li><div  class=\"fusion-image-wrapper\" aria-haspopup=\"true\">\n\t\t\t\t<img fetchpriority=\"high\" decoding=\"async\" width=\"970\" height=\"647\" src=\"https:\/\/showmotion.it\/wp-content\/uploads\/2020\/03\/THUMBNAIL-herzog-bau_Ausstellungssysteme-fur-Parkett-und-Holzboden.jpg\" class=\"attachment-full size-full lazyload wp-post-image\" alt=\"Herzog Bau GmbH Ausstellungssysteme f\u00fcr Parkett Ausstellungssysteme f\u00fcr T\u00fcren und Fenster. ShowMotion\" srcset=\"data:image\/svg+xml,%3Csvg%20xmlns%3D%27http%3A%2F%2Fwww.w3.org%2F2000%2Fsvg%27%20width%3D%27970%27%20height%3D%27647%27%20viewBox%3D%270%200%20970%20647%27%3E%3Crect%20width%3D%27970%27%20height%3D%27647%27%20fill-opacity%3D%220%22%2F%3E%3C%2Fsvg%3E\" data-orig-src=\"https:\/\/showmotion.it\/wp-content\/uploads\/2020\/03\/THUMBNAIL-herzog-bau_Ausstellungssysteme-fur-Parkett-und-Holzboden.jpg\" data-srcset=\"https:\/\/showmotion.it\/wp-content\/uploads\/2020\/03\/THUMBNAIL-herzog-bau_Ausstellungssysteme-fur-Parkett-und-Holzboden-200x133.jpg 200w, https:\/\/showmotion.it\/wp-content\/uploads\/2020\/03\/THUMBNAIL-herzog-bau_Ausstellungssysteme-fur-Parkett-und-Holzboden-400x267.jpg 400w, https:\/\/showmotion.it\/wp-content\/uploads\/2020\/03\/THUMBNAIL-herzog-bau_Ausstellungssysteme-fur-Parkett-und-Holzboden-600x400.jpg 600w, https:\/\/showmotion.it\/wp-content\/uploads\/2020\/03\/THUMBNAIL-herzog-bau_Ausstellungssysteme-fur-Parkett-und-Holzboden-800x534.jpg 800w, https:\/\/showmotion.it\/wp-content\/uploads\/2020\/03\/THUMBNAIL-herzog-bau_Ausstellungssysteme-fur-Parkett-und-Holzboden.jpg 970w\" data-sizes=\"auto\" \/><div class=\"fusion-rollover\">\n\t<div class=\"fusion-rollover-content\">\n\n\t\t\t\t\t\t\t\t\t\t\t\t\t\t<a class=\"fusion-rollover-link\" href=\"https:\/\/showmotion.it\/de\/referenzen-herzog-bau\/\">Herzog Bau<\/a>\n\t\t\t\n\t\t\t\t\t\t\t\t\t\t\t\t\t\t\n\t\t\t\t\t\t\t\t\n\t\t\t\t\t\t\t\t\t\t\t\t\t<div class=\"fusion-rollover-sep\"><\/div>\n\t\t\t\t\n\t\t\t\t\t\t\t\t\t\t\t\t\t\t\t\t\t\t<a class=\"fusion-rollover-gallery\" href=\"https:\/\/showmotion.it\/wp-content\/uploads\/2020\/03\/THUMBNAIL-herzog-bau_Ausstellungssysteme-fur-Parkett-und-Holzboden.jpg\" data-id=\"4340\" data-rel=\"iLightbox[gallery]\" data-title=\"THUMBNAIL-herzog bau_Ausstellungssysteme f\u00fcr Parkett und Holzb\u00f6den\" data-caption=\"Ausstellung Herzog Bau GmbH. Einrichtung,. Ausstellungssysteme f\u00fcr Parkett und Holzb\u00f6den. Ausstellungssysteme f\u00fcr T\u00fcren und Fenster. von ShowMotion geplant und realisiert.\">\n\t\t\t\t\t\tGallerie\t\t\t\t\t<\/a>\n\t\t\t\t\t\t\t\t\t\t\t\t\t\t\n\t\t\n\t\t\t\t\t\t\t\t\t\t\t\t<h4 class=\"fusion-rollover-title\">\n\t\t\t\t\t<a class=\"fusion-rollover-title-link\" href=\"https:\/\/showmotion.it\/de\/referenzen-herzog-bau\/\">\n\t\t\t\t\t\tHerzog Bau\t\t\t\t\t<\/a>\n\t\t\t\t<\/h4>\n\t\t\t\n\t\t\t\t\t\t\t\t\n\t\t\n\t\t\t\t\t\t<a class=\"fusion-link-wrapper\" href=\"https:\/\/showmotion.it\/de\/referenzen-herzog-bau\/\" aria-label=\"Herzog Bau\"><\/a>\n\t<\/div>\n<\/div>\n<\/div>\n<\/li>\n\t\t\t\n\t\t\t\n\t\t\t\t\t\t\t\t\t\t\t\t\t\t\t\t\t\t\t\t\t\t\t\t\t\t\t\t\t\t\t\t\t\t\t\t\t\t\t\t\t\t\t\t\t\t\t\t\t\t\t\t\t\t\t\t\t\t\t\t\t\t\t\t\t\t\t\t<\/ul>\n\t<\/div>\n\t<div class=\"fusion-post-content-wrapper\" style=\"padding:30px 25px 20px 25px;\"><div class=\"fusion-post-content post-content\"><h2 class=\"blog-shortcode-post-title entry-title\"><a href=\"https:\/\/showmotion.it\/de\/referenzen-herzog-bau\/\">Herzog Bau<\/a><\/h2><div class=\"fusion-content-sep sep-double sep-solid\"><\/div><div class=\"fusion-post-content-container\"><p>              Standort: Erlangen, Bayern, Deutschland   Designer: Alan Rinaldi -\u00a0www.materico.biz     Die Herzog Bau GmbH ist ein junges Unternehmen, das sich mit der [...]<\/p><\/div><\/div><div class=\"fusion-meta-info\"><div class=\"fusion-alignleft\"><a class=\"fusion-read-more\" href=\"https:\/\/showmotion.it\/de\/referenzen-herzog-bau\/\" aria-label=\"More on Herzog Bau\">Weiterlesen<\/a><\/div><\/div><\/div><div class=\"fusion-clearfix\"><\/div><\/div>\n<\/article>\n<article id=\"blog-1-post-4358\" class=\"fusion-post-grid post-4358 post type-post status-publish format-standard has-post-thumbnail hentry category-referenzen tag-fliesen-und-platten\">\n<div class=\"fusion-post-wrapper\" style=\"background-color:rgba(255,255,255,0);border:1px solid #ebeaea;border-bottom-width:3px;\">\n\n\t\t\t<div class=\"fusion-flexslider flexslider fusion-flexslider-loading fusion-post-slideshow\" style=\"border-color:#ebeaea;\">\n\t\t<ul class=\"slides\">\n\t\t\t\n\t\t\t\t\t\t\t\t\t\t\t\t\t\t<li><div  class=\"fusion-image-wrapper\" aria-haspopup=\"true\">\n\t\t\t\t<img decoding=\"async\" width=\"970\" height=\"623\" src=\"https:\/\/showmotion.it\/wp-content\/uploads\/2019\/11\/ShowMotion_KERAMA-MARAZZI_showroom-Malino_Fliesen-ceramic-tiles-piastrelle-ceramiche_2.jpg\" class=\"attachment-full size-full lazyload wp-post-image\" alt=\"\" srcset=\"data:image\/svg+xml,%3Csvg%20xmlns%3D%27http%3A%2F%2Fwww.w3.org%2F2000%2Fsvg%27%20width%3D%27970%27%20height%3D%27623%27%20viewBox%3D%270%200%20970%20623%27%3E%3Crect%20width%3D%27970%27%20height%3D%27623%27%20fill-opacity%3D%220%22%2F%3E%3C%2Fsvg%3E\" data-orig-src=\"https:\/\/showmotion.it\/wp-content\/uploads\/2019\/11\/ShowMotion_KERAMA-MARAZZI_showroom-Malino_Fliesen-ceramic-tiles-piastrelle-ceramiche_2.jpg\" data-srcset=\"https:\/\/showmotion.it\/wp-content\/uploads\/2019\/11\/ShowMotion_KERAMA-MARAZZI_showroom-Malino_Fliesen-ceramic-tiles-piastrelle-ceramiche_2-200x128.jpg 200w, https:\/\/showmotion.it\/wp-content\/uploads\/2019\/11\/ShowMotion_KERAMA-MARAZZI_showroom-Malino_Fliesen-ceramic-tiles-piastrelle-ceramiche_2-400x257.jpg 400w, https:\/\/showmotion.it\/wp-content\/uploads\/2019\/11\/ShowMotion_KERAMA-MARAZZI_showroom-Malino_Fliesen-ceramic-tiles-piastrelle-ceramiche_2-600x385.jpg 600w, https:\/\/showmotion.it\/wp-content\/uploads\/2019\/11\/ShowMotion_KERAMA-MARAZZI_showroom-Malino_Fliesen-ceramic-tiles-piastrelle-ceramiche_2-800x514.jpg 800w, https:\/\/showmotion.it\/wp-content\/uploads\/2019\/11\/ShowMotion_KERAMA-MARAZZI_showroom-Malino_Fliesen-ceramic-tiles-piastrelle-ceramiche_2.jpg 970w\" data-sizes=\"auto\" \/><div class=\"fusion-rollover\">\n\t<div class=\"fusion-rollover-content\">\n\n\t\t\t\t\t\t\t\t\t\t\t\t\t\t<a class=\"fusion-rollover-link\" href=\"https:\/\/showmotion.it\/de\/marazzi-malino\/\">Marazzi Malino<\/a>\n\t\t\t\n\t\t\t\t\t\t\t\t\t\t\t\t\t\t\n\t\t\t\t\t\t\t\t\n\t\t\t\t\t\t\t\t\t\t\t\t\t<div class=\"fusion-rollover-sep\"><\/div>\n\t\t\t\t\n\t\t\t\t\t\t\t\t\t\t\t\t\t\t\t\t\t\t<a class=\"fusion-rollover-gallery\" href=\"https:\/\/showmotion.it\/wp-content\/uploads\/2019\/11\/ShowMotion_KERAMA-MARAZZI_showroom-Malino_Fliesen-ceramic-tiles-piastrelle-ceramiche_2.jpg\" data-id=\"4358\" data-rel=\"iLightbox[gallery]\" data-title=\"ShowMotion_KERAMA MARAZZI_showroom Malino_Fliesen ceramic tiles piastrelle ceramiche_2\" data-caption=\"\">\n\t\t\t\t\t\tGallerie\t\t\t\t\t<\/a>\n\t\t\t\t\t\t\t\t\t\t\t\t\t\t\n\t\t\n\t\t\t\t\t\t\t\t\t\t\t\t<h4 class=\"fusion-rollover-title\">\n\t\t\t\t\t<a class=\"fusion-rollover-title-link\" href=\"https:\/\/showmotion.it\/de\/marazzi-malino\/\">\n\t\t\t\t\t\tMarazzi Malino\t\t\t\t\t<\/a>\n\t\t\t\t<\/h4>\n\t\t\t\n\t\t\t\t\t\t\t\t\n\t\t\n\t\t\t\t\t\t<a class=\"fusion-link-wrapper\" href=\"https:\/\/showmotion.it\/de\/marazzi-malino\/\" aria-label=\"Marazzi Malino\"><\/a>\n\t<\/div>\n<\/div>\n<\/div>\n<\/li>\n\t\t\t\n\t\t\t\n\t\t\t\t\t\t\t\t\t\t\t\t\t\t\t\t\t\t\t\t\t\t\t\t\t\t\t\t\t\t\t\t\t\t\t\t\t\t\t\t\t\t\t\t\t\t\t\t\t\t\t\t\t\t\t\t\t\t\t\t\t\t\t\t\t\t\t\t<\/ul>\n\t<\/div>\n\t<div class=\"fusion-post-content-wrapper\" style=\"padding:30px 25px 20px 25px;\"><div class=\"fusion-post-content post-content\"><h2 class=\"blog-shortcode-post-title entry-title\"><a href=\"https:\/\/showmotion.it\/de\/marazzi-malino\/\">Marazzi Malino<\/a><\/h2><div class=\"fusion-content-sep sep-double sep-solid\"><\/div><div class=\"fusion-post-content-container\"><p>        Standort: Malino, Russland   Designer: 23bassi - www.23bassi.com     Gegr\u00fcndet 1988, geh\u00f6rt Kerama Marazzi heute zur Marazzi Gruppe (Mohawk Industries Inc.) und ist der f\u00fchrende Fliesenhersteller in Russland, [...]<\/p><\/div><\/div><div class=\"fusion-meta-info\"><div class=\"fusion-alignleft\"><a class=\"fusion-read-more\" href=\"https:\/\/showmotion.it\/de\/marazzi-malino\/\" aria-label=\"More on Marazzi Malino\">Weiterlesen<\/a><\/div><\/div><\/div><div class=\"fusion-clearfix\"><\/div><\/div>\n<\/article>\n<article id=\"blog-1-post-4366\" class=\"fusion-post-grid post-4366 post type-post status-publish format-standard has-post-thumbnail hentry category-referenzen tag-bauelemente-hausturen-fenster-tore tag-fliesen-und-platten tag-holzboden-parkett-vinyl-laminat-kork tag-innentueren-zimmertueren tag-kamine-und-oefen tag-naturstein-utdoor-fliesen tag-sanitaer-badmoebel\">\n<div class=\"fusion-post-wrapper\" style=\"background-color:rgba(255,255,255,0);border:1px solid #ebeaea;border-bottom-width:3px;\">\n\n\t\t\t<div class=\"fusion-flexslider flexslider fusion-flexslider-loading fusion-post-slideshow\" style=\"border-color:#ebeaea;\">\n\t\t<ul class=\"slides\">\n\t\t\t\n\t\t\t\t\t\t\t\t\t\t\t\t\t\t<li><div  class=\"fusion-image-wrapper\" aria-haspopup=\"true\">\n\t\t\t\t<img decoding=\"async\" width=\"970\" height=\"646\" src=\"https:\/\/showmotion.it\/wp-content\/uploads\/2019\/11\/ShowMotion_SIRT_3.jpg\" class=\"attachment-full size-full lazyload wp-post-image\" alt=\"\" srcset=\"data:image\/svg+xml,%3Csvg%20xmlns%3D%27http%3A%2F%2Fwww.w3.org%2F2000%2Fsvg%27%20width%3D%27970%27%20height%3D%27646%27%20viewBox%3D%270%200%20970%20646%27%3E%3Crect%20width%3D%27970%27%20height%3D%27646%27%20fill-opacity%3D%220%22%2F%3E%3C%2Fsvg%3E\" data-orig-src=\"https:\/\/showmotion.it\/wp-content\/uploads\/2019\/11\/ShowMotion_SIRT_3.jpg\" data-srcset=\"https:\/\/showmotion.it\/wp-content\/uploads\/2019\/11\/ShowMotion_SIRT_3-200x133.jpg 200w, https:\/\/showmotion.it\/wp-content\/uploads\/2019\/11\/ShowMotion_SIRT_3-400x266.jpg 400w, https:\/\/showmotion.it\/wp-content\/uploads\/2019\/11\/ShowMotion_SIRT_3-600x400.jpg 600w, https:\/\/showmotion.it\/wp-content\/uploads\/2019\/11\/ShowMotion_SIRT_3-800x533.jpg 800w, https:\/\/showmotion.it\/wp-content\/uploads\/2019\/11\/ShowMotion_SIRT_3.jpg 970w\" data-sizes=\"auto\" \/><div class=\"fusion-rollover\">\n\t<div class=\"fusion-rollover-content\">\n\n\t\t\t\t\t\t\t\t\t\t\t\t\t\t<a class=\"fusion-rollover-link\" href=\"https:\/\/showmotion.it\/de\/sirt\/\">Sirt<\/a>\n\t\t\t\n\t\t\t\t\t\t\t\t\t\t\t\t\t\t\n\t\t\t\t\t\t\t\t\n\t\t\t\t\t\t\t\t\t\t\t\t\t<div class=\"fusion-rollover-sep\"><\/div>\n\t\t\t\t\n\t\t\t\t\t\t\t\t\t\t\t\t\t\t\t\t\t\t<a class=\"fusion-rollover-gallery\" href=\"https:\/\/showmotion.it\/wp-content\/uploads\/2019\/11\/ShowMotion_SIRT_3.jpg\" data-id=\"4366\" data-rel=\"iLightbox[gallery]\" data-title=\"ShowMotion_SIRT_3\" data-caption=\"\">\n\t\t\t\t\t\tGallerie\t\t\t\t\t<\/a>\n\t\t\t\t\t\t\t\t\t\t\t\t\t\t\n\t\t\n\t\t\t\t\t\t\t\t\t\t\t\t<h4 class=\"fusion-rollover-title\">\n\t\t\t\t\t<a class=\"fusion-rollover-title-link\" href=\"https:\/\/showmotion.it\/de\/sirt\/\">\n\t\t\t\t\t\tSirt\t\t\t\t\t<\/a>\n\t\t\t\t<\/h4>\n\t\t\t\n\t\t\t\t\t\t\t\t\n\t\t\n\t\t\t\t\t\t<a class=\"fusion-link-wrapper\" href=\"https:\/\/showmotion.it\/de\/sirt\/\" aria-label=\"Sirt\"><\/a>\n\t<\/div>\n<\/div>\n<\/div>\n<\/li>\n\t\t\t\n\t\t\t\n\t\t\t\t\t\t\t\t\t\t\t\t\t\t\t\t\t\t\t\t\t\t\t\t\t\t\t\t\t\t\t\t\t\t\t\t\t\t\t\t\t\t\t\t\t\t\t\t\t\t\t\t\t\t\t\t\t\t\t\t\t\t\t\t\t\t\t\t<\/ul>\n\t<\/div>\n\t<div class=\"fusion-post-content-wrapper\" style=\"padding:30px 25px 20px 25px;\"><div class=\"fusion-post-content post-content\"><h2 class=\"blog-shortcode-post-title entry-title\"><a href=\"https:\/\/showmotion.it\/de\/sirt\/\">Sirt<\/a><\/h2><div class=\"fusion-content-sep sep-double sep-solid\"><\/div><div class=\"fusion-post-content-container\"><p>                   Standort: Turin, Piemont, Italien   Designer: Arch. Gianni Sola     Der Ausstellungsraum von Sirt erstreckt sich \u00fcber [...]<\/p><\/div><\/div><div class=\"fusion-meta-info\"><div class=\"fusion-alignleft\"><a class=\"fusion-read-more\" href=\"https:\/\/showmotion.it\/de\/sirt\/\" aria-label=\"More on Sirt\">Weiterlesen<\/a><\/div><\/div><\/div><div class=\"fusion-clearfix\"><\/div><\/div>\n<\/article>\n<article id=\"blog-1-post-4384\" class=\"fusion-post-grid post-4384 post type-post status-publish format-standard has-post-thumbnail hentry category-referenzen tag-bauelemente-hausturen-fenster-tore tag-innentueren-zimmertueren\">\n<div class=\"fusion-post-wrapper\" style=\"background-color:rgba(255,255,255,0);border:1px solid #ebeaea;border-bottom-width:3px;\">\n\n\t\t\t<div class=\"fusion-flexslider flexslider fusion-flexslider-loading fusion-post-slideshow\" style=\"border-color:#ebeaea;\">\n\t\t<ul class=\"slides\">\n\t\t\t\n\t\t\t\t\t\t\t\t\t\t\t\t\t\t<li><div  class=\"fusion-image-wrapper\" aria-haspopup=\"true\">\n\t\t\t\t<img loading=\"lazy\" decoding=\"async\" width=\"970\" height=\"645\" src=\"https:\/\/showmotion.it\/wp-content\/uploads\/2019\/11\/ShowMotion_Finextra_Progettazione-di-showroom-di-porte-e-finestre.jpg\" class=\"attachment-full size-full lazyload wp-post-image\" alt=\"\" srcset=\"data:image\/svg+xml,%3Csvg%20xmlns%3D%27http%3A%2F%2Fwww.w3.org%2F2000%2Fsvg%27%20width%3D%27970%27%20height%3D%27645%27%20viewBox%3D%270%200%20970%20645%27%3E%3Crect%20width%3D%27970%27%20height%3D%27645%27%20fill-opacity%3D%220%22%2F%3E%3C%2Fsvg%3E\" data-orig-src=\"https:\/\/showmotion.it\/wp-content\/uploads\/2019\/11\/ShowMotion_Finextra_Progettazione-di-showroom-di-porte-e-finestre.jpg\" data-srcset=\"https:\/\/showmotion.it\/wp-content\/uploads\/2019\/11\/ShowMotion_Finextra_Progettazione-di-showroom-di-porte-e-finestre-200x133.jpg 200w, https:\/\/showmotion.it\/wp-content\/uploads\/2019\/11\/ShowMotion_Finextra_Progettazione-di-showroom-di-porte-e-finestre-400x266.jpg 400w, https:\/\/showmotion.it\/wp-content\/uploads\/2019\/11\/ShowMotion_Finextra_Progettazione-di-showroom-di-porte-e-finestre-600x399.jpg 600w, https:\/\/showmotion.it\/wp-content\/uploads\/2019\/11\/ShowMotion_Finextra_Progettazione-di-showroom-di-porte-e-finestre-800x532.jpg 800w, https:\/\/showmotion.it\/wp-content\/uploads\/2019\/11\/ShowMotion_Finextra_Progettazione-di-showroom-di-porte-e-finestre.jpg 970w\" data-sizes=\"auto\" \/><div class=\"fusion-rollover\">\n\t<div class=\"fusion-rollover-content\">\n\n\t\t\t\t\t\t\t\t\t\t\t\t\t\t<a class=\"fusion-rollover-link\" href=\"https:\/\/showmotion.it\/de\/finextra\/\">Finextra<\/a>\n\t\t\t\n\t\t\t\t\t\t\t\t\t\t\t\t\t\t\n\t\t\t\t\t\t\t\t\n\t\t\t\t\t\t\t\t\t\t\t\t\t<div class=\"fusion-rollover-sep\"><\/div>\n\t\t\t\t\n\t\t\t\t\t\t\t\t\t\t\t\t\t\t\t\t\t\t<a class=\"fusion-rollover-gallery\" href=\"https:\/\/showmotion.it\/wp-content\/uploads\/2019\/11\/ShowMotion_Finextra_Progettazione-di-showroom-di-porte-e-finestre.jpg\" data-id=\"4384\" data-rel=\"iLightbox[gallery]\" data-title=\"ShowMotion_Finextra_Progettazione di showroom di porte e finestre\" data-caption=\"\">\n\t\t\t\t\t\tGallerie\t\t\t\t\t<\/a>\n\t\t\t\t\t\t\t\t\t\t\t\t\t\t\n\t\t\n\t\t\t\t\t\t\t\t\t\t\t\t<h4 class=\"fusion-rollover-title\">\n\t\t\t\t\t<a class=\"fusion-rollover-title-link\" href=\"https:\/\/showmotion.it\/de\/finextra\/\">\n\t\t\t\t\t\tFinextra\t\t\t\t\t<\/a>\n\t\t\t\t<\/h4>\n\t\t\t\n\t\t\t\t\t\t\t\t\n\t\t\n\t\t\t\t\t\t<a class=\"fusion-link-wrapper\" href=\"https:\/\/showmotion.it\/de\/finextra\/\" aria-label=\"Finextra\"><\/a>\n\t<\/div>\n<\/div>\n<\/div>\n<\/li>\n\t\t\t\n\t\t\t\n\t\t\t\t\t\t\t\t\t\t\t\t\t\t\t\t\t\t\t\t\t\t\t\t\t\t\t\t\t\t\t\t\t\t\t\t\t\t\t\t\t\t\t\t\t\t\t\t\t\t\t\t\t\t\t\t\t\t\t\t\t\t\t\t\t\t\t\t<\/ul>\n\t<\/div>\n\t<div class=\"fusion-post-content-wrapper\" style=\"padding:30px 25px 20px 25px;\"><div class=\"fusion-post-content post-content\"><h2 class=\"blog-shortcode-post-title entry-title\"><a href=\"https:\/\/showmotion.it\/de\/finextra\/\">Finextra<\/a><\/h2><div class=\"fusion-content-sep sep-double sep-solid\"><\/div><div class=\"fusion-post-content-container\"><p>              Standort: Como, Lombardei, Italien   Designer: Arch. Gianni Sola     Die Bauelemente-Ausstellung Finextra ist das Ergebnis einer ma\u00dfgeschneiderten Fachplanung, in der das [...]<\/p><\/div><\/div><div class=\"fusion-meta-info\"><div class=\"fusion-alignleft\"><a class=\"fusion-read-more\" href=\"https:\/\/showmotion.it\/de\/finextra\/\" aria-label=\"More on Finextra\">Weiterlesen<\/a><\/div><\/div><\/div><div class=\"fusion-clearfix\"><\/div><\/div>\n<\/article>\n<article id=\"blog-1-post-4397\" class=\"fusion-post-grid post-4397 post type-post status-publish format-standard has-post-thumbnail hentry category-referenzen tag-fliesen-und-platten\">\n<div class=\"fusion-post-wrapper\" style=\"background-color:rgba(255,255,255,0);border:1px solid #ebeaea;border-bottom-width:3px;\">\n\n\t\t\t<div class=\"fusion-flexslider flexslider fusion-flexslider-loading fusion-post-slideshow\" style=\"border-color:#ebeaea;\">\n\t\t<ul class=\"slides\">\n\t\t\t\n\t\t\t\t\t\t\t\t\t\t\t\t\t\t<li><div  class=\"fusion-image-wrapper\" aria-haspopup=\"true\">\n\t\t\t\t<img loading=\"lazy\" decoding=\"async\" width=\"970\" height=\"647\" src=\"https:\/\/showmotion.it\/wp-content\/uploads\/2019\/11\/ShowMotion_MARAZZI_Fliesenshowroom-planen.jpg\" class=\"attachment-full size-full lazyload wp-post-image\" alt=\"\" srcset=\"data:image\/svg+xml,%3Csvg%20xmlns%3D%27http%3A%2F%2Fwww.w3.org%2F2000%2Fsvg%27%20width%3D%27970%27%20height%3D%27647%27%20viewBox%3D%270%200%20970%20647%27%3E%3Crect%20width%3D%27970%27%20height%3D%27647%27%20fill-opacity%3D%220%22%2F%3E%3C%2Fsvg%3E\" data-orig-src=\"https:\/\/showmotion.it\/wp-content\/uploads\/2019\/11\/ShowMotion_MARAZZI_Fliesenshowroom-planen.jpg\" data-srcset=\"https:\/\/showmotion.it\/wp-content\/uploads\/2019\/11\/ShowMotion_MARAZZI_Fliesenshowroom-planen-200x133.jpg 200w, https:\/\/showmotion.it\/wp-content\/uploads\/2019\/11\/ShowMotion_MARAZZI_Fliesenshowroom-planen-400x267.jpg 400w, https:\/\/showmotion.it\/wp-content\/uploads\/2019\/11\/ShowMotion_MARAZZI_Fliesenshowroom-planen-600x400.jpg 600w, https:\/\/showmotion.it\/wp-content\/uploads\/2019\/11\/ShowMotion_MARAZZI_Fliesenshowroom-planen-800x534.jpg 800w, https:\/\/showmotion.it\/wp-content\/uploads\/2019\/11\/ShowMotion_MARAZZI_Fliesenshowroom-planen.jpg 970w\" data-sizes=\"auto\" \/><div class=\"fusion-rollover\">\n\t<div class=\"fusion-rollover-content\">\n\n\t\t\t\t\t\t\t\t\t\t\t\t\t\t<a class=\"fusion-rollover-link\" href=\"https:\/\/showmotion.it\/de\/marazzi-bolschevik\/\">Marazzi Bolschevik<\/a>\n\t\t\t\n\t\t\t\t\t\t\t\t\t\t\t\t\t\t\n\t\t\t\t\t\t\t\t\n\t\t\t\t\t\t\t\t\t\t\t\t\t<div class=\"fusion-rollover-sep\"><\/div>\n\t\t\t\t\n\t\t\t\t\t\t\t\t\t\t\t\t\t\t\t\t\t\t<a class=\"fusion-rollover-gallery\" href=\"https:\/\/showmotion.it\/wp-content\/uploads\/2019\/11\/ShowMotion_MARAZZI_Fliesenshowroom-planen.jpg\" data-id=\"4397\" data-rel=\"iLightbox[gallery]\" data-title=\"ShowMotion_MARAZZI_Fliesenshowroom planen\" data-caption=\"\">\n\t\t\t\t\t\tGallerie\t\t\t\t\t<\/a>\n\t\t\t\t\t\t\t\t\t\t\t\t\t\t\n\t\t\n\t\t\t\t\t\t\t\t\t\t\t\t<h4 class=\"fusion-rollover-title\">\n\t\t\t\t\t<a class=\"fusion-rollover-title-link\" href=\"https:\/\/showmotion.it\/de\/marazzi-bolschevik\/\">\n\t\t\t\t\t\tMarazzi Bolschevik\t\t\t\t\t<\/a>\n\t\t\t\t<\/h4>\n\t\t\t\n\t\t\t\t\t\t\t\t\n\t\t\n\t\t\t\t\t\t<a class=\"fusion-link-wrapper\" href=\"https:\/\/showmotion.it\/de\/marazzi-bolschevik\/\" aria-label=\"Marazzi Bolschevik\"><\/a>\n\t<\/div>\n<\/div>\n<\/div>\n<\/li>\n\t\t\t\n\t\t\t\n\t\t\t\t\t\t\t\t\t\t\t\t\t\t\t\t\t\t\t\t\t\t\t\t\t\t\t\t\t\t\t\t\t\t\t\t\t\t\t\t\t\t\t\t\t\t\t\t\t\t\t\t\t\t\t\t\t\t\t\t\t\t\t\t\t\t\t\t<\/ul>\n\t<\/div>\n\t<div class=\"fusion-post-content-wrapper\" style=\"padding:30px 25px 20px 25px;\"><div class=\"fusion-post-content post-content\"><h2 class=\"blog-shortcode-post-title entry-title\"><a href=\"https:\/\/showmotion.it\/de\/marazzi-bolschevik\/\">Marazzi Bolschevik<\/a><\/h2><div class=\"fusion-content-sep sep-double sep-solid\"><\/div><div class=\"fusion-post-content-container\"><p>                    Standort: Moskau, Russland   Designer: 23bassi - www.23bassi.com     Gegr\u00fcndet 1988, geh\u00f6rt Kerama Marazzi heute zur [...]<\/p><\/div><\/div><div class=\"fusion-meta-info\"><div class=\"fusion-alignleft\"><a class=\"fusion-read-more\" href=\"https:\/\/showmotion.it\/de\/marazzi-bolschevik\/\" aria-label=\"More on Marazzi Bolschevik\">Weiterlesen<\/a><\/div><\/div><\/div><div class=\"fusion-clearfix\"><\/div><\/div>\n<\/article>\n<article id=\"blog-1-post-4417\" class=\"fusion-post-grid post-4417 post type-post status-publish format-standard has-post-thumbnail hentry category-referenzen tag-fliesen-und-platten tag-holzboden-parkett-vinyl-laminat-kork tag-innentueren-zimmertueren tag-sanitaer-badmoebel\">\n<div class=\"fusion-post-wrapper\" style=\"background-color:rgba(255,255,255,0);border:1px solid #ebeaea;border-bottom-width:3px;\">\n\n\t\t\t<div class=\"fusion-flexslider flexslider fusion-flexslider-loading fusion-post-slideshow\" style=\"border-color:#ebeaea;\">\n\t\t<ul class=\"slides\">\n\t\t\t\n\t\t\t\t\t\t\t\t\t\t\t\t\t\t<li><div  class=\"fusion-image-wrapper\" aria-haspopup=\"true\">\n\t\t\t\t<img loading=\"lazy\" decoding=\"async\" width=\"970\" height=\"647\" src=\"https:\/\/showmotion.it\/wp-content\/uploads\/2019\/11\/ShowMotion_VATTER_Eurobaustoff-Ha\u0308ndler-Ausstellungsplanung.jpg\" class=\"attachment-full size-full lazyload wp-post-image\" alt=\"\" srcset=\"data:image\/svg+xml,%3Csvg%20xmlns%3D%27http%3A%2F%2Fwww.w3.org%2F2000%2Fsvg%27%20width%3D%27970%27%20height%3D%27647%27%20viewBox%3D%270%200%20970%20647%27%3E%3Crect%20width%3D%27970%27%20height%3D%27647%27%20fill-opacity%3D%220%22%2F%3E%3C%2Fsvg%3E\" data-orig-src=\"https:\/\/showmotion.it\/wp-content\/uploads\/2019\/11\/ShowMotion_VATTER_Eurobaustoff-Ha\u0308ndler-Ausstellungsplanung.jpg\" data-srcset=\"https:\/\/showmotion.it\/wp-content\/uploads\/2019\/11\/ShowMotion_VATTER_Eurobaustoff-Ha\u0308ndler-Ausstellungsplanung-200x133.jpg 200w, https:\/\/showmotion.it\/wp-content\/uploads\/2019\/11\/ShowMotion_VATTER_Eurobaustoff-Ha\u0308ndler-Ausstellungsplanung-400x267.jpg 400w, https:\/\/showmotion.it\/wp-content\/uploads\/2019\/11\/ShowMotion_VATTER_Eurobaustoff-Ha\u0308ndler-Ausstellungsplanung-600x400.jpg 600w, https:\/\/showmotion.it\/wp-content\/uploads\/2019\/11\/ShowMotion_VATTER_Eurobaustoff-Ha\u0308ndler-Ausstellungsplanung-800x534.jpg 800w, https:\/\/showmotion.it\/wp-content\/uploads\/2019\/11\/ShowMotion_VATTER_Eurobaustoff-Ha\u0308ndler-Ausstellungsplanung.jpg 970w\" data-sizes=\"auto\" \/><div class=\"fusion-rollover\">\n\t<div class=\"fusion-rollover-content\">\n\n\t\t\t\t\t\t\t\t\t\t\t\t\t\t<a class=\"fusion-rollover-link\" href=\"https:\/\/showmotion.it\/de\/vatter\/\">Vatter<\/a>\n\t\t\t\n\t\t\t\t\t\t\t\t\t\t\t\t\t\t\n\t\t\t\t\t\t\t\t\n\t\t\t\t\t\t\t\t\t\t\t\t\t<div class=\"fusion-rollover-sep\"><\/div>\n\t\t\t\t\n\t\t\t\t\t\t\t\t\t\t\t\t\t\t\t\t\t\t<a class=\"fusion-rollover-gallery\" href=\"https:\/\/showmotion.it\/wp-content\/uploads\/2019\/11\/ShowMotion_VATTER_Eurobaustoff-Ha\u0308ndler-Ausstellungsplanung.jpg\" data-id=\"4417\" data-rel=\"iLightbox[gallery]\" data-title=\"ShowMotion_VATTER_Eurobaustoff Ha\u0308ndler Ausstellungsplanung\" data-caption=\"\">\n\t\t\t\t\t\tGallerie\t\t\t\t\t<\/a>\n\t\t\t\t\t\t\t\t\t\t\t\t\t\t\n\t\t\n\t\t\t\t\t\t\t\t\t\t\t\t<h4 class=\"fusion-rollover-title\">\n\t\t\t\t\t<a class=\"fusion-rollover-title-link\" href=\"https:\/\/showmotion.it\/de\/vatter\/\">\n\t\t\t\t\t\tVatter\t\t\t\t\t<\/a>\n\t\t\t\t<\/h4>\n\t\t\t\n\t\t\t\t\t\t\t\t\n\t\t\n\t\t\t\t\t\t<a class=\"fusion-link-wrapper\" href=\"https:\/\/showmotion.it\/de\/vatter\/\" aria-label=\"Vatter\"><\/a>\n\t<\/div>\n<\/div>\n<\/div>\n<\/li>\n\t\t\t\n\t\t\t\n\t\t\t\t\t\t\t\t\t\t\t\t\t\t\t\t\t\t\t\t\t\t\t\t\t\t\t\t\t\t\t\t\t\t\t\t\t\t\t\t\t\t\t\t\t\t\t\t\t\t\t\t\t\t\t\t\t\t\t\t\t\t\t\t\t\t\t\t<\/ul>\n\t<\/div>\n\t<div class=\"fusion-post-content-wrapper\" style=\"padding:30px 25px 20px 25px;\"><div class=\"fusion-post-content post-content\"><h2 class=\"blog-shortcode-post-title entry-title\"><a href=\"https:\/\/showmotion.it\/de\/vatter\/\">Vatter<\/a><\/h2><div class=\"fusion-content-sep sep-double sep-solid\"><\/div><div class=\"fusion-post-content-container\"><p>                       Standort: Kaiserslautern, Rheinland-Pfalz, Deutschland   Designer: Pietro Secchi - www.materico.biz     Das Eurobaustoff-Mitglied [...]<\/p><\/div><\/div><div class=\"fusion-meta-info\"><div class=\"fusion-alignleft\"><a class=\"fusion-read-more\" href=\"https:\/\/showmotion.it\/de\/vatter\/\" aria-label=\"More on Vatter\">Weiterlesen<\/a><\/div><\/div><\/div><div class=\"fusion-clearfix\"><\/div><\/div>\n<\/article>\n<article id=\"blog-1-post-4439\" class=\"fusion-post-grid post-4439 post type-post status-publish format-standard has-post-thumbnail hentry category-referenzen tag-bauelemente-hausturen-fenster-tore tag-fliesen-und-platten tag-holzboden-parkett-vinyl-laminat-kork tag-innentueren-zimmertueren tag-kamine-und-oefen tag-naturstein-utdoor-fliesen tag-sanitaer-badmoebel\">\n<div class=\"fusion-post-wrapper\" style=\"background-color:rgba(255,255,255,0);border:1px solid #ebeaea;border-bottom-width:3px;\">\n\n\t\t\t<div class=\"fusion-flexslider flexslider fusion-flexslider-loading fusion-post-slideshow\" style=\"border-color:#ebeaea;\">\n\t\t<ul class=\"slides\">\n\t\t\t\n\t\t\t\t\t\t\t\t\t\t\t\t\t\t<li><div  class=\"fusion-image-wrapper\" aria-haspopup=\"true\">\n\t\t\t\t<img loading=\"lazy\" decoding=\"async\" width=\"970\" height=\"645\" src=\"https:\/\/showmotion.it\/wp-content\/uploads\/2019\/11\/ShowMotion_IRIS_Albenga_progettazione-showroom-porte-e-finestre.jpg\" class=\"attachment-full size-full lazyload wp-post-image\" alt=\"\" srcset=\"data:image\/svg+xml,%3Csvg%20xmlns%3D%27http%3A%2F%2Fwww.w3.org%2F2000%2Fsvg%27%20width%3D%27970%27%20height%3D%27645%27%20viewBox%3D%270%200%20970%20645%27%3E%3Crect%20width%3D%27970%27%20height%3D%27645%27%20fill-opacity%3D%220%22%2F%3E%3C%2Fsvg%3E\" data-orig-src=\"https:\/\/showmotion.it\/wp-content\/uploads\/2019\/11\/ShowMotion_IRIS_Albenga_progettazione-showroom-porte-e-finestre.jpg\" data-srcset=\"https:\/\/showmotion.it\/wp-content\/uploads\/2019\/11\/ShowMotion_IRIS_Albenga_progettazione-showroom-porte-e-finestre-200x133.jpg 200w, https:\/\/showmotion.it\/wp-content\/uploads\/2019\/11\/ShowMotion_IRIS_Albenga_progettazione-showroom-porte-e-finestre-400x266.jpg 400w, https:\/\/showmotion.it\/wp-content\/uploads\/2019\/11\/ShowMotion_IRIS_Albenga_progettazione-showroom-porte-e-finestre-600x399.jpg 600w, https:\/\/showmotion.it\/wp-content\/uploads\/2019\/11\/ShowMotion_IRIS_Albenga_progettazione-showroom-porte-e-finestre-800x532.jpg 800w, https:\/\/showmotion.it\/wp-content\/uploads\/2019\/11\/ShowMotion_IRIS_Albenga_progettazione-showroom-porte-e-finestre.jpg 970w\" data-sizes=\"auto\" \/><div class=\"fusion-rollover\">\n\t<div class=\"fusion-rollover-content\">\n\n\t\t\t\t\t\t\t\t\t\t\t\t\t\t<a class=\"fusion-rollover-link\" href=\"https:\/\/showmotion.it\/de\/iris-ceramiche\/\">Iris Ceramiche<\/a>\n\t\t\t\n\t\t\t\t\t\t\t\t\t\t\t\t\t\t\n\t\t\t\t\t\t\t\t\n\t\t\t\t\t\t\t\t\t\t\t\t\t<div class=\"fusion-rollover-sep\"><\/div>\n\t\t\t\t\n\t\t\t\t\t\t\t\t\t\t\t\t\t\t\t\t\t\t<a class=\"fusion-rollover-gallery\" href=\"https:\/\/showmotion.it\/wp-content\/uploads\/2019\/11\/ShowMotion_IRIS_Albenga_progettazione-showroom-porte-e-finestre.jpg\" data-id=\"4439\" data-rel=\"iLightbox[gallery]\" data-title=\"ShowMotion_IRIS_Albenga_progettazione showroom porte e finestre\" data-caption=\"\">\n\t\t\t\t\t\tGallerie\t\t\t\t\t<\/a>\n\t\t\t\t\t\t\t\t\t\t\t\t\t\t\n\t\t\n\t\t\t\t\t\t\t\t\t\t\t\t<h4 class=\"fusion-rollover-title\">\n\t\t\t\t\t<a class=\"fusion-rollover-title-link\" href=\"https:\/\/showmotion.it\/de\/iris-ceramiche\/\">\n\t\t\t\t\t\tIris Ceramiche\t\t\t\t\t<\/a>\n\t\t\t\t<\/h4>\n\t\t\t\n\t\t\t\t\t\t\t\t\n\t\t\n\t\t\t\t\t\t<a class=\"fusion-link-wrapper\" href=\"https:\/\/showmotion.it\/de\/iris-ceramiche\/\" aria-label=\"Iris Ceramiche\"><\/a>\n\t<\/div>\n<\/div>\n<\/div>\n<\/li>\n\t\t\t\n\t\t\t\n\t\t\t\t\t\t\t\t\t\t\t\t\t\t\t\t\t\t\t\t\t\t\t\t\t\t\t\t\t\t\t\t\t\t\t\t\t\t\t\t\t\t\t\t\t\t\t\t\t\t\t\t\t\t\t\t\t\t\t\t\t\t\t\t\t\t\t\t<\/ul>\n\t<\/div>\n\t<div class=\"fusion-post-content-wrapper\" style=\"padding:30px 25px 20px 25px;\"><div class=\"fusion-post-content post-content\"><h2 class=\"blog-shortcode-post-title entry-title\"><a href=\"https:\/\/showmotion.it\/de\/iris-ceramiche\/\">Iris Ceramiche<\/a><\/h2><div class=\"fusion-content-sep sep-double sep-solid\"><\/div><div class=\"fusion-post-content-container\"><p>           Standort: Albenga, Ligurien, Italien   Designer: Arch. Gianni Sola     Der Showroom von Iris srl in Albenga hat eine Fl\u00e4che von 2000 qm und pr\u00e4sentiert [...]<\/p><\/div><\/div><div class=\"fusion-meta-info\"><div class=\"fusion-alignleft\"><a class=\"fusion-read-more\" href=\"https:\/\/showmotion.it\/de\/iris-ceramiche\/\" aria-label=\"More on Iris Ceramiche\">Weiterlesen<\/a><\/div><\/div><\/div><div class=\"fusion-clearfix\"><\/div><\/div>\n<\/article>\n<article id=\"blog-1-post-4449\" class=\"fusion-post-grid post-4449 post type-post status-publish format-standard has-post-thumbnail hentry category-referenzen tag-fliesen-und-platten\">\n<div class=\"fusion-post-wrapper\" style=\"background-color:rgba(255,255,255,0);border:1px solid #ebeaea;border-bottom-width:3px;\">\n\n\t\t\t<div class=\"fusion-flexslider flexslider fusion-flexslider-loading fusion-post-slideshow\" style=\"border-color:#ebeaea;\">\n\t\t<ul class=\"slides\">\n\t\t\t\n\t\t\t\t\t\t\t\t\t\t\t\t\t\t<li><div  class=\"fusion-image-wrapper\" aria-haspopup=\"true\">\n\t\t\t\t<img loading=\"lazy\" decoding=\"async\" width=\"970\" height=\"675\" src=\"https:\/\/showmotion.it\/wp-content\/uploads\/2019\/11\/ShowMotion_MARAZZI_Roomer-Mosca-Russia_Fliesenausstellung-Ausstellungsmoebel-Collagesystem-einzelne-Fliesen.jpg\" class=\"attachment-full size-full lazyload wp-post-image\" alt=\"\" srcset=\"data:image\/svg+xml,%3Csvg%20xmlns%3D%27http%3A%2F%2Fwww.w3.org%2F2000%2Fsvg%27%20width%3D%27970%27%20height%3D%27675%27%20viewBox%3D%270%200%20970%20675%27%3E%3Crect%20width%3D%27970%27%20height%3D%27675%27%20fill-opacity%3D%220%22%2F%3E%3C%2Fsvg%3E\" data-orig-src=\"https:\/\/showmotion.it\/wp-content\/uploads\/2019\/11\/ShowMotion_MARAZZI_Roomer-Mosca-Russia_Fliesenausstellung-Ausstellungsmoebel-Collagesystem-einzelne-Fliesen.jpg\" data-srcset=\"https:\/\/showmotion.it\/wp-content\/uploads\/2019\/11\/ShowMotion_MARAZZI_Roomer-Mosca-Russia_Fliesenausstellung-Ausstellungsmoebel-Collagesystem-einzelne-Fliesen-200x139.jpg 200w, https:\/\/showmotion.it\/wp-content\/uploads\/2019\/11\/ShowMotion_MARAZZI_Roomer-Mosca-Russia_Fliesenausstellung-Ausstellungsmoebel-Collagesystem-einzelne-Fliesen-400x278.jpg 400w, https:\/\/showmotion.it\/wp-content\/uploads\/2019\/11\/ShowMotion_MARAZZI_Roomer-Mosca-Russia_Fliesenausstellung-Ausstellungsmoebel-Collagesystem-einzelne-Fliesen-600x418.jpg 600w, https:\/\/showmotion.it\/wp-content\/uploads\/2019\/11\/ShowMotion_MARAZZI_Roomer-Mosca-Russia_Fliesenausstellung-Ausstellungsmoebel-Collagesystem-einzelne-Fliesen-800x557.jpg 800w, https:\/\/showmotion.it\/wp-content\/uploads\/2019\/11\/ShowMotion_MARAZZI_Roomer-Mosca-Russia_Fliesenausstellung-Ausstellungsmoebel-Collagesystem-einzelne-Fliesen.jpg 970w\" data-sizes=\"auto\" \/><div class=\"fusion-rollover\">\n\t<div class=\"fusion-rollover-content\">\n\n\t\t\t\t\t\t\t\t\t\t\t\t\t\t<a class=\"fusion-rollover-link\" href=\"https:\/\/showmotion.it\/de\/marazzi-roomer\/\">Marazzi Roomer<\/a>\n\t\t\t\n\t\t\t\t\t\t\t\t\t\t\t\t\t\t\n\t\t\t\t\t\t\t\t\n\t\t\t\t\t\t\t\t\t\t\t\t\t<div class=\"fusion-rollover-sep\"><\/div>\n\t\t\t\t\n\t\t\t\t\t\t\t\t\t\t\t\t\t\t\t\t\t\t<a class=\"fusion-rollover-gallery\" href=\"https:\/\/showmotion.it\/wp-content\/uploads\/2019\/11\/ShowMotion_MARAZZI_Roomer-Mosca-Russia_Fliesenausstellung-Ausstellungsmoebel-Collagesystem-einzelne-Fliesen.jpg\" data-id=\"4449\" data-rel=\"iLightbox[gallery]\" data-title=\"ShowMotion_MARAZZI_Roomer Mosca Russia_Fliesenausstellung Ausstellungsmoebel Collagesystem einzelne Fliesen\" data-caption=\"\">\n\t\t\t\t\t\tGallerie\t\t\t\t\t<\/a>\n\t\t\t\t\t\t\t\t\t\t\t\t\t\t\n\t\t\n\t\t\t\t\t\t\t\t\t\t\t\t<h4 class=\"fusion-rollover-title\">\n\t\t\t\t\t<a class=\"fusion-rollover-title-link\" href=\"https:\/\/showmotion.it\/de\/marazzi-roomer\/\">\n\t\t\t\t\t\tMarazzi Roomer\t\t\t\t\t<\/a>\n\t\t\t\t<\/h4>\n\t\t\t\n\t\t\t\t\t\t\t\t\n\t\t\n\t\t\t\t\t\t<a class=\"fusion-link-wrapper\" href=\"https:\/\/showmotion.it\/de\/marazzi-roomer\/\" aria-label=\"Marazzi Roomer\"><\/a>\n\t<\/div>\n<\/div>\n<\/div>\n<\/li>\n\t\t\t\n\t\t\t\n\t\t\t\t\t\t\t\t\t\t\t\t\t\t\t\t\t\t\t\t\t\t\t\t\t\t\t\t\t\t\t\t\t\t\t\t\t\t\t\t\t\t\t\t\t\t\t\t\t\t\t\t\t\t\t\t\t\t\t\t\t\t\t\t\t\t\t\t<\/ul>\n\t<\/div>\n\t<div class=\"fusion-post-content-wrapper\" style=\"padding:30px 25px 20px 25px;\"><div class=\"fusion-post-content post-content\"><h2 class=\"blog-shortcode-post-title entry-title\"><a href=\"https:\/\/showmotion.it\/de\/marazzi-roomer\/\">Marazzi Roomer<\/a><\/h2><div class=\"fusion-content-sep sep-double sep-solid\"><\/div><div class=\"fusion-post-content-container\"><p>          Standort: Moskau, Russland   Designer: 23bassi - www.23bassi.com     Gegr\u00fcndet 1988, geh\u00f6rt Kerama Marazzi heute zur Marazzi Gruppe (Mohawk Industries Inc.) und ist der f\u00fchrende Fliesenhersteller [...]<\/p><\/div><\/div><div class=\"fusion-meta-info\"><div class=\"fusion-alignleft\"><a class=\"fusion-read-more\" href=\"https:\/\/showmotion.it\/de\/marazzi-roomer\/\" aria-label=\"More on Marazzi Roomer\">Weiterlesen<\/a><\/div><\/div><\/div><div class=\"fusion-clearfix\"><\/div><\/div>\n<\/article>\n<article id=\"blog-1-post-4458\" class=\"fusion-post-grid post-4458 post type-post status-publish format-standard has-post-thumbnail hentry category-referenzen tag-bauelemente-hausturen-fenster-tore tag-innentueren-zimmertueren\">\n<div class=\"fusion-post-wrapper\" style=\"background-color:rgba(255,255,255,0);border:1px solid #ebeaea;border-bottom-width:3px;\">\n\n\t\t\t<div class=\"fusion-flexslider flexslider fusion-flexslider-loading fusion-post-slideshow\" style=\"border-color:#ebeaea;\">\n\t\t<ul class=\"slides\">\n\t\t\t\n\t\t\t\t\t\t\t\t\t\t\t\t\t\t<li><div  class=\"fusion-image-wrapper\" aria-haspopup=\"true\">\n\t\t\t\t<img loading=\"lazy\" decoding=\"async\" width=\"970\" height=\"720\" src=\"https:\/\/showmotion.it\/wp-content\/uploads\/2019\/11\/ShowMotion_Gautschi-Fensterbau_Showroomplanung-fuer-Bauelemente.jpg\" class=\"attachment-full size-full lazyload wp-post-image\" alt=\"\" srcset=\"data:image\/svg+xml,%3Csvg%20xmlns%3D%27http%3A%2F%2Fwww.w3.org%2F2000%2Fsvg%27%20width%3D%27970%27%20height%3D%27720%27%20viewBox%3D%270%200%20970%20720%27%3E%3Crect%20width%3D%27970%27%20height%3D%27720%27%20fill-opacity%3D%220%22%2F%3E%3C%2Fsvg%3E\" data-orig-src=\"https:\/\/showmotion.it\/wp-content\/uploads\/2019\/11\/ShowMotion_Gautschi-Fensterbau_Showroomplanung-fuer-Bauelemente.jpg\" data-srcset=\"https:\/\/showmotion.it\/wp-content\/uploads\/2019\/11\/ShowMotion_Gautschi-Fensterbau_Showroomplanung-fuer-Bauelemente-200x148.jpg 200w, https:\/\/showmotion.it\/wp-content\/uploads\/2019\/11\/ShowMotion_Gautschi-Fensterbau_Showroomplanung-fuer-Bauelemente-400x297.jpg 400w, https:\/\/showmotion.it\/wp-content\/uploads\/2019\/11\/ShowMotion_Gautschi-Fensterbau_Showroomplanung-fuer-Bauelemente-600x445.jpg 600w, https:\/\/showmotion.it\/wp-content\/uploads\/2019\/11\/ShowMotion_Gautschi-Fensterbau_Showroomplanung-fuer-Bauelemente-800x594.jpg 800w, https:\/\/showmotion.it\/wp-content\/uploads\/2019\/11\/ShowMotion_Gautschi-Fensterbau_Showroomplanung-fuer-Bauelemente.jpg 970w\" data-sizes=\"auto\" \/><div class=\"fusion-rollover\">\n\t<div class=\"fusion-rollover-content\">\n\n\t\t\t\t\t\t\t\t\t\t\t\t\t\t<a class=\"fusion-rollover-link\" href=\"https:\/\/showmotion.it\/de\/gautschi-fensterbau\/\">Gautschi Fensterbau<\/a>\n\t\t\t\n\t\t\t\t\t\t\t\t\t\t\t\t\t\t\n\t\t\t\t\t\t\t\t\n\t\t\t\t\t\t\t\t\t\t\t\t\t<div class=\"fusion-rollover-sep\"><\/div>\n\t\t\t\t\n\t\t\t\t\t\t\t\t\t\t\t\t\t\t\t\t\t\t<a class=\"fusion-rollover-gallery\" href=\"https:\/\/showmotion.it\/wp-content\/uploads\/2019\/11\/ShowMotion_Gautschi-Fensterbau_Showroomplanung-fuer-Bauelemente.jpg\" data-id=\"4458\" data-rel=\"iLightbox[gallery]\" data-title=\"ShowMotion_Gautschi Fensterbau_Showroomplanung fuer Bauelemente\" data-caption=\"\">\n\t\t\t\t\t\tGallerie\t\t\t\t\t<\/a>\n\t\t\t\t\t\t\t\t\t\t\t\t\t\t\n\t\t\n\t\t\t\t\t\t\t\t\t\t\t\t<h4 class=\"fusion-rollover-title\">\n\t\t\t\t\t<a class=\"fusion-rollover-title-link\" href=\"https:\/\/showmotion.it\/de\/gautschi-fensterbau\/\">\n\t\t\t\t\t\tGautschi Fensterbau\t\t\t\t\t<\/a>\n\t\t\t\t<\/h4>\n\t\t\t\n\t\t\t\t\t\t\t\t\n\t\t\n\t\t\t\t\t\t<a class=\"fusion-link-wrapper\" href=\"https:\/\/showmotion.it\/de\/gautschi-fensterbau\/\" aria-label=\"Gautschi Fensterbau\"><\/a>\n\t<\/div>\n<\/div>\n<\/div>\n<\/li>\n\t\t\t\n\t\t\t\n\t\t\t\t\t\t\t\t\t\t\t\t\t\t\t\t\t\t\t\t\t\t\t\t\t\t\t\t\t\t\t\t\t\t\t\t\t\t\t\t\t\t\t\t\t\t\t\t\t\t\t\t\t\t\t\t\t\t\t\t\t\t\t\t\t\t\t\t<\/ul>\n\t<\/div>\n\t<div class=\"fusion-post-content-wrapper\" style=\"padding:30px 25px 20px 25px;\"><div class=\"fusion-post-content post-content\"><h2 class=\"blog-shortcode-post-title entry-title\"><a href=\"https:\/\/showmotion.it\/de\/gautschi-fensterbau\/\">Gautschi Fensterbau<\/a><\/h2><div class=\"fusion-content-sep sep-double sep-solid\"><\/div><div class=\"fusion-post-content-container\"><p>           Standort: Eschlikon, Z\u00fcrich, Schweiz   Designer: Arch. Marco Morelli     Nach einem Brand und dem damit verbundenen Umzug in neue R\u00e4umlichkeiten vertraute der Bauelementehersteller Gautschi [...]<\/p><\/div><\/div><div class=\"fusion-meta-info\"><div class=\"fusion-alignleft\"><a class=\"fusion-read-more\" href=\"https:\/\/showmotion.it\/de\/gautschi-fensterbau\/\" aria-label=\"More on Gautschi Fensterbau\">Weiterlesen<\/a><\/div><\/div><\/div><div class=\"fusion-clearfix\"><\/div><\/div>\n<\/article>\n<article id=\"blog-1-post-4468\" class=\"fusion-post-grid post-4468 post type-post status-publish format-standard has-post-thumbnail hentry category-referenzen tag-fliesen-und-platten\">\n<div class=\"fusion-post-wrapper\" style=\"background-color:rgba(255,255,255,0);border:1px solid #ebeaea;border-bottom-width:3px;\">\n\n\t\t\t<div class=\"fusion-flexslider flexslider fusion-flexslider-loading fusion-post-slideshow\" style=\"border-color:#ebeaea;\">\n\t\t<ul class=\"slides\">\n\t\t\t\n\t\t\t\t\t\t\t\t\t\t\t\t\t\t<li><div  class=\"fusion-image-wrapper\" aria-haspopup=\"true\">\n\t\t\t\t<img loading=\"lazy\" decoding=\"async\" width=\"970\" height=\"647\" src=\"https:\/\/showmotion.it\/wp-content\/uploads\/2019\/11\/ShowMotion_FLIESEN-LEHMANN_Ausstellungsplanung-und-Ladenbau-fuer-Fliesen-und-den-Baustoffhandel_1.jpg\" class=\"attachment-full size-full lazyload wp-post-image\" alt=\"\" srcset=\"data:image\/svg+xml,%3Csvg%20xmlns%3D%27http%3A%2F%2Fwww.w3.org%2F2000%2Fsvg%27%20width%3D%27970%27%20height%3D%27647%27%20viewBox%3D%270%200%20970%20647%27%3E%3Crect%20width%3D%27970%27%20height%3D%27647%27%20fill-opacity%3D%220%22%2F%3E%3C%2Fsvg%3E\" data-orig-src=\"https:\/\/showmotion.it\/wp-content\/uploads\/2019\/11\/ShowMotion_FLIESEN-LEHMANN_Ausstellungsplanung-und-Ladenbau-fuer-Fliesen-und-den-Baustoffhandel_1.jpg\" data-srcset=\"https:\/\/showmotion.it\/wp-content\/uploads\/2019\/11\/ShowMotion_FLIESEN-LEHMANN_Ausstellungsplanung-und-Ladenbau-fuer-Fliesen-und-den-Baustoffhandel_1-200x133.jpg 200w, https:\/\/showmotion.it\/wp-content\/uploads\/2019\/11\/ShowMotion_FLIESEN-LEHMANN_Ausstellungsplanung-und-Ladenbau-fuer-Fliesen-und-den-Baustoffhandel_1-400x267.jpg 400w, https:\/\/showmotion.it\/wp-content\/uploads\/2019\/11\/ShowMotion_FLIESEN-LEHMANN_Ausstellungsplanung-und-Ladenbau-fuer-Fliesen-und-den-Baustoffhandel_1-600x400.jpg 600w, https:\/\/showmotion.it\/wp-content\/uploads\/2019\/11\/ShowMotion_FLIESEN-LEHMANN_Ausstellungsplanung-und-Ladenbau-fuer-Fliesen-und-den-Baustoffhandel_1-800x534.jpg 800w, https:\/\/showmotion.it\/wp-content\/uploads\/2019\/11\/ShowMotion_FLIESEN-LEHMANN_Ausstellungsplanung-und-Ladenbau-fuer-Fliesen-und-den-Baustoffhandel_1.jpg 970w\" data-sizes=\"auto\" \/><div class=\"fusion-rollover\">\n\t<div class=\"fusion-rollover-content\">\n\n\t\t\t\t\t\t\t\t\t\t\t\t\t\t<a class=\"fusion-rollover-link\" href=\"https:\/\/showmotion.it\/de\/fliesen-lehmann\/\">Fliesen Lehmann<\/a>\n\t\t\t\n\t\t\t\t\t\t\t\t\t\t\t\t\t\t\n\t\t\t\t\t\t\t\t\n\t\t\t\t\t\t\t\t\t\t\t\t\t<div class=\"fusion-rollover-sep\"><\/div>\n\t\t\t\t\n\t\t\t\t\t\t\t\t\t\t\t\t\t\t\t\t\t\t<a class=\"fusion-rollover-gallery\" href=\"https:\/\/showmotion.it\/wp-content\/uploads\/2019\/11\/ShowMotion_FLIESEN-LEHMANN_Ausstellungsplanung-und-Ladenbau-fuer-Fliesen-und-den-Baustoffhandel_1.jpg\" data-id=\"4468\" data-rel=\"iLightbox[gallery]\" data-title=\"ShowMotion_FLIESEN LEHMANN_Ausstellungsplanung und Ladenbau fuer Fliesen und den Baustoffhandel_1\" data-caption=\"\">\n\t\t\t\t\t\tGallerie\t\t\t\t\t<\/a>\n\t\t\t\t\t\t\t\t\t\t\t\t\t\t\n\t\t\n\t\t\t\t\t\t\t\t\t\t\t\t<h4 class=\"fusion-rollover-title\">\n\t\t\t\t\t<a class=\"fusion-rollover-title-link\" href=\"https:\/\/showmotion.it\/de\/fliesen-lehmann\/\">\n\t\t\t\t\t\tFliesen Lehmann\t\t\t\t\t<\/a>\n\t\t\t\t<\/h4>\n\t\t\t\n\t\t\t\t\t\t\t\t\n\t\t\n\t\t\t\t\t\t<a class=\"fusion-link-wrapper\" href=\"https:\/\/showmotion.it\/de\/fliesen-lehmann\/\" aria-label=\"Fliesen Lehmann\"><\/a>\n\t<\/div>\n<\/div>\n<\/div>\n<\/li>\n\t\t\t\n\t\t\t\n\t\t\t\t\t\t\t\t\t\t\t\t\t\t\t\t\t\t\t\t\t\t\t\t\t\t\t\t\t\t\t\t\t\t\t\t\t\t\t\t\t\t\t\t\t\t\t\t\t\t\t\t\t\t\t\t\t\t\t\t\t\t\t\t\t\t\t\t<\/ul>\n\t<\/div>\n\t<div class=\"fusion-post-content-wrapper\" style=\"padding:30px 25px 20px 25px;\"><div class=\"fusion-post-content post-content\"><h2 class=\"blog-shortcode-post-title entry-title\"><a href=\"https:\/\/showmotion.it\/de\/fliesen-lehmann\/\">Fliesen Lehmann<\/a><\/h2><div class=\"fusion-content-sep sep-double sep-solid\"><\/div><div class=\"fusion-post-content-container\"><p>             Standort: Oberndorf am Neckar, Baden-W\u00fcrttemberg, Deutschland   Designer: Insiderwerk     Das Unternehmen Fliesen Lehmann hat sich in der dritten Generation auf das Verlegen [...]<\/p><\/div><\/div><div class=\"fusion-meta-info\"><div class=\"fusion-alignleft\"><a class=\"fusion-read-more\" href=\"https:\/\/showmotion.it\/de\/fliesen-lehmann\/\" aria-label=\"More on Fliesen Lehmann\">Weiterlesen<\/a><\/div><\/div><\/div><div class=\"fusion-clearfix\"><\/div><\/div>\n<\/article>\n<article id=\"blog-1-post-4472\" class=\"fusion-post-grid post-4472 post type-post status-publish format-standard has-post-thumbnail hentry category-referenzen tag-bauelemente-hausturen-fenster-tore tag-innentueren-zimmertueren\">\n<div class=\"fusion-post-wrapper\" style=\"background-color:rgba(255,255,255,0);border:1px solid #ebeaea;border-bottom-width:3px;\">\n\n\t\t\t<div class=\"fusion-flexslider flexslider fusion-flexslider-loading fusion-post-slideshow\" style=\"border-color:#ebeaea;\">\n\t\t<ul class=\"slides\">\n\t\t\t\n\t\t\t\t\t\t\t\t\t\t\t\t\t\t<li><div  class=\"fusion-image-wrapper\" aria-haspopup=\"true\">\n\t\t\t\t<img loading=\"lazy\" decoding=\"async\" width=\"970\" height=\"647\" src=\"https:\/\/showmotion.it\/wp-content\/uploads\/2019\/11\/ShowMotion_Fensterbau-Weber_Showroom-Planung-fuer-Haustueren-Fenster-Innentueren-Glastueren.jpg\" class=\"attachment-full size-full lazyload wp-post-image\" alt=\"\" srcset=\"data:image\/svg+xml,%3Csvg%20xmlns%3D%27http%3A%2F%2Fwww.w3.org%2F2000%2Fsvg%27%20width%3D%27970%27%20height%3D%27647%27%20viewBox%3D%270%200%20970%20647%27%3E%3Crect%20width%3D%27970%27%20height%3D%27647%27%20fill-opacity%3D%220%22%2F%3E%3C%2Fsvg%3E\" data-orig-src=\"https:\/\/showmotion.it\/wp-content\/uploads\/2019\/11\/ShowMotion_Fensterbau-Weber_Showroom-Planung-fuer-Haustueren-Fenster-Innentueren-Glastueren.jpg\" data-srcset=\"https:\/\/showmotion.it\/wp-content\/uploads\/2019\/11\/ShowMotion_Fensterbau-Weber_Showroom-Planung-fuer-Haustueren-Fenster-Innentueren-Glastueren-200x133.jpg 200w, https:\/\/showmotion.it\/wp-content\/uploads\/2019\/11\/ShowMotion_Fensterbau-Weber_Showroom-Planung-fuer-Haustueren-Fenster-Innentueren-Glastueren-400x267.jpg 400w, https:\/\/showmotion.it\/wp-content\/uploads\/2019\/11\/ShowMotion_Fensterbau-Weber_Showroom-Planung-fuer-Haustueren-Fenster-Innentueren-Glastueren-600x400.jpg 600w, https:\/\/showmotion.it\/wp-content\/uploads\/2019\/11\/ShowMotion_Fensterbau-Weber_Showroom-Planung-fuer-Haustueren-Fenster-Innentueren-Glastueren-800x534.jpg 800w, https:\/\/showmotion.it\/wp-content\/uploads\/2019\/11\/ShowMotion_Fensterbau-Weber_Showroom-Planung-fuer-Haustueren-Fenster-Innentueren-Glastueren.jpg 970w\" data-sizes=\"auto\" \/><div class=\"fusion-rollover\">\n\t<div class=\"fusion-rollover-content\">\n\n\t\t\t\t\t\t\t\t\t\t\t\t\t\t<a class=\"fusion-rollover-link\" href=\"https:\/\/showmotion.it\/de\/franz-weber\/\">Franz Weber<\/a>\n\t\t\t\n\t\t\t\t\t\t\t\t\t\t\t\t\t\t\n\t\t\t\t\t\t\t\t\n\t\t\t\t\t\t\t\t\t\t\t\t\t<div class=\"fusion-rollover-sep\"><\/div>\n\t\t\t\t\n\t\t\t\t\t\t\t\t\t\t\t\t\t\t\t\t\t\t<a class=\"fusion-rollover-gallery\" href=\"https:\/\/showmotion.it\/wp-content\/uploads\/2019\/11\/ShowMotion_Fensterbau-Weber_Showroom-Planung-fuer-Haustueren-Fenster-Innentueren-Glastueren.jpg\" data-id=\"4472\" data-rel=\"iLightbox[gallery]\" data-title=\"ShowMotion_Fensterbau Weber_Showroom Planung fuer Haustueren Fenster Innentueren Glastueren\" data-caption=\"\">\n\t\t\t\t\t\tGallerie\t\t\t\t\t<\/a>\n\t\t\t\t\t\t\t\t\t\t\t\t\t\t\n\t\t\n\t\t\t\t\t\t\t\t\t\t\t\t<h4 class=\"fusion-rollover-title\">\n\t\t\t\t\t<a class=\"fusion-rollover-title-link\" href=\"https:\/\/showmotion.it\/de\/franz-weber\/\">\n\t\t\t\t\t\tFranz Weber\t\t\t\t\t<\/a>\n\t\t\t\t<\/h4>\n\t\t\t\n\t\t\t\t\t\t\t\t\n\t\t\n\t\t\t\t\t\t<a class=\"fusion-link-wrapper\" href=\"https:\/\/showmotion.it\/de\/franz-weber\/\" aria-label=\"Franz Weber\"><\/a>\n\t<\/div>\n<\/div>\n<\/div>\n<\/li>\n\t\t\t\n\t\t\t\n\t\t\t\t\t\t\t\t\t\t\t\t\t\t\t\t\t\t\t\t\t\t\t\t\t\t\t\t\t\t\t\t\t\t\t\t\t\t\t\t\t\t\t\t\t\t\t\t\t\t\t\t\t\t\t\t\t\t\t\t\t\t\t\t\t\t\t\t<\/ul>\n\t<\/div>\n\t<div class=\"fusion-post-content-wrapper\" style=\"padding:30px 25px 20px 25px;\"><div class=\"fusion-post-content post-content\"><h2 class=\"blog-shortcode-post-title entry-title\"><a href=\"https:\/\/showmotion.it\/de\/franz-weber\/\">Franz Weber<\/a><\/h2><div class=\"fusion-content-sep sep-double sep-solid\"><\/div><div class=\"fusion-post-content-container\"><p>                   Standort: Friedrichshafen, Baden-W\u00fcrttemberg, Deutschland   Designer: Arch. Gianni Sola     Die Firma Franz Weber Fensterbau wird in [...]<\/p><\/div><\/div><div class=\"fusion-meta-info\"><div class=\"fusion-alignleft\"><a class=\"fusion-read-more\" href=\"https:\/\/showmotion.it\/de\/franz-weber\/\" aria-label=\"More on Franz Weber\">Weiterlesen<\/a><\/div><\/div><\/div><div class=\"fusion-clearfix\"><\/div><\/div>\n<\/article>\n<article id=\"blog-1-post-4490\" class=\"fusion-post-grid post-4490 post type-post status-publish format-standard has-post-thumbnail hentry category-referenzen tag-fliesen-und-platten tag-holzboden-parkett-vinyl-laminat-kork tag-naturstein-utdoor-fliesen tag-sanitaer-badmoebel\">\n<div class=\"fusion-post-wrapper\" style=\"background-color:rgba(255,255,255,0);border:1px solid #ebeaea;border-bottom-width:3px;\">\n\n\t\t\t<div class=\"fusion-flexslider flexslider fusion-flexslider-loading fusion-post-slideshow\" style=\"border-color:#ebeaea;\">\n\t\t<ul class=\"slides\">\n\t\t\t\n\t\t\t\t\t\t\t\t\t\t\t\t\t\t<li><div  class=\"fusion-image-wrapper\" aria-haspopup=\"true\">\n\t\t\t\t<img loading=\"lazy\" decoding=\"async\" width=\"970\" height=\"455\" src=\"https:\/\/showmotion.it\/wp-content\/uploads\/2019\/11\/ShowMotion_PLANELLA-SA_projet-et-realisation-de-salle-dexpo.jpg\" class=\"attachment-full size-full lazyload wp-post-image\" alt=\"\" srcset=\"data:image\/svg+xml,%3Csvg%20xmlns%3D%27http%3A%2F%2Fwww.w3.org%2F2000%2Fsvg%27%20width%3D%27970%27%20height%3D%27455%27%20viewBox%3D%270%200%20970%20455%27%3E%3Crect%20width%3D%27970%27%20height%3D%27455%27%20fill-opacity%3D%220%22%2F%3E%3C%2Fsvg%3E\" data-orig-src=\"https:\/\/showmotion.it\/wp-content\/uploads\/2019\/11\/ShowMotion_PLANELLA-SA_projet-et-realisation-de-salle-dexpo.jpg\" data-srcset=\"https:\/\/showmotion.it\/wp-content\/uploads\/2019\/11\/ShowMotion_PLANELLA-SA_projet-et-realisation-de-salle-dexpo-200x94.jpg 200w, https:\/\/showmotion.it\/wp-content\/uploads\/2019\/11\/ShowMotion_PLANELLA-SA_projet-et-realisation-de-salle-dexpo-400x188.jpg 400w, https:\/\/showmotion.it\/wp-content\/uploads\/2019\/11\/ShowMotion_PLANELLA-SA_projet-et-realisation-de-salle-dexpo-600x281.jpg 600w, https:\/\/showmotion.it\/wp-content\/uploads\/2019\/11\/ShowMotion_PLANELLA-SA_projet-et-realisation-de-salle-dexpo-800x375.jpg 800w, https:\/\/showmotion.it\/wp-content\/uploads\/2019\/11\/ShowMotion_PLANELLA-SA_projet-et-realisation-de-salle-dexpo.jpg 970w\" data-sizes=\"auto\" \/><div class=\"fusion-rollover\">\n\t<div class=\"fusion-rollover-content\">\n\n\t\t\t\t\t\t\t\t\t\t\t\t\t\t<a class=\"fusion-rollover-link\" href=\"https:\/\/showmotion.it\/de\/planella\/\">Planella<\/a>\n\t\t\t\n\t\t\t\t\t\t\t\t\t\t\t\t\t\t\n\t\t\t\t\t\t\t\t\n\t\t\t\t\t\t\t\t\t\t\t\t\t<div class=\"fusion-rollover-sep\"><\/div>\n\t\t\t\t\n\t\t\t\t\t\t\t\t\t\t\t\t\t\t\t\t\t\t<a class=\"fusion-rollover-gallery\" href=\"https:\/\/showmotion.it\/wp-content\/uploads\/2019\/11\/ShowMotion_PLANELLA-SA_projet-et-realisation-de-salle-dexpo.jpg\" data-id=\"4490\" data-rel=\"iLightbox[gallery]\" data-title=\"ShowMotion_PLANELLA SA_projet et realisation de salle d&#039;expo\" data-caption=\"\">\n\t\t\t\t\t\tGallerie\t\t\t\t\t<\/a>\n\t\t\t\t\t\t\t\t\t\t\t\t\t\t\n\t\t\n\t\t\t\t\t\t\t\t\t\t\t\t<h4 class=\"fusion-rollover-title\">\n\t\t\t\t\t<a class=\"fusion-rollover-title-link\" href=\"https:\/\/showmotion.it\/de\/planella\/\">\n\t\t\t\t\t\tPlanella\t\t\t\t\t<\/a>\n\t\t\t\t<\/h4>\n\t\t\t\n\t\t\t\t\t\t\t\t\n\t\t\n\t\t\t\t\t\t<a class=\"fusion-link-wrapper\" href=\"https:\/\/showmotion.it\/de\/planella\/\" aria-label=\"Planella\"><\/a>\n\t<\/div>\n<\/div>\n<\/div>\n<\/li>\n\t\t\t\n\t\t\t\n\t\t\t\t\t\t\t\t\t\t\t\t\t\t\t\t\t\t\t\t\t\t\t\t\t\t\t\t\t\t\t\t\t\t\t\t\t\t\t\t\t\t\t\t\t\t\t\t\t\t\t\t\t\t\t\t\t\t\t\t\t\t\t\t\t\t\t\t<\/ul>\n\t<\/div>\n\t<div class=\"fusion-post-content-wrapper\" style=\"padding:30px 25px 20px 25px;\"><div class=\"fusion-post-content post-content\"><h2 class=\"blog-shortcode-post-title entry-title\"><a href=\"https:\/\/showmotion.it\/de\/planella\/\">Planella<\/a><\/h2><div class=\"fusion-content-sep sep-double sep-solid\"><\/div><div class=\"fusion-post-content-container\"><p>       Standort: Genf, Schweiz   Designer: Arch. Gianni Sola     Der Ausstellungsraum von Planella, der strategisch nur wenige Meter von der Produktionsst\u00e4tte von Rolex entfernt liegt, bietet einige der besten [...]<\/p><\/div><\/div><div class=\"fusion-meta-info\"><div class=\"fusion-alignleft\"><a class=\"fusion-read-more\" href=\"https:\/\/showmotion.it\/de\/planella\/\" aria-label=\"More on Planella\">Weiterlesen<\/a><\/div><\/div><\/div><div class=\"fusion-clearfix\"><\/div><\/div>\n<\/article>\n<article id=\"blog-1-post-4496\" class=\"fusion-post-grid post-4496 post type-post status-publish format-standard has-post-thumbnail hentry category-referenzen tag-fliesen-und-platten\">\n<div class=\"fusion-post-wrapper\" style=\"background-color:rgba(255,255,255,0);border:1px solid #ebeaea;border-bottom-width:3px;\">\n\n\t\t\t<div class=\"fusion-flexslider flexslider fusion-flexslider-loading fusion-post-slideshow\" style=\"border-color:#ebeaea;\">\n\t\t<ul class=\"slides\">\n\t\t\t\n\t\t\t\t\t\t\t\t\t\t\t\t\t\t<li><div  class=\"fusion-image-wrapper\" aria-haspopup=\"true\">\n\t\t\t\t<img loading=\"lazy\" decoding=\"async\" width=\"970\" height=\"647\" src=\"https:\/\/showmotion.it\/wp-content\/uploads\/2019\/11\/ShowMotion_MARCA-CORONA_Gruppo-Concorde_Praesentationsmoebel-Fliesen-Bodenbelaege.jpg\" class=\"attachment-full size-full lazyload wp-post-image\" alt=\"\" srcset=\"data:image\/svg+xml,%3Csvg%20xmlns%3D%27http%3A%2F%2Fwww.w3.org%2F2000%2Fsvg%27%20width%3D%27970%27%20height%3D%27647%27%20viewBox%3D%270%200%20970%20647%27%3E%3Crect%20width%3D%27970%27%20height%3D%27647%27%20fill-opacity%3D%220%22%2F%3E%3C%2Fsvg%3E\" data-orig-src=\"https:\/\/showmotion.it\/wp-content\/uploads\/2019\/11\/ShowMotion_MARCA-CORONA_Gruppo-Concorde_Praesentationsmoebel-Fliesen-Bodenbelaege.jpg\" data-srcset=\"https:\/\/showmotion.it\/wp-content\/uploads\/2019\/11\/ShowMotion_MARCA-CORONA_Gruppo-Concorde_Praesentationsmoebel-Fliesen-Bodenbelaege-200x133.jpg 200w, https:\/\/showmotion.it\/wp-content\/uploads\/2019\/11\/ShowMotion_MARCA-CORONA_Gruppo-Concorde_Praesentationsmoebel-Fliesen-Bodenbelaege-400x267.jpg 400w, https:\/\/showmotion.it\/wp-content\/uploads\/2019\/11\/ShowMotion_MARCA-CORONA_Gruppo-Concorde_Praesentationsmoebel-Fliesen-Bodenbelaege-600x400.jpg 600w, https:\/\/showmotion.it\/wp-content\/uploads\/2019\/11\/ShowMotion_MARCA-CORONA_Gruppo-Concorde_Praesentationsmoebel-Fliesen-Bodenbelaege-800x534.jpg 800w, https:\/\/showmotion.it\/wp-content\/uploads\/2019\/11\/ShowMotion_MARCA-CORONA_Gruppo-Concorde_Praesentationsmoebel-Fliesen-Bodenbelaege.jpg 970w\" data-sizes=\"auto\" \/><div class=\"fusion-rollover\">\n\t<div class=\"fusion-rollover-content\">\n\n\t\t\t\t\t\t\t\t\t\t\t\t\t\t<a class=\"fusion-rollover-link\" href=\"https:\/\/showmotion.it\/de\/marca-corona\/\">Marca Corona<\/a>\n\t\t\t\n\t\t\t\t\t\t\t\t\t\t\t\t\t\t\n\t\t\t\t\t\t\t\t\n\t\t\t\t\t\t\t\t\t\t\t\t\t<div class=\"fusion-rollover-sep\"><\/div>\n\t\t\t\t\n\t\t\t\t\t\t\t\t\t\t\t\t\t\t\t\t\t\t<a class=\"fusion-rollover-gallery\" href=\"https:\/\/showmotion.it\/wp-content\/uploads\/2019\/11\/ShowMotion_MARCA-CORONA_Gruppo-Concorde_Praesentationsmoebel-Fliesen-Bodenbelaege.jpg\" data-id=\"4496\" data-rel=\"iLightbox[gallery]\" data-title=\"ShowMotion_MARCA CORONA_Gruppo Concorde_Praesentationsmoebel Fliesen Bodenbelaege\" data-caption=\"\">\n\t\t\t\t\t\tGallerie\t\t\t\t\t<\/a>\n\t\t\t\t\t\t\t\t\t\t\t\t\t\t\n\t\t\n\t\t\t\t\t\t\t\t\t\t\t\t<h4 class=\"fusion-rollover-title\">\n\t\t\t\t\t<a class=\"fusion-rollover-title-link\" href=\"https:\/\/showmotion.it\/de\/marca-corona\/\">\n\t\t\t\t\t\tMarca Corona\t\t\t\t\t<\/a>\n\t\t\t\t<\/h4>\n\t\t\t\n\t\t\t\t\t\t\t\t\n\t\t\n\t\t\t\t\t\t<a class=\"fusion-link-wrapper\" href=\"https:\/\/showmotion.it\/de\/marca-corona\/\" aria-label=\"Marca Corona\"><\/a>\n\t<\/div>\n<\/div>\n<\/div>\n<\/li>\n\t\t\t\n\t\t\t\n\t\t\t\t\t\t\t\t\t\t\t\t\t\t\t\t\t\t\t\t\t\t\t\t\t\t\t\t\t\t\t\t\t\t\t\t\t\t\t\t\t\t\t\t\t\t\t\t\t\t\t\t\t\t\t\t\t\t\t\t\t\t\t\t\t\t\t\t<\/ul>\n\t<\/div>\n\t<div class=\"fusion-post-content-wrapper\" style=\"padding:30px 25px 20px 25px;\"><div class=\"fusion-post-content post-content\"><h2 class=\"blog-shortcode-post-title entry-title\"><a href=\"https:\/\/showmotion.it\/de\/marca-corona\/\">Marca Corona<\/a><\/h2><div class=\"fusion-content-sep sep-double sep-solid\"><\/div><div class=\"fusion-post-content-container\"><p>           Standort: Sassuolo, Emilia-Romagna, Italien   Designer: DEFERRARI e MODESTI - www.deferrari-modesti.com     Das 1741 gegr\u00fcndete Unternehmen Marca Corona ist der \u00e4lteste Fliesenhersteller in der Keramikfliesenbranche [...]<\/p><\/div><\/div><div class=\"fusion-meta-info\"><div class=\"fusion-alignleft\"><a class=\"fusion-read-more\" href=\"https:\/\/showmotion.it\/de\/marca-corona\/\" aria-label=\"More on Marca Corona\">Weiterlesen<\/a><\/div><\/div><\/div><div class=\"fusion-clearfix\"><\/div><\/div>\n<\/article>\n<article id=\"blog-1-post-4506\" class=\"fusion-post-grid post-4506 post type-post status-publish format-standard has-post-thumbnail hentry category-referenzen tag-bauelemente-hausturen-fenster-tore tag-innentueren-zimmertueren\">\n<div class=\"fusion-post-wrapper\" style=\"background-color:rgba(255,255,255,0);border:1px solid #ebeaea;border-bottom-width:3px;\">\n\n\t\t\t<div class=\"fusion-flexslider flexslider fusion-flexslider-loading fusion-post-slideshow\" style=\"border-color:#ebeaea;\">\n\t\t<ul class=\"slides\">\n\t\t\t\n\t\t\t\t\t\t\t\t\t\t\t\t\t\t<li><div  class=\"fusion-image-wrapper\" aria-haspopup=\"true\">\n\t\t\t\t<img loading=\"lazy\" decoding=\"async\" width=\"970\" height=\"645\" src=\"https:\/\/showmotion.it\/wp-content\/uploads\/2019\/11\/ShowMotion_PROPOSTA-INFISSI_progettazione-e-realizzazione-esposizione-di-porte-e-finestre.jpg\" class=\"attachment-full size-full lazyload wp-post-image\" alt=\"\" srcset=\"data:image\/svg+xml,%3Csvg%20xmlns%3D%27http%3A%2F%2Fwww.w3.org%2F2000%2Fsvg%27%20width%3D%27970%27%20height%3D%27645%27%20viewBox%3D%270%200%20970%20645%27%3E%3Crect%20width%3D%27970%27%20height%3D%27645%27%20fill-opacity%3D%220%22%2F%3E%3C%2Fsvg%3E\" data-orig-src=\"https:\/\/showmotion.it\/wp-content\/uploads\/2019\/11\/ShowMotion_PROPOSTA-INFISSI_progettazione-e-realizzazione-esposizione-di-porte-e-finestre.jpg\" data-srcset=\"https:\/\/showmotion.it\/wp-content\/uploads\/2019\/11\/ShowMotion_PROPOSTA-INFISSI_progettazione-e-realizzazione-esposizione-di-porte-e-finestre-200x133.jpg 200w, https:\/\/showmotion.it\/wp-content\/uploads\/2019\/11\/ShowMotion_PROPOSTA-INFISSI_progettazione-e-realizzazione-esposizione-di-porte-e-finestre-400x266.jpg 400w, https:\/\/showmotion.it\/wp-content\/uploads\/2019\/11\/ShowMotion_PROPOSTA-INFISSI_progettazione-e-realizzazione-esposizione-di-porte-e-finestre-600x399.jpg 600w, https:\/\/showmotion.it\/wp-content\/uploads\/2019\/11\/ShowMotion_PROPOSTA-INFISSI_progettazione-e-realizzazione-esposizione-di-porte-e-finestre-800x532.jpg 800w, https:\/\/showmotion.it\/wp-content\/uploads\/2019\/11\/ShowMotion_PROPOSTA-INFISSI_progettazione-e-realizzazione-esposizione-di-porte-e-finestre.jpg 970w\" data-sizes=\"auto\" \/><div class=\"fusion-rollover\">\n\t<div class=\"fusion-rollover-content\">\n\n\t\t\t\t\t\t\t\t\t\t\t\t\t\t<a class=\"fusion-rollover-link\" href=\"https:\/\/showmotion.it\/de\/proposta-infissi\/\">Proposta Infissi<\/a>\n\t\t\t\n\t\t\t\t\t\t\t\t\t\t\t\t\t\t\n\t\t\t\t\t\t\t\t\n\t\t\t\t\t\t\t\t\t\t\t\t\t<div class=\"fusion-rollover-sep\"><\/div>\n\t\t\t\t\n\t\t\t\t\t\t\t\t\t\t\t\t\t\t\t\t\t\t<a class=\"fusion-rollover-gallery\" href=\"https:\/\/showmotion.it\/wp-content\/uploads\/2019\/11\/ShowMotion_PROPOSTA-INFISSI_progettazione-e-realizzazione-esposizione-di-porte-e-finestre.jpg\" data-id=\"4506\" data-rel=\"iLightbox[gallery]\" data-title=\"ShowMotion_PROPOSTA INFISSI_progettazione e realizzazione esposizione di porte e finestre\" data-caption=\"\">\n\t\t\t\t\t\tGallerie\t\t\t\t\t<\/a>\n\t\t\t\t\t\t\t\t\t\t\t\t\t\t\n\t\t\n\t\t\t\t\t\t\t\t\t\t\t\t<h4 class=\"fusion-rollover-title\">\n\t\t\t\t\t<a class=\"fusion-rollover-title-link\" href=\"https:\/\/showmotion.it\/de\/proposta-infissi\/\">\n\t\t\t\t\t\tProposta Infissi\t\t\t\t\t<\/a>\n\t\t\t\t<\/h4>\n\t\t\t\n\t\t\t\t\t\t\t\t\n\t\t\n\t\t\t\t\t\t<a class=\"fusion-link-wrapper\" href=\"https:\/\/showmotion.it\/de\/proposta-infissi\/\" aria-label=\"Proposta Infissi\"><\/a>\n\t<\/div>\n<\/div>\n<\/div>\n<\/li>\n\t\t\t\n\t\t\t\n\t\t\t\t\t\t\t\t\t\t\t\t\t\t\t\t\t\t\t\t\t\t\t\t\t\t\t\t\t\t\t\t\t\t\t\t\t\t\t\t\t\t\t\t\t\t\t\t\t\t\t\t\t\t\t\t\t\t\t\t\t\t\t\t\t\t\t\t<\/ul>\n\t<\/div>\n\t<div class=\"fusion-post-content-wrapper\" style=\"padding:30px 25px 20px 25px;\"><div class=\"fusion-post-content post-content\"><h2 class=\"blog-shortcode-post-title entry-title\"><a href=\"https:\/\/showmotion.it\/de\/proposta-infissi\/\">Proposta Infissi<\/a><\/h2><div class=\"fusion-content-sep sep-double sep-solid\"><\/div><div class=\"fusion-post-content-container\"><p>         Standort: Livorno, Toskana, Italien   Designer: Arch. Gianni Sola     Proposta Infissi ist ein Unternehmen, das auf den Handel und den Einbau von Innent\u00fcren, Haust\u00fcren, Sicherheitst\u00fcren, Fenstern [...]<\/p><\/div><\/div><div class=\"fusion-meta-info\"><div class=\"fusion-alignleft\"><a class=\"fusion-read-more\" href=\"https:\/\/showmotion.it\/de\/proposta-infissi\/\" aria-label=\"More on Proposta Infissi\">Weiterlesen<\/a><\/div><\/div><\/div><div class=\"fusion-clearfix\"><\/div><\/div>\n<\/article>\n<article id=\"blog-1-post-4514\" class=\"fusion-post-grid post-4514 post type-post status-publish format-standard has-post-thumbnail hentry category-referenzen tag-bauelemente-hausturen-fenster-tore tag-innentueren-zimmertueren\">\n<div class=\"fusion-post-wrapper\" style=\"background-color:rgba(255,255,255,0);border:1px solid #ebeaea;border-bottom-width:3px;\">\n\n\t\t\t<div class=\"fusion-flexslider flexslider fusion-flexslider-loading fusion-post-slideshow\" style=\"border-color:#ebeaea;\">\n\t\t<ul class=\"slides\">\n\t\t\t\n\t\t\t\t\t\t\t\t\t\t\t\t\t\t<li><div  class=\"fusion-image-wrapper\" aria-haspopup=\"true\">\n\t\t\t\t<img loading=\"lazy\" decoding=\"async\" width=\"970\" height=\"646\" src=\"https:\/\/showmotion.it\/wp-content\/uploads\/2019\/10\/4849.jpg\" class=\"attachment-full size-full lazyload wp-post-image\" alt=\"\" srcset=\"data:image\/svg+xml,%3Csvg%20xmlns%3D%27http%3A%2F%2Fwww.w3.org%2F2000%2Fsvg%27%20width%3D%27970%27%20height%3D%27646%27%20viewBox%3D%270%200%20970%20646%27%3E%3Crect%20width%3D%27970%27%20height%3D%27646%27%20fill-opacity%3D%220%22%2F%3E%3C%2Fsvg%3E\" data-orig-src=\"https:\/\/showmotion.it\/wp-content\/uploads\/2019\/10\/4849.jpg\" data-srcset=\"https:\/\/showmotion.it\/wp-content\/uploads\/2019\/10\/4849-200x133.jpg 200w, https:\/\/showmotion.it\/wp-content\/uploads\/2019\/10\/4849-400x266.jpg 400w, https:\/\/showmotion.it\/wp-content\/uploads\/2019\/10\/4849-600x400.jpg 600w, https:\/\/showmotion.it\/wp-content\/uploads\/2019\/10\/4849-800x533.jpg 800w, https:\/\/showmotion.it\/wp-content\/uploads\/2019\/10\/4849.jpg 970w\" data-sizes=\"auto\" \/><div class=\"fusion-rollover\">\n\t<div class=\"fusion-rollover-content\">\n\n\t\t\t\t\t\t\t\t\t\t\t\t\t\t<a class=\"fusion-rollover-link\" href=\"https:\/\/showmotion.it\/de\/domosystem\/\">Domosystem<\/a>\n\t\t\t\n\t\t\t\t\t\t\t\t\t\t\t\t\t\t\n\t\t\t\t\t\t\t\t\n\t\t\t\t\t\t\t\t\t\t\t\t\t<div class=\"fusion-rollover-sep\"><\/div>\n\t\t\t\t\n\t\t\t\t\t\t\t\t\t\t\t\t\t\t\t\t\t\t<a class=\"fusion-rollover-gallery\" href=\"https:\/\/showmotion.it\/wp-content\/uploads\/2019\/10\/4849.jpg\" data-id=\"4514\" data-rel=\"iLightbox[gallery]\" data-title=\"4849\" data-caption=\"\">\n\t\t\t\t\t\tGallerie\t\t\t\t\t<\/a>\n\t\t\t\t\t\t\t\t\t\t\t\t\t\t\n\t\t\n\t\t\t\t\t\t\t\t\t\t\t\t<h4 class=\"fusion-rollover-title\">\n\t\t\t\t\t<a class=\"fusion-rollover-title-link\" href=\"https:\/\/showmotion.it\/de\/domosystem\/\">\n\t\t\t\t\t\tDomosystem\t\t\t\t\t<\/a>\n\t\t\t\t<\/h4>\n\t\t\t\n\t\t\t\t\t\t\t\t\n\t\t\n\t\t\t\t\t\t<a class=\"fusion-link-wrapper\" href=\"https:\/\/showmotion.it\/de\/domosystem\/\" aria-label=\"Domosystem\"><\/a>\n\t<\/div>\n<\/div>\n<\/div>\n<\/li>\n\t\t\t\n\t\t\t\n\t\t\t\t\t\t\t\t\t\t\t\t\t\t\t\t\t\t\t\t\t\t\t\t\t\t\t\t\t\t\t\t\t\t\t\t\t\t\t\t\t\t\t\t\t\t\t\t\t\t\t\t\t\t\t\t\t\t\t\t\t\t\t\t\t\t\t\t<\/ul>\n\t<\/div>\n\t<div class=\"fusion-post-content-wrapper\" style=\"padding:30px 25px 20px 25px;\"><div class=\"fusion-post-content post-content\"><h2 class=\"blog-shortcode-post-title entry-title\"><a href=\"https:\/\/showmotion.it\/de\/domosystem\/\">Domosystem<\/a><\/h2><div class=\"fusion-content-sep sep-double sep-solid\"><\/div><div class=\"fusion-post-content-container\"><p>           Standort: Pesaro, Marken, Italien   Designer: Arch. Gianni Sola     Showroom mit Befestigungen, T\u00fcren, Fenstern und Innent\u00fcren von ShowMotion, entwickelt auf drei Etagen mit einer [...]<\/p><\/div><\/div><div class=\"fusion-meta-info\"><div class=\"fusion-alignleft\"><a class=\"fusion-read-more\" href=\"https:\/\/showmotion.it\/de\/domosystem\/\" aria-label=\"More on Domosystem\">Weiterlesen<\/a><\/div><\/div><\/div><div class=\"fusion-clearfix\"><\/div><\/div>\n<\/article>\n<article id=\"blog-1-post-4524\" class=\"fusion-post-grid post-4524 post type-post status-publish format-standard has-post-thumbnail hentry category-referenzen tag-andere-sektoren tag-kuechen\">\n<div class=\"fusion-post-wrapper\" style=\"background-color:rgba(255,255,255,0);border:1px solid #ebeaea;border-bottom-width:3px;\">\n\n\t\t\t<div class=\"fusion-flexslider flexslider fusion-flexslider-loading fusion-post-slideshow\" style=\"border-color:#ebeaea;\">\n\t\t<ul class=\"slides\">\n\t\t\t\n\t\t\t\t\t\t\t\t\t\t\t\t\t\t<li><div  class=\"fusion-image-wrapper\" aria-haspopup=\"true\">\n\t\t\t\t<img loading=\"lazy\" decoding=\"async\" width=\"970\" height=\"646\" src=\"https:\/\/showmotion.it\/wp-content\/uploads\/2019\/10\/25.jpg\" class=\"attachment-full size-full lazyload wp-post-image\" alt=\"\" srcset=\"data:image\/svg+xml,%3Csvg%20xmlns%3D%27http%3A%2F%2Fwww.w3.org%2F2000%2Fsvg%27%20width%3D%27970%27%20height%3D%27646%27%20viewBox%3D%270%200%20970%20646%27%3E%3Crect%20width%3D%27970%27%20height%3D%27646%27%20fill-opacity%3D%220%22%2F%3E%3C%2Fsvg%3E\" data-orig-src=\"https:\/\/showmotion.it\/wp-content\/uploads\/2019\/10\/25.jpg\" data-srcset=\"https:\/\/showmotion.it\/wp-content\/uploads\/2019\/10\/25-200x133.jpg 200w, https:\/\/showmotion.it\/wp-content\/uploads\/2019\/10\/25-400x266.jpg 400w, https:\/\/showmotion.it\/wp-content\/uploads\/2019\/10\/25-600x400.jpg 600w, https:\/\/showmotion.it\/wp-content\/uploads\/2019\/10\/25-800x533.jpg 800w, https:\/\/showmotion.it\/wp-content\/uploads\/2019\/10\/25.jpg 970w\" data-sizes=\"auto\" \/><div class=\"fusion-rollover\">\n\t<div class=\"fusion-rollover-content\">\n\n\t\t\t\t\t\t\t\t\t\t\t\t\t\t<a class=\"fusion-rollover-link\" href=\"https:\/\/showmotion.it\/de\/2r-incasso\/\">2R Incasso<\/a>\n\t\t\t\n\t\t\t\t\t\t\t\t\t\t\t\t\t\t\n\t\t\t\t\t\t\t\t\n\t\t\t\t\t\t\t\t\t\t\t\t\t<div class=\"fusion-rollover-sep\"><\/div>\n\t\t\t\t\n\t\t\t\t\t\t\t\t\t\t\t\t\t\t\t\t\t\t<a class=\"fusion-rollover-gallery\" href=\"https:\/\/showmotion.it\/wp-content\/uploads\/2019\/10\/25.jpg\" data-id=\"4524\" data-rel=\"iLightbox[gallery]\" data-title=\"25\" data-caption=\"\">\n\t\t\t\t\t\tGallerie\t\t\t\t\t<\/a>\n\t\t\t\t\t\t\t\t\t\t\t\t\t\t\n\t\t\n\t\t\t\t\t\t\t\t\t\t\t\t<h4 class=\"fusion-rollover-title\">\n\t\t\t\t\t<a class=\"fusion-rollover-title-link\" href=\"https:\/\/showmotion.it\/de\/2r-incasso\/\">\n\t\t\t\t\t\t2R Incasso\t\t\t\t\t<\/a>\n\t\t\t\t<\/h4>\n\t\t\t\n\t\t\t\t\t\t\t\t\n\t\t\n\t\t\t\t\t\t<a class=\"fusion-link-wrapper\" href=\"https:\/\/showmotion.it\/de\/2r-incasso\/\" aria-label=\"2R Incasso\"><\/a>\n\t<\/div>\n<\/div>\n<\/div>\n<\/li>\n\t\t\t\n\t\t\t\n\t\t\t\t\t\t\t\t\t\t\t\t\t\t\t\t\t\t\t\t\t\t\t\t\t\t\t\t\t\t\t\t\t\t\t\t\t\t\t\t\t\t\t\t\t\t\t\t\t\t\t\t\t\t\t\t\t\t\t\t\t\t\t\t\t\t\t\t<\/ul>\n\t<\/div>\n\t<div class=\"fusion-post-content-wrapper\" style=\"padding:30px 25px 20px 25px;\"><div class=\"fusion-post-content post-content\"><h2 class=\"blog-shortcode-post-title entry-title\"><a href=\"https:\/\/showmotion.it\/de\/2r-incasso\/\">2R Incasso<\/a><\/h2><div class=\"fusion-content-sep sep-double sep-solid\"><\/div><div class=\"fusion-post-content-container\"><p>           Standort: Modena, Emilia-Romagna, Italien   Designer: Carlo Levrini     2R incasso ist auf den Gro\u00dfhandel mit Einbauger\u00e4ten renommierter Marken wie Franke, Neff und Gaggenau spezialisiert. [...]<\/p><\/div><\/div><div class=\"fusion-meta-info\"><div class=\"fusion-alignleft\"><a class=\"fusion-read-more\" href=\"https:\/\/showmotion.it\/de\/2r-incasso\/\" aria-label=\"More on 2R Incasso\">Weiterlesen<\/a><\/div><\/div><\/div><div class=\"fusion-clearfix\"><\/div><\/div>\n<\/article>\n<article id=\"blog-1-post-4534\" class=\"fusion-post-grid post-4534 post type-post status-publish format-standard has-post-thumbnail hentry category-referenzen tag-bauelemente-hausturen-fenster-tore tag-innentueren-zimmertueren\">\n<div class=\"fusion-post-wrapper\" style=\"background-color:rgba(255,255,255,0);border:1px solid #ebeaea;border-bottom-width:3px;\">\n\n\t\t\t<div class=\"fusion-flexslider flexslider fusion-flexslider-loading fusion-post-slideshow\" style=\"border-color:#ebeaea;\">\n\t\t<ul class=\"slides\">\n\t\t\t\n\t\t\t\t\t\t\t\t\t\t\t\t\t\t<li><div  class=\"fusion-image-wrapper\" aria-haspopup=\"true\">\n\t\t\t\t<img loading=\"lazy\" decoding=\"async\" width=\"707\" height=\"720\" src=\"https:\/\/showmotion.it\/wp-content\/uploads\/2019\/11\/Showmotion_CASEO-MAISON_Filiale-Macon_Planung-der-Ausstellung-von-Bauelementen-BelM-Groke.jpg\" class=\"attachment-full size-full lazyload wp-post-image\" alt=\"\" srcset=\"data:image\/svg+xml,%3Csvg%20xmlns%3D%27http%3A%2F%2Fwww.w3.org%2F2000%2Fsvg%27%20width%3D%27707%27%20height%3D%27720%27%20viewBox%3D%270%200%20707%20720%27%3E%3Crect%20width%3D%27707%27%20height%3D%27720%27%20fill-opacity%3D%220%22%2F%3E%3C%2Fsvg%3E\" data-orig-src=\"https:\/\/showmotion.it\/wp-content\/uploads\/2019\/11\/Showmotion_CASEO-MAISON_Filiale-Macon_Planung-der-Ausstellung-von-Bauelementen-BelM-Groke.jpg\" data-srcset=\"https:\/\/showmotion.it\/wp-content\/uploads\/2019\/11\/Showmotion_CASEO-MAISON_Filiale-Macon_Planung-der-Ausstellung-von-Bauelementen-BelM-Groke-200x204.jpg 200w, https:\/\/showmotion.it\/wp-content\/uploads\/2019\/11\/Showmotion_CASEO-MAISON_Filiale-Macon_Planung-der-Ausstellung-von-Bauelementen-BelM-Groke-400x407.jpg 400w, https:\/\/showmotion.it\/wp-content\/uploads\/2019\/11\/Showmotion_CASEO-MAISON_Filiale-Macon_Planung-der-Ausstellung-von-Bauelementen-BelM-Groke-600x611.jpg 600w, https:\/\/showmotion.it\/wp-content\/uploads\/2019\/11\/Showmotion_CASEO-MAISON_Filiale-Macon_Planung-der-Ausstellung-von-Bauelementen-BelM-Groke.jpg 707w\" data-sizes=\"auto\" \/><div class=\"fusion-rollover\">\n\t<div class=\"fusion-rollover-content\">\n\n\t\t\t\t\t\t\t\t\t\t\t\t\t\t<a class=\"fusion-rollover-link\" href=\"https:\/\/showmotion.it\/de\/caseo-maison\/\">Caseo Maison<\/a>\n\t\t\t\n\t\t\t\t\t\t\t\t\t\t\t\t\t\t\n\t\t\t\t\t\t\t\t\n\t\t\t\t\t\t\t\t\t\t\t\t\t<div class=\"fusion-rollover-sep\"><\/div>\n\t\t\t\t\n\t\t\t\t\t\t\t\t\t\t\t\t\t\t\t\t\t\t<a class=\"fusion-rollover-gallery\" href=\"https:\/\/showmotion.it\/wp-content\/uploads\/2019\/11\/Showmotion_CASEO-MAISON_Filiale-Macon_Planung-der-Ausstellung-von-Bauelementen-BelM-Groke.jpg\" data-id=\"4534\" data-rel=\"iLightbox[gallery]\" data-title=\"Showmotion_CASEO MAISON_Filiale Macon_Planung der Ausstellung von Bauelementen Bel&#039;M Groke\" data-caption=\"\">\n\t\t\t\t\t\tGallerie\t\t\t\t\t<\/a>\n\t\t\t\t\t\t\t\t\t\t\t\t\t\t\n\t\t\n\t\t\t\t\t\t\t\t\t\t\t\t<h4 class=\"fusion-rollover-title\">\n\t\t\t\t\t<a class=\"fusion-rollover-title-link\" href=\"https:\/\/showmotion.it\/de\/caseo-maison\/\">\n\t\t\t\t\t\tCaseo Maison\t\t\t\t\t<\/a>\n\t\t\t\t<\/h4>\n\t\t\t\n\t\t\t\t\t\t\t\t\n\t\t\n\t\t\t\t\t\t<a class=\"fusion-link-wrapper\" href=\"https:\/\/showmotion.it\/de\/caseo-maison\/\" aria-label=\"Caseo Maison\"><\/a>\n\t<\/div>\n<\/div>\n<\/div>\n<\/li>\n\t\t\t\n\t\t\t\n\t\t\t\t\t\t\t\t\t\t\t\t\t\t\t\t\t\t\t\t\t\t\t\t\t\t\t\t\t\t\t\t\t\t\t\t\t\t\t\t\t\t\t\t\t\t\t\t\t\t\t\t\t\t\t\t\t\t\t\t\t\t\t\t\t\t\t\t<\/ul>\n\t<\/div>\n\t<div class=\"fusion-post-content-wrapper\" style=\"padding:30px 25px 20px 25px;\"><div class=\"fusion-post-content post-content\"><h2 class=\"blog-shortcode-post-title entry-title\"><a href=\"https:\/\/showmotion.it\/de\/caseo-maison\/\">Caseo Maison<\/a><\/h2><div class=\"fusion-content-sep sep-double sep-solid\"><\/div><div class=\"fusion-post-content-container\"><p>        Standort: M\u00e2con, Frankreich   Designer: Arch. Marco Morelli     Die Caseo-Gruppe hat Niederlassungen in ganz Frankreich. F\u00fcr den Showroom in M\u00e2con vertraute das Unternehmen auf ShowMotion, das die [...]<\/p><\/div><\/div><div class=\"fusion-meta-info\"><div class=\"fusion-alignleft\"><a class=\"fusion-read-more\" href=\"https:\/\/showmotion.it\/de\/caseo-maison\/\" aria-label=\"More on Caseo Maison\">Weiterlesen<\/a><\/div><\/div><\/div><div class=\"fusion-clearfix\"><\/div><\/div>\n<\/article>\n<article id=\"blog-1-post-4541\" class=\"fusion-post-grid post-4541 post type-post status-publish format-standard has-post-thumbnail hentry category-referenzen tag-fliesen-und-platten tag-naturstein-utdoor-fliesen tag-sanitaer-badmoebel\">\n<div class=\"fusion-post-wrapper\" style=\"background-color:rgba(255,255,255,0);border:1px solid #ebeaea;border-bottom-width:3px;\">\n\n\t\t\t<div class=\"fusion-flexslider flexslider fusion-flexslider-loading fusion-post-slideshow\" style=\"border-color:#ebeaea;\">\n\t\t<ul class=\"slides\">\n\t\t\t\n\t\t\t\t\t\t\t\t\t\t\t\t\t\t<li><div  class=\"fusion-image-wrapper\" aria-haspopup=\"true\">\n\t\t\t\t<img loading=\"lazy\" decoding=\"async\" width=\"961\" height=\"720\" src=\"https:\/\/showmotion.it\/wp-content\/uploads\/2019\/11\/ShowMotion_Alain-Vera_Salle-dexposition-pour-carrelage.jpg\" class=\"attachment-full size-full lazyload wp-post-image\" alt=\"\" srcset=\"data:image\/svg+xml,%3Csvg%20xmlns%3D%27http%3A%2F%2Fwww.w3.org%2F2000%2Fsvg%27%20width%3D%27961%27%20height%3D%27720%27%20viewBox%3D%270%200%20961%20720%27%3E%3Crect%20width%3D%27961%27%20height%3D%27720%27%20fill-opacity%3D%220%22%2F%3E%3C%2Fsvg%3E\" data-orig-src=\"https:\/\/showmotion.it\/wp-content\/uploads\/2019\/11\/ShowMotion_Alain-Vera_Salle-dexposition-pour-carrelage.jpg\" data-srcset=\"https:\/\/showmotion.it\/wp-content\/uploads\/2019\/11\/ShowMotion_Alain-Vera_Salle-dexposition-pour-carrelage-200x150.jpg 200w, https:\/\/showmotion.it\/wp-content\/uploads\/2019\/11\/ShowMotion_Alain-Vera_Salle-dexposition-pour-carrelage-400x300.jpg 400w, https:\/\/showmotion.it\/wp-content\/uploads\/2019\/11\/ShowMotion_Alain-Vera_Salle-dexposition-pour-carrelage-600x450.jpg 600w, https:\/\/showmotion.it\/wp-content\/uploads\/2019\/11\/ShowMotion_Alain-Vera_Salle-dexposition-pour-carrelage-800x599.jpg 800w, https:\/\/showmotion.it\/wp-content\/uploads\/2019\/11\/ShowMotion_Alain-Vera_Salle-dexposition-pour-carrelage.jpg 961w\" data-sizes=\"auto\" \/><div class=\"fusion-rollover\">\n\t<div class=\"fusion-rollover-content\">\n\n\t\t\t\t\t\t\t\t\t\t\t\t\t\t<a class=\"fusion-rollover-link\" href=\"https:\/\/showmotion.it\/de\/alain-vera\/\">Alain Vera<\/a>\n\t\t\t\n\t\t\t\t\t\t\t\t\t\t\t\t\t\t\n\t\t\t\t\t\t\t\t\n\t\t\t\t\t\t\t\t\t\t\t\t\t<div class=\"fusion-rollover-sep\"><\/div>\n\t\t\t\t\n\t\t\t\t\t\t\t\t\t\t\t\t\t\t\t\t\t\t<a class=\"fusion-rollover-gallery\" href=\"https:\/\/showmotion.it\/wp-content\/uploads\/2019\/11\/ShowMotion_Alain-Vera_Salle-dexposition-pour-carrelage.jpg\" data-id=\"4541\" data-rel=\"iLightbox[gallery]\" data-title=\"ShowMotion_Alain Vera_Salle d&#039;exposition pour carrelage\" data-caption=\"\">\n\t\t\t\t\t\tGallerie\t\t\t\t\t<\/a>\n\t\t\t\t\t\t\t\t\t\t\t\t\t\t\n\t\t\n\t\t\t\t\t\t\t\t\t\t\t\t<h4 class=\"fusion-rollover-title\">\n\t\t\t\t\t<a class=\"fusion-rollover-title-link\" href=\"https:\/\/showmotion.it\/de\/alain-vera\/\">\n\t\t\t\t\t\tAlain Vera\t\t\t\t\t<\/a>\n\t\t\t\t<\/h4>\n\t\t\t\n\t\t\t\t\t\t\t\t\n\t\t\n\t\t\t\t\t\t<a class=\"fusion-link-wrapper\" href=\"https:\/\/showmotion.it\/de\/alain-vera\/\" aria-label=\"Alain Vera\"><\/a>\n\t<\/div>\n<\/div>\n<\/div>\n<\/li>\n\t\t\t\n\t\t\t\n\t\t\t\t\t\t\t\t\t\t\t\t\t\t\t\t\t\t\t\t\t\t\t\t\t\t\t\t\t\t\t\t\t\t\t\t\t\t\t\t\t\t\t\t\t\t\t\t\t\t\t\t\t\t\t\t\t\t\t\t\t\t\t\t\t\t\t\t<\/ul>\n\t<\/div>\n\t<div class=\"fusion-post-content-wrapper\" style=\"padding:30px 25px 20px 25px;\"><div class=\"fusion-post-content post-content\"><h2 class=\"blog-shortcode-post-title entry-title\"><a href=\"https:\/\/showmotion.it\/de\/alain-vera\/\">Alain Vera<\/a><\/h2><div class=\"fusion-content-sep sep-double sep-solid\"><\/div><div class=\"fusion-post-content-container\"><p>       Standort: Heiliger Martin de Seignanx, Bayonne, Frankreich   Designer: Vanni Rioli     Der Verkaufsraum des Fliesenh\u00e4ndlers Alain Vera pr\u00e4sentiert ein in der Region Aquitanien einzigartiges Konzept mit einem 600 [...]<\/p><\/div><\/div><div class=\"fusion-meta-info\"><div class=\"fusion-alignleft\"><a class=\"fusion-read-more\" href=\"https:\/\/showmotion.it\/de\/alain-vera\/\" aria-label=\"More on Alain Vera\">Weiterlesen<\/a><\/div><\/div><\/div><div class=\"fusion-clearfix\"><\/div><\/div>\n<\/article>\n<article id=\"blog-1-post-4547\" class=\"fusion-post-grid post-4547 post type-post status-publish format-standard has-post-thumbnail hentry category-referenzen tag-fliesen-und-platten tag-sanitaer-badmoebel\">\n<div class=\"fusion-post-wrapper\" style=\"background-color:rgba(255,255,255,0);border:1px solid #ebeaea;border-bottom-width:3px;\">\n\n\t\t\t<div class=\"fusion-flexslider flexslider fusion-flexslider-loading fusion-post-slideshow\" style=\"border-color:#ebeaea;\">\n\t\t<ul class=\"slides\">\n\t\t\t\n\t\t\t\t\t\t\t\t\t\t\t\t\t\t<li><div  class=\"fusion-image-wrapper\" aria-haspopup=\"true\">\n\t\t\t\t<img loading=\"lazy\" decoding=\"async\" width=\"970\" height=\"647\" src=\"https:\/\/showmotion.it\/wp-content\/uploads\/2019\/11\/6138.jpg\" class=\"attachment-full size-full lazyload wp-post-image\" alt=\"\" srcset=\"data:image\/svg+xml,%3Csvg%20xmlns%3D%27http%3A%2F%2Fwww.w3.org%2F2000%2Fsvg%27%20width%3D%27970%27%20height%3D%27647%27%20viewBox%3D%270%200%20970%20647%27%3E%3Crect%20width%3D%27970%27%20height%3D%27647%27%20fill-opacity%3D%220%22%2F%3E%3C%2Fsvg%3E\" data-orig-src=\"https:\/\/showmotion.it\/wp-content\/uploads\/2019\/11\/6138.jpg\" data-srcset=\"https:\/\/showmotion.it\/wp-content\/uploads\/2019\/11\/6138-200x133.jpg 200w, https:\/\/showmotion.it\/wp-content\/uploads\/2019\/11\/6138-400x267.jpg 400w, https:\/\/showmotion.it\/wp-content\/uploads\/2019\/11\/6138-600x400.jpg 600w, https:\/\/showmotion.it\/wp-content\/uploads\/2019\/11\/6138-800x534.jpg 800w, https:\/\/showmotion.it\/wp-content\/uploads\/2019\/11\/6138.jpg 970w\" data-sizes=\"auto\" \/><div class=\"fusion-rollover\">\n\t<div class=\"fusion-rollover-content\">\n\n\t\t\t\t\t\t\t\t\t\t\t\t\t\t<a class=\"fusion-rollover-link\" href=\"https:\/\/showmotion.it\/de\/palagini\/\">Palagini<\/a>\n\t\t\t\n\t\t\t\t\t\t\t\t\t\t\t\t\t\t\n\t\t\t\t\t\t\t\t\n\t\t\t\t\t\t\t\t\t\t\t\t\t<div class=\"fusion-rollover-sep\"><\/div>\n\t\t\t\t\n\t\t\t\t\t\t\t\t\t\t\t\t\t\t\t\t\t\t<a class=\"fusion-rollover-gallery\" href=\"https:\/\/showmotion.it\/wp-content\/uploads\/2019\/11\/6138.jpg\" data-id=\"4547\" data-rel=\"iLightbox[gallery]\" data-title=\"6138\" data-caption=\"\">\n\t\t\t\t\t\tGallerie\t\t\t\t\t<\/a>\n\t\t\t\t\t\t\t\t\t\t\t\t\t\t\n\t\t\n\t\t\t\t\t\t\t\t\t\t\t\t<h4 class=\"fusion-rollover-title\">\n\t\t\t\t\t<a class=\"fusion-rollover-title-link\" href=\"https:\/\/showmotion.it\/de\/palagini\/\">\n\t\t\t\t\t\tPalagini\t\t\t\t\t<\/a>\n\t\t\t\t<\/h4>\n\t\t\t\n\t\t\t\t\t\t\t\t\n\t\t\n\t\t\t\t\t\t<a class=\"fusion-link-wrapper\" href=\"https:\/\/showmotion.it\/de\/palagini\/\" aria-label=\"Palagini\"><\/a>\n\t<\/div>\n<\/div>\n<\/div>\n<\/li>\n\t\t\t\n\t\t\t\n\t\t\t\t\t\t\t\t\t\t\t\t\t\t\t\t\t\t\t\t\t\t\t\t\t\t\t\t\t\t\t\t\t\t\t\t\t\t\t\t\t\t\t\t\t\t\t\t\t\t\t\t\t\t\t\t\t\t\t\t\t\t\t\t\t\t\t\t<\/ul>\n\t<\/div>\n\t<div class=\"fusion-post-content-wrapper\" style=\"padding:30px 25px 20px 25px;\"><div class=\"fusion-post-content post-content\"><h2 class=\"blog-shortcode-post-title entry-title\"><a href=\"https:\/\/showmotion.it\/de\/palagini\/\">Palagini<\/a><\/h2><div class=\"fusion-content-sep sep-double sep-solid\"><\/div><div class=\"fusion-post-content-container\"><p>         Standort: Empoli, Toskana, Italien   Designer: Arch. Gianni Sola     Die Palagini-Gruppe ist auf den Vertrieb von Sanit\u00e4r-, Keramik- und Heizungsprodukten spezialisiert. Der 2000 qm gro\u00dfe Ausstellungsraum [...]<\/p><\/div><\/div><div class=\"fusion-meta-info\"><div class=\"fusion-alignleft\"><a class=\"fusion-read-more\" href=\"https:\/\/showmotion.it\/de\/palagini\/\" aria-label=\"More on Palagini\">Weiterlesen<\/a><\/div><\/div><\/div><div class=\"fusion-clearfix\"><\/div><\/div>\n<\/article>\n<article id=\"blog-1-post-4555\" class=\"fusion-post-grid post-4555 post type-post status-publish format-standard has-post-thumbnail hentry category-referenzen tag-andere-sektoren\">\n<div class=\"fusion-post-wrapper\" style=\"background-color:rgba(255,255,255,0);border:1px solid #ebeaea;border-bottom-width:3px;\">\n\n\t\t\t<div class=\"fusion-flexslider flexslider fusion-flexslider-loading fusion-post-slideshow\" style=\"border-color:#ebeaea;\">\n\t\t<ul class=\"slides\">\n\t\t\t\n\t\t\t\t\t\t\t\t\t\t\t\t\t\t<li><div  class=\"fusion-image-wrapper\" aria-haspopup=\"true\">\n\t\t\t\t<img loading=\"lazy\" decoding=\"async\" width=\"960\" height=\"720\" src=\"https:\/\/showmotion.it\/wp-content\/uploads\/2019\/11\/ShowMotion_Ladenbau-Bogenschiessen_3.jpg\" class=\"attachment-full size-full lazyload wp-post-image\" alt=\"\" srcset=\"data:image\/svg+xml,%3Csvg%20xmlns%3D%27http%3A%2F%2Fwww.w3.org%2F2000%2Fsvg%27%20width%3D%27960%27%20height%3D%27720%27%20viewBox%3D%270%200%20960%20720%27%3E%3Crect%20width%3D%27960%27%20height%3D%27720%27%20fill-opacity%3D%220%22%2F%3E%3C%2Fsvg%3E\" data-orig-src=\"https:\/\/showmotion.it\/wp-content\/uploads\/2019\/11\/ShowMotion_Ladenbau-Bogenschiessen_3.jpg\" data-srcset=\"https:\/\/showmotion.it\/wp-content\/uploads\/2019\/11\/ShowMotion_Ladenbau-Bogenschiessen_3-200x150.jpg 200w, https:\/\/showmotion.it\/wp-content\/uploads\/2019\/11\/ShowMotion_Ladenbau-Bogenschiessen_3-400x300.jpg 400w, https:\/\/showmotion.it\/wp-content\/uploads\/2019\/11\/ShowMotion_Ladenbau-Bogenschiessen_3-600x450.jpg 600w, https:\/\/showmotion.it\/wp-content\/uploads\/2019\/11\/ShowMotion_Ladenbau-Bogenschiessen_3-800x600.jpg 800w, https:\/\/showmotion.it\/wp-content\/uploads\/2019\/11\/ShowMotion_Ladenbau-Bogenschiessen_3.jpg 960w\" data-sizes=\"auto\" \/><div class=\"fusion-rollover\">\n\t<div class=\"fusion-rollover-content\">\n\n\t\t\t\t\t\t\t\t\t\t\t\t\t\t<a class=\"fusion-rollover-link\" href=\"https:\/\/showmotion.it\/de\/rivolta-archery\/\">Rivolta Archery<\/a>\n\t\t\t\n\t\t\t\t\t\t\t\t\t\t\t\t\t\t\n\t\t\t\t\t\t\t\t\n\t\t\t\t\t\t\t\t\t\t\t\t\t<div class=\"fusion-rollover-sep\"><\/div>\n\t\t\t\t\n\t\t\t\t\t\t\t\t\t\t\t\t\t\t\t\t\t\t<a class=\"fusion-rollover-gallery\" href=\"https:\/\/showmotion.it\/wp-content\/uploads\/2019\/11\/ShowMotion_Ladenbau-Bogenschiessen_3.jpg\" data-id=\"4555\" data-rel=\"iLightbox[gallery]\" data-title=\"ShowMotion_Ladenbau Bogenschiessen_3\" data-caption=\"\">\n\t\t\t\t\t\tGallerie\t\t\t\t\t<\/a>\n\t\t\t\t\t\t\t\t\t\t\t\t\t\t\n\t\t\n\t\t\t\t\t\t\t\t\t\t\t\t<h4 class=\"fusion-rollover-title\">\n\t\t\t\t\t<a class=\"fusion-rollover-title-link\" href=\"https:\/\/showmotion.it\/de\/rivolta-archery\/\">\n\t\t\t\t\t\tRivolta Archery\t\t\t\t\t<\/a>\n\t\t\t\t<\/h4>\n\t\t\t\n\t\t\t\t\t\t\t\t\n\t\t\n\t\t\t\t\t\t<a class=\"fusion-link-wrapper\" href=\"https:\/\/showmotion.it\/de\/rivolta-archery\/\" aria-label=\"Rivolta Archery\"><\/a>\n\t<\/div>\n<\/div>\n<\/div>\n<\/li>\n\t\t\t\n\t\t\t\n\t\t\t\t\t\t\t\t\t\t\t\t\t\t\t\t\t\t\t\t\t\t\t\t\t\t\t\t\t\t\t\t\t\t\t\t\t\t\t\t\t\t\t\t\t\t\t\t\t\t\t\t\t\t\t\t\t\t\t\t\t\t\t\t\t\t\t\t<\/ul>\n\t<\/div>\n\t<div class=\"fusion-post-content-wrapper\" style=\"padding:30px 25px 20px 25px;\"><div class=\"fusion-post-content post-content\"><h2 class=\"blog-shortcode-post-title entry-title\"><a href=\"https:\/\/showmotion.it\/de\/rivolta-archery\/\">Rivolta Archery<\/a><\/h2><div class=\"fusion-content-sep sep-double sep-solid\"><\/div><div class=\"fusion-post-content-container\"><p>         Standort: Bellinzago Novarese, Piemont, Italien   Designer: Arch. Gianni Sola     Eine 750 qm gro\u00dfe Boutique, die auf den Verkauf von Sportger\u00e4ten f\u00fcr das Bogenschie\u00dfen spezialisiert ist. [...]<\/p><\/div><\/div><div class=\"fusion-meta-info\"><div class=\"fusion-alignleft\"><a class=\"fusion-read-more\" href=\"https:\/\/showmotion.it\/de\/rivolta-archery\/\" aria-label=\"More on Rivolta Archery\">Weiterlesen<\/a><\/div><\/div><\/div><div class=\"fusion-clearfix\"><\/div><\/div>\n<\/article>\n<article id=\"blog-1-post-4563\" class=\"fusion-post-grid post-4563 post type-post status-publish format-standard has-post-thumbnail hentry category-referenzen tag-bauelemente-hausturen-fenster-tore tag-innentueren-zimmertueren\">\n<div class=\"fusion-post-wrapper\" style=\"background-color:rgba(255,255,255,0);border:1px solid #ebeaea;border-bottom-width:3px;\">\n\n\t\t\t<div class=\"fusion-flexslider flexslider fusion-flexslider-loading fusion-post-slideshow\" style=\"border-color:#ebeaea;\">\n\t\t<ul class=\"slides\">\n\t\t\t\n\t\t\t\t\t\t\t\t\t\t\t\t\t\t<li><div  class=\"fusion-image-wrapper\" aria-haspopup=\"true\">\n\t\t\t\t<img loading=\"lazy\" decoding=\"async\" width=\"940\" height=\"720\" src=\"https:\/\/showmotion.it\/wp-content\/uploads\/2019\/11\/ShowMotion_Zech_Massgeschneidertes-Ausstellungssystem-fuer-Tueren-und-Fenster-Sonderproduktion.jpg\" class=\"attachment-full size-full lazyload wp-post-image\" alt=\"\" srcset=\"data:image\/svg+xml,%3Csvg%20xmlns%3D%27http%3A%2F%2Fwww.w3.org%2F2000%2Fsvg%27%20width%3D%27940%27%20height%3D%27720%27%20viewBox%3D%270%200%20940%20720%27%3E%3Crect%20width%3D%27940%27%20height%3D%27720%27%20fill-opacity%3D%220%22%2F%3E%3C%2Fsvg%3E\" data-orig-src=\"https:\/\/showmotion.it\/wp-content\/uploads\/2019\/11\/ShowMotion_Zech_Massgeschneidertes-Ausstellungssystem-fuer-Tueren-und-Fenster-Sonderproduktion.jpg\" data-srcset=\"https:\/\/showmotion.it\/wp-content\/uploads\/2019\/11\/ShowMotion_Zech_Massgeschneidertes-Ausstellungssystem-fuer-Tueren-und-Fenster-Sonderproduktion-200x153.jpg 200w, https:\/\/showmotion.it\/wp-content\/uploads\/2019\/11\/ShowMotion_Zech_Massgeschneidertes-Ausstellungssystem-fuer-Tueren-und-Fenster-Sonderproduktion-400x306.jpg 400w, https:\/\/showmotion.it\/wp-content\/uploads\/2019\/11\/ShowMotion_Zech_Massgeschneidertes-Ausstellungssystem-fuer-Tueren-und-Fenster-Sonderproduktion-600x460.jpg 600w, https:\/\/showmotion.it\/wp-content\/uploads\/2019\/11\/ShowMotion_Zech_Massgeschneidertes-Ausstellungssystem-fuer-Tueren-und-Fenster-Sonderproduktion-800x613.jpg 800w, https:\/\/showmotion.it\/wp-content\/uploads\/2019\/11\/ShowMotion_Zech_Massgeschneidertes-Ausstellungssystem-fuer-Tueren-und-Fenster-Sonderproduktion.jpg 940w\" data-sizes=\"auto\" \/><div class=\"fusion-rollover\">\n\t<div class=\"fusion-rollover-content\">\n\n\t\t\t\t\t\t\t\t\t\t\t\t\t\t<a class=\"fusion-rollover-link\" href=\"https:\/\/showmotion.it\/de\/zech-fenster\/\">Zech Fenster<\/a>\n\t\t\t\n\t\t\t\t\t\t\t\t\t\t\t\t\t\t\n\t\t\t\t\t\t\t\t\n\t\t\t\t\t\t\t\t\t\t\t\t\t<div class=\"fusion-rollover-sep\"><\/div>\n\t\t\t\t\n\t\t\t\t\t\t\t\t\t\t\t\t\t\t\t\t\t\t<a class=\"fusion-rollover-gallery\" href=\"https:\/\/showmotion.it\/wp-content\/uploads\/2019\/11\/ShowMotion_Zech_Massgeschneidertes-Ausstellungssystem-fuer-Tueren-und-Fenster-Sonderproduktion.jpg\" data-id=\"4563\" data-rel=\"iLightbox[gallery]\" data-title=\"ShowMotion_Zech_Massgeschneidertes Ausstellungssystem fuer Tueren und Fenster Sonderproduktion\" data-caption=\"\">\n\t\t\t\t\t\tGallerie\t\t\t\t\t<\/a>\n\t\t\t\t\t\t\t\t\t\t\t\t\t\t\n\t\t\n\t\t\t\t\t\t\t\t\t\t\t\t<h4 class=\"fusion-rollover-title\">\n\t\t\t\t\t<a class=\"fusion-rollover-title-link\" href=\"https:\/\/showmotion.it\/de\/zech-fenster\/\">\n\t\t\t\t\t\tZech Fenster\t\t\t\t\t<\/a>\n\t\t\t\t<\/h4>\n\t\t\t\n\t\t\t\t\t\t\t\t\n\t\t\n\t\t\t\t\t\t<a class=\"fusion-link-wrapper\" href=\"https:\/\/showmotion.it\/de\/zech-fenster\/\" aria-label=\"Zech Fenster\"><\/a>\n\t<\/div>\n<\/div>\n<\/div>\n<\/li>\n\t\t\t\n\t\t\t\n\t\t\t\t\t\t\t\t\t\t\t\t\t\t\t\t\t\t\t\t\t\t\t\t\t\t\t\t\t\t\t\t\t\t\t\t\t\t\t\t\t\t\t\t\t\t\t\t\t\t\t\t\t\t\t\t\t\t\t\t\t\t\t\t\t\t\t\t<\/ul>\n\t<\/div>\n\t<div class=\"fusion-post-content-wrapper\" style=\"padding:30px 25px 20px 25px;\"><div class=\"fusion-post-content post-content\"><h2 class=\"blog-shortcode-post-title entry-title\"><a href=\"https:\/\/showmotion.it\/de\/zech-fenster\/\">Zech Fenster<\/a><\/h2><div class=\"fusion-content-sep sep-double sep-solid\"><\/div><div class=\"fusion-post-content-container\"><p>     Standort: G\u00f6tzis, \u00d6sterreich   Designer: Roman Zech     Der Vorarlberger Bauelemente-Hersteller Zech setzte bei der Realisation des neuen Ausstellungszentrums auf die ma\u00dfgeschneiderten Ausstellungssysteme f\u00fcr T\u00fcren und Fenster von ShowMotion. Die innovativen [...]<\/p><\/div><\/div><div class=\"fusion-meta-info\"><div class=\"fusion-alignleft\"><a class=\"fusion-read-more\" href=\"https:\/\/showmotion.it\/de\/zech-fenster\/\" aria-label=\"More on Zech Fenster\">Weiterlesen<\/a><\/div><\/div><\/div><div class=\"fusion-clearfix\"><\/div><\/div>\n<\/article>\n<article id=\"blog-1-post-4567\" class=\"fusion-post-grid post-4567 post type-post status-publish format-standard has-post-thumbnail hentry category-referenzen tag-bauelemente-hausturen-fenster-tore tag-fliesen-und-platten tag-galabau tag-holzboden-parkett-vinyl-laminat-kork tag-innentueren-zimmertueren tag-kuechen tag-naturstein-utdoor-fliesen tag-sanitaer-badmoebel\">\n<div class=\"fusion-post-wrapper\" style=\"background-color:rgba(255,255,255,0);border:1px solid #ebeaea;border-bottom-width:3px;\">\n\n\t\t\t<div class=\"fusion-flexslider flexslider fusion-flexslider-loading fusion-post-slideshow\" style=\"border-color:#ebeaea;\">\n\t\t<ul class=\"slides\">\n\t\t\t\n\t\t\t\t\t\t\t\t\t\t\t\t\t\t<li><div  class=\"fusion-image-wrapper\" aria-haspopup=\"true\">\n\t\t\t\t<img loading=\"lazy\" decoding=\"async\" width=\"970\" height=\"646\" src=\"https:\/\/showmotion.it\/wp-content\/uploads\/2019\/10\/5326.jpg\" class=\"attachment-full size-full lazyload wp-post-image\" alt=\"\" srcset=\"data:image\/svg+xml,%3Csvg%20xmlns%3D%27http%3A%2F%2Fwww.w3.org%2F2000%2Fsvg%27%20width%3D%27970%27%20height%3D%27646%27%20viewBox%3D%270%200%20970%20646%27%3E%3Crect%20width%3D%27970%27%20height%3D%27646%27%20fill-opacity%3D%220%22%2F%3E%3C%2Fsvg%3E\" data-orig-src=\"https:\/\/showmotion.it\/wp-content\/uploads\/2019\/10\/5326.jpg\" data-srcset=\"https:\/\/showmotion.it\/wp-content\/uploads\/2019\/10\/5326-200x133.jpg 200w, https:\/\/showmotion.it\/wp-content\/uploads\/2019\/10\/5326-400x266.jpg 400w, https:\/\/showmotion.it\/wp-content\/uploads\/2019\/10\/5326-600x400.jpg 600w, https:\/\/showmotion.it\/wp-content\/uploads\/2019\/10\/5326-800x533.jpg 800w, https:\/\/showmotion.it\/wp-content\/uploads\/2019\/10\/5326.jpg 970w\" data-sizes=\"auto\" \/><div class=\"fusion-rollover\">\n\t<div class=\"fusion-rollover-content\">\n\n\t\t\t\t\t\t\t\t\t\t\t\t\t\t<a class=\"fusion-rollover-link\" href=\"https:\/\/showmotion.it\/de\/casa-facile\/\">Casa Facile<\/a>\n\t\t\t\n\t\t\t\t\t\t\t\t\t\t\t\t\t\t\n\t\t\t\t\t\t\t\t\n\t\t\t\t\t\t\t\t\t\t\t\t\t<div class=\"fusion-rollover-sep\"><\/div>\n\t\t\t\t\n\t\t\t\t\t\t\t\t\t\t\t\t\t\t\t\t\t\t<a class=\"fusion-rollover-gallery\" href=\"https:\/\/showmotion.it\/wp-content\/uploads\/2019\/10\/5326.jpg\" data-id=\"4567\" data-rel=\"iLightbox[gallery]\" data-title=\"5326\" data-caption=\"\">\n\t\t\t\t\t\tGallerie\t\t\t\t\t<\/a>\n\t\t\t\t\t\t\t\t\t\t\t\t\t\t\n\t\t\n\t\t\t\t\t\t\t\t\t\t\t\t<h4 class=\"fusion-rollover-title\">\n\t\t\t\t\t<a class=\"fusion-rollover-title-link\" href=\"https:\/\/showmotion.it\/de\/casa-facile\/\">\n\t\t\t\t\t\tCasa Facile\t\t\t\t\t<\/a>\n\t\t\t\t<\/h4>\n\t\t\t\n\t\t\t\t\t\t\t\t\n\t\t\n\t\t\t\t\t\t<a class=\"fusion-link-wrapper\" href=\"https:\/\/showmotion.it\/de\/casa-facile\/\" aria-label=\"Casa Facile\"><\/a>\n\t<\/div>\n<\/div>\n<\/div>\n<\/li>\n\t\t\t\n\t\t\t\n\t\t\t\t\t\t\t\t\t\t\t\t\t\t\t\t\t\t\t\t\t\t\t\t\t\t\t\t\t\t\t\t\t\t\t\t\t\t\t\t\t\t\t\t\t\t\t\t\t\t\t\t\t\t\t\t\t\t\t\t\t\t\t\t\t\t\t\t<\/ul>\n\t<\/div>\n\t<div class=\"fusion-post-content-wrapper\" style=\"padding:30px 25px 20px 25px;\"><div class=\"fusion-post-content post-content\"><h2 class=\"blog-shortcode-post-title entry-title\"><a href=\"https:\/\/showmotion.it\/de\/casa-facile\/\">Casa Facile<\/a><\/h2><div class=\"fusion-content-sep sep-double sep-solid\"><\/div><div class=\"fusion-post-content-container\"><p>                  Standort: Potenza, Basilikata, Italien   Designer: Arch. Gianni Sola     Ausstellungsraum von 2000 qm auf zwei Etagen verteilt. [...]<\/p><\/div><\/div><div class=\"fusion-meta-info\"><div class=\"fusion-alignleft\"><a class=\"fusion-read-more\" href=\"https:\/\/showmotion.it\/de\/casa-facile\/\" aria-label=\"More on Casa Facile\">Weiterlesen<\/a><\/div><\/div><\/div><div class=\"fusion-clearfix\"><\/div><\/div>\n<\/article>\n<article id=\"blog-1-post-4584\" class=\"fusion-post-grid post-4584 post type-post status-publish format-standard has-post-thumbnail hentry category-referenzen tag-fliesen-und-platten tag-holzboden-parkett-vinyl-laminat-kork tag-sanitaer-badmoebel\">\n<div class=\"fusion-post-wrapper\" style=\"background-color:rgba(255,255,255,0);border:1px solid #ebeaea;border-bottom-width:3px;\">\n\n\t\t\t<div class=\"fusion-flexslider flexslider fusion-flexslider-loading fusion-post-slideshow\" style=\"border-color:#ebeaea;\">\n\t\t<ul class=\"slides\">\n\t\t\t\n\t\t\t\t\t\t\t\t\t\t\t\t\t\t<li><div  class=\"fusion-image-wrapper\" aria-haspopup=\"true\">\n\t\t\t\t<img loading=\"lazy\" decoding=\"async\" width=\"970\" height=\"646\" src=\"https:\/\/showmotion.it\/wp-content\/uploads\/2019\/10\/9439.jpg\" class=\"attachment-full size-full lazyload wp-post-image\" alt=\"\" srcset=\"data:image\/svg+xml,%3Csvg%20xmlns%3D%27http%3A%2F%2Fwww.w3.org%2F2000%2Fsvg%27%20width%3D%27970%27%20height%3D%27646%27%20viewBox%3D%270%200%20970%20646%27%3E%3Crect%20width%3D%27970%27%20height%3D%27646%27%20fill-opacity%3D%220%22%2F%3E%3C%2Fsvg%3E\" data-orig-src=\"https:\/\/showmotion.it\/wp-content\/uploads\/2019\/10\/9439.jpg\" data-srcset=\"https:\/\/showmotion.it\/wp-content\/uploads\/2019\/10\/9439-200x133.jpg 200w, https:\/\/showmotion.it\/wp-content\/uploads\/2019\/10\/9439-400x266.jpg 400w, https:\/\/showmotion.it\/wp-content\/uploads\/2019\/10\/9439-600x400.jpg 600w, https:\/\/showmotion.it\/wp-content\/uploads\/2019\/10\/9439-800x533.jpg 800w, https:\/\/showmotion.it\/wp-content\/uploads\/2019\/10\/9439.jpg 970w\" data-sizes=\"auto\" \/><div class=\"fusion-rollover\">\n\t<div class=\"fusion-rollover-content\">\n\n\t\t\t\t\t\t\t\t\t\t\t\t\t\t<a class=\"fusion-rollover-link\" href=\"https:\/\/showmotion.it\/de\/alge-idrocentro-fossano\/\">Alge Idrocentro Fossano<\/a>\n\t\t\t\n\t\t\t\t\t\t\t\t\t\t\t\t\t\t\n\t\t\t\t\t\t\t\t\n\t\t\t\t\t\t\t\t\t\t\t\t\t<div class=\"fusion-rollover-sep\"><\/div>\n\t\t\t\t\n\t\t\t\t\t\t\t\t\t\t\t\t\t\t\t\t\t\t<a class=\"fusion-rollover-gallery\" href=\"https:\/\/showmotion.it\/wp-content\/uploads\/2019\/10\/9439.jpg\" data-id=\"4584\" data-rel=\"iLightbox[gallery]\" data-title=\"9439\" data-caption=\"\">\n\t\t\t\t\t\tGallerie\t\t\t\t\t<\/a>\n\t\t\t\t\t\t\t\t\t\t\t\t\t\t\n\t\t\n\t\t\t\t\t\t\t\t\t\t\t\t<h4 class=\"fusion-rollover-title\">\n\t\t\t\t\t<a class=\"fusion-rollover-title-link\" href=\"https:\/\/showmotion.it\/de\/alge-idrocentro-fossano\/\">\n\t\t\t\t\t\tAlge Idrocentro Fossano\t\t\t\t\t<\/a>\n\t\t\t\t<\/h4>\n\t\t\t\n\t\t\t\t\t\t\t\t\n\t\t\n\t\t\t\t\t\t<a class=\"fusion-link-wrapper\" href=\"https:\/\/showmotion.it\/de\/alge-idrocentro-fossano\/\" aria-label=\"Alge Idrocentro Fossano\"><\/a>\n\t<\/div>\n<\/div>\n<\/div>\n<\/li>\n\t\t\t\n\t\t\t\n\t\t\t\t\t\t\t\t\t\t\t\t\t\t\t\t\t\t\t\t\t\t\t\t\t\t\t\t\t\t\t\t\t\t\t\t\t\t\t\t\t\t\t\t\t\t\t\t\t\t\t\t\t\t\t\t\t\t\t\t\t\t\t\t\t\t\t\t<\/ul>\n\t<\/div>\n\t<div class=\"fusion-post-content-wrapper\" style=\"padding:30px 25px 20px 25px;\"><div class=\"fusion-post-content post-content\"><h2 class=\"blog-shortcode-post-title entry-title\"><a href=\"https:\/\/showmotion.it\/de\/alge-idrocentro-fossano\/\">Alge Idrocentro Fossano<\/a><\/h2><div class=\"fusion-content-sep sep-double sep-solid\"><\/div><div class=\"fusion-post-content-container\"><p>           Standort: Fossano, Piemont, Italien   Designer: Arch. Boudi Moussa     Die Gruppe Alge Idrocentro ist eine Gruppe, die auf dem Gebiet der hydraulischen, thermischen, sanit\u00e4ren [...]<\/p><\/div><\/div><div class=\"fusion-meta-info\"><div class=\"fusion-alignleft\"><a class=\"fusion-read-more\" href=\"https:\/\/showmotion.it\/de\/alge-idrocentro-fossano\/\" aria-label=\"More on Alge Idrocentro Fossano\">Weiterlesen<\/a><\/div><\/div><\/div><div class=\"fusion-clearfix\"><\/div><\/div>\n<\/article>\n<article id=\"blog-1-post-4594\" class=\"fusion-post-grid post-4594 post type-post status-publish format-standard has-post-thumbnail hentry category-referenzen tag-fliesen-und-platten tag-sanitaer-badmoebel\">\n<div class=\"fusion-post-wrapper\" style=\"background-color:rgba(255,255,255,0);border:1px solid #ebeaea;border-bottom-width:3px;\">\n\n\t\t\t<div class=\"fusion-flexslider flexslider fusion-flexslider-loading fusion-post-slideshow\" style=\"border-color:#ebeaea;\">\n\t\t<ul class=\"slides\">\n\t\t\t\n\t\t\t\t\t\t\t\t\t\t\t\t\t\t<li><div  class=\"fusion-image-wrapper\" aria-haspopup=\"true\">\n\t\t\t\t<img loading=\"lazy\" decoding=\"async\" width=\"970\" height=\"646\" src=\"https:\/\/showmotion.it\/wp-content\/uploads\/2019\/10\/DSC_4632.jpg\" class=\"attachment-full size-full lazyload wp-post-image\" alt=\"\" srcset=\"data:image\/svg+xml,%3Csvg%20xmlns%3D%27http%3A%2F%2Fwww.w3.org%2F2000%2Fsvg%27%20width%3D%27970%27%20height%3D%27646%27%20viewBox%3D%270%200%20970%20646%27%3E%3Crect%20width%3D%27970%27%20height%3D%27646%27%20fill-opacity%3D%220%22%2F%3E%3C%2Fsvg%3E\" data-orig-src=\"https:\/\/showmotion.it\/wp-content\/uploads\/2019\/10\/DSC_4632.jpg\" data-srcset=\"https:\/\/showmotion.it\/wp-content\/uploads\/2019\/10\/DSC_4632-200x133.jpg 200w, https:\/\/showmotion.it\/wp-content\/uploads\/2019\/10\/DSC_4632-400x266.jpg 400w, https:\/\/showmotion.it\/wp-content\/uploads\/2019\/10\/DSC_4632-600x400.jpg 600w, https:\/\/showmotion.it\/wp-content\/uploads\/2019\/10\/DSC_4632-800x533.jpg 800w, https:\/\/showmotion.it\/wp-content\/uploads\/2019\/10\/DSC_4632.jpg 970w\" data-sizes=\"auto\" \/><div class=\"fusion-rollover\">\n\t<div class=\"fusion-rollover-content\">\n\n\t\t\t\t\t\t\t\t\t\t\t\t\t\t<a class=\"fusion-rollover-link\" href=\"https:\/\/showmotion.it\/de\/cambielli-edilfriuli\/\">Cambielli Edilfriuli<\/a>\n\t\t\t\n\t\t\t\t\t\t\t\t\t\t\t\t\t\t\n\t\t\t\t\t\t\t\t\n\t\t\t\t\t\t\t\t\t\t\t\t\t<div class=\"fusion-rollover-sep\"><\/div>\n\t\t\t\t\n\t\t\t\t\t\t\t\t\t\t\t\t\t\t\t\t\t\t<a class=\"fusion-rollover-gallery\" href=\"https:\/\/showmotion.it\/wp-content\/uploads\/2019\/10\/DSC_4632.jpg\" data-id=\"4594\" data-rel=\"iLightbox[gallery]\" data-title=\"DSC_4632\" data-caption=\"\">\n\t\t\t\t\t\tGallerie\t\t\t\t\t<\/a>\n\t\t\t\t\t\t\t\t\t\t\t\t\t\t\n\t\t\n\t\t\t\t\t\t\t\t\t\t\t\t<h4 class=\"fusion-rollover-title\">\n\t\t\t\t\t<a class=\"fusion-rollover-title-link\" href=\"https:\/\/showmotion.it\/de\/cambielli-edilfriuli\/\">\n\t\t\t\t\t\tCambielli Edilfriuli\t\t\t\t\t<\/a>\n\t\t\t\t<\/h4>\n\t\t\t\n\t\t\t\t\t\t\t\t\n\t\t\n\t\t\t\t\t\t<a class=\"fusion-link-wrapper\" href=\"https:\/\/showmotion.it\/de\/cambielli-edilfriuli\/\" aria-label=\"Cambielli Edilfriuli\"><\/a>\n\t<\/div>\n<\/div>\n<\/div>\n<\/li>\n\t\t\t\n\t\t\t\n\t\t\t\t\t\t\t\t\t\t\t\t\t\t\t\t\t\t\t\t\t\t\t\t\t\t\t\t\t\t\t\t\t\t\t\t\t\t\t\t\t\t\t\t\t\t\t\t\t\t\t\t\t\t\t\t\t\t\t\t\t\t\t\t\t\t\t\t<\/ul>\n\t<\/div>\n\t<div class=\"fusion-post-content-wrapper\" style=\"padding:30px 25px 20px 25px;\"><div class=\"fusion-post-content post-content\"><h2 class=\"blog-shortcode-post-title entry-title\"><a href=\"https:\/\/showmotion.it\/de\/cambielli-edilfriuli\/\">Cambielli Edilfriuli<\/a><\/h2><div class=\"fusion-content-sep sep-double sep-solid\"><\/div><div class=\"fusion-post-content-container\"><p>         Standort: Ventimiglia, Ligurien, Italien      Mit 200 Gro\u00dfhandelsverkaufsstellen f\u00fcr Klempnerei- und Sanit\u00e4rmaterial und \u00fcber 95 Ausstellungsr\u00e4umen ist die Gruppe Cambielli Edilfriuli die erste Gruppe in Italien, die [...]<\/p><\/div><\/div><div class=\"fusion-meta-info\"><div class=\"fusion-alignleft\"><a class=\"fusion-read-more\" href=\"https:\/\/showmotion.it\/de\/cambielli-edilfriuli\/\" aria-label=\"More on Cambielli Edilfriuli\">Weiterlesen<\/a><\/div><\/div><\/div><div class=\"fusion-clearfix\"><\/div><\/div>\n<\/article>\n<article id=\"blog-1-post-4603\" class=\"fusion-post-grid post-4603 post type-post status-publish format-standard has-post-thumbnail hentry category-referenzen tag-fliesen-und-platten tag-holzboden-parkett-vinyl-laminat-kork tag-naturstein-utdoor-fliesen tag-sanitaer-badmoebel\">\n<div class=\"fusion-post-wrapper\" style=\"background-color:rgba(255,255,255,0);border:1px solid #ebeaea;border-bottom-width:3px;\">\n\n\t\t\t<div class=\"fusion-flexslider flexslider fusion-flexslider-loading fusion-post-slideshow\" style=\"border-color:#ebeaea;\">\n\t\t<ul class=\"slides\">\n\t\t\t\n\t\t\t\t\t\t\t\t\t\t\t\t\t\t<li><div  class=\"fusion-image-wrapper\" aria-haspopup=\"true\">\n\t\t\t\t<img loading=\"lazy\" decoding=\"async\" width=\"970\" height=\"648\" src=\"https:\/\/showmotion.it\/wp-content\/uploads\/2019\/10\/20.jpg\" class=\"attachment-full size-full lazyload wp-post-image\" alt=\"\" srcset=\"data:image\/svg+xml,%3Csvg%20xmlns%3D%27http%3A%2F%2Fwww.w3.org%2F2000%2Fsvg%27%20width%3D%27970%27%20height%3D%27648%27%20viewBox%3D%270%200%20970%20648%27%3E%3Crect%20width%3D%27970%27%20height%3D%27648%27%20fill-opacity%3D%220%22%2F%3E%3C%2Fsvg%3E\" data-orig-src=\"https:\/\/showmotion.it\/wp-content\/uploads\/2019\/10\/20.jpg\" data-srcset=\"https:\/\/showmotion.it\/wp-content\/uploads\/2019\/10\/20-200x134.jpg 200w, https:\/\/showmotion.it\/wp-content\/uploads\/2019\/10\/20-400x267.jpg 400w, https:\/\/showmotion.it\/wp-content\/uploads\/2019\/10\/20-600x401.jpg 600w, https:\/\/showmotion.it\/wp-content\/uploads\/2019\/10\/20-800x534.jpg 800w, https:\/\/showmotion.it\/wp-content\/uploads\/2019\/10\/20.jpg 970w\" data-sizes=\"auto\" \/><div class=\"fusion-rollover\">\n\t<div class=\"fusion-rollover-content\">\n\n\t\t\t\t\t\t\t\t\t\t\t\t\t\t<a class=\"fusion-rollover-link\" href=\"https:\/\/showmotion.it\/de\/centro-commerciale-valfreddana\/\">Centro Commerciale Valfreddana<\/a>\n\t\t\t\n\t\t\t\t\t\t\t\t\t\t\t\t\t\t\n\t\t\t\t\t\t\t\t\n\t\t\t\t\t\t\t\t\t\t\t\t\t<div class=\"fusion-rollover-sep\"><\/div>\n\t\t\t\t\n\t\t\t\t\t\t\t\t\t\t\t\t\t\t\t\t\t\t<a class=\"fusion-rollover-gallery\" href=\"https:\/\/showmotion.it\/wp-content\/uploads\/2019\/10\/20.jpg\" data-id=\"4603\" data-rel=\"iLightbox[gallery]\" data-title=\"20\" data-caption=\"\">\n\t\t\t\t\t\tGallerie\t\t\t\t\t<\/a>\n\t\t\t\t\t\t\t\t\t\t\t\t\t\t\n\t\t\n\t\t\t\t\t\t\t\t\t\t\t\t<h4 class=\"fusion-rollover-title\">\n\t\t\t\t\t<a class=\"fusion-rollover-title-link\" href=\"https:\/\/showmotion.it\/de\/centro-commerciale-valfreddana\/\">\n\t\t\t\t\t\tCentro Commerciale Valfreddana\t\t\t\t\t<\/a>\n\t\t\t\t<\/h4>\n\t\t\t\n\t\t\t\t\t\t\t\t\n\t\t\n\t\t\t\t\t\t<a class=\"fusion-link-wrapper\" href=\"https:\/\/showmotion.it\/de\/centro-commerciale-valfreddana\/\" aria-label=\"Centro Commerciale Valfreddana\"><\/a>\n\t<\/div>\n<\/div>\n<\/div>\n<\/li>\n\t\t\t\n\t\t\t\n\t\t\t\t\t\t\t\t\t\t\t\t\t\t\t\t\t\t\t\t\t\t\t\t\t\t\t\t\t\t\t\t\t\t\t\t\t\t\t\t\t\t\t\t\t\t\t\t\t\t\t\t\t\t\t\t\t\t\t\t\t\t\t\t\t\t\t\t<\/ul>\n\t<\/div>\n\t<div class=\"fusion-post-content-wrapper\" style=\"padding:30px 25px 20px 25px;\"><div class=\"fusion-post-content post-content\"><h2 class=\"blog-shortcode-post-title entry-title\"><a href=\"https:\/\/showmotion.it\/de\/centro-commerciale-valfreddana\/\">Centro Commerciale Valfreddana<\/a><\/h2><div class=\"fusion-content-sep sep-double sep-solid\"><\/div><div class=\"fusion-post-content-container\"><p>             Standort: Lucca, Toskana, Italien   Designer: Ricardo Storchi - www.materico.biz     Der 700 qm gro\u00dfe Ausstellungsraum ist auf zwei Etagen verteilt und ist [...]<\/p><\/div><\/div><div class=\"fusion-meta-info\"><div class=\"fusion-alignleft\"><a class=\"fusion-read-more\" href=\"https:\/\/showmotion.it\/de\/centro-commerciale-valfreddana\/\" aria-label=\"More on Centro Commerciale Valfreddana\">Weiterlesen<\/a><\/div><\/div><\/div><div class=\"fusion-clearfix\"><\/div><\/div>\n<\/article>\n<article id=\"blog-1-post-4627\" class=\"fusion-post-grid post-4627 post type-post status-publish format-standard has-post-thumbnail hentry category-referenzen tag-fliesen-und-platten tag-holzboden-parkett-vinyl-laminat-kork tag-innentueren-zimmertueren tag-sanitaer-badmoebel\">\n<div class=\"fusion-post-wrapper\" style=\"background-color:rgba(255,255,255,0);border:1px solid #ebeaea;border-bottom-width:3px;\">\n\n\t\t\t<div class=\"fusion-flexslider flexslider fusion-flexslider-loading fusion-post-slideshow\" style=\"border-color:#ebeaea;\">\n\t\t<ul class=\"slides\">\n\t\t\t\n\t\t\t\t\t\t\t\t\t\t\t\t\t\t<li><div  class=\"fusion-image-wrapper\" aria-haspopup=\"true\">\n\t\t\t\t<img loading=\"lazy\" decoding=\"async\" width=\"970\" height=\"646\" src=\"https:\/\/showmotion.it\/wp-content\/uploads\/2019\/10\/8C2_7331.jpg\" class=\"attachment-full size-full lazyload wp-post-image\" alt=\"\" srcset=\"data:image\/svg+xml,%3Csvg%20xmlns%3D%27http%3A%2F%2Fwww.w3.org%2F2000%2Fsvg%27%20width%3D%27970%27%20height%3D%27646%27%20viewBox%3D%270%200%20970%20646%27%3E%3Crect%20width%3D%27970%27%20height%3D%27646%27%20fill-opacity%3D%220%22%2F%3E%3C%2Fsvg%3E\" data-orig-src=\"https:\/\/showmotion.it\/wp-content\/uploads\/2019\/10\/8C2_7331.jpg\" data-srcset=\"https:\/\/showmotion.it\/wp-content\/uploads\/2019\/10\/8C2_7331-200x133.jpg 200w, https:\/\/showmotion.it\/wp-content\/uploads\/2019\/10\/8C2_7331-400x266.jpg 400w, https:\/\/showmotion.it\/wp-content\/uploads\/2019\/10\/8C2_7331-600x400.jpg 600w, https:\/\/showmotion.it\/wp-content\/uploads\/2019\/10\/8C2_7331-800x533.jpg 800w, https:\/\/showmotion.it\/wp-content\/uploads\/2019\/10\/8C2_7331.jpg 970w\" data-sizes=\"auto\" \/><div class=\"fusion-rollover\">\n\t<div class=\"fusion-rollover-content\">\n\n\t\t\t\t\t\t\t\t\t\t\t\t\t\t<a class=\"fusion-rollover-link\" href=\"https:\/\/showmotion.it\/de\/casaoikos-bernardo-ceramiche\/\">Casaoikos \/ Bernardo Ceramiche<\/a>\n\t\t\t\n\t\t\t\t\t\t\t\t\t\t\t\t\t\t\n\t\t\t\t\t\t\t\t\n\t\t\t\t\t\t\t\t\t\t\t\t\t<div class=\"fusion-rollover-sep\"><\/div>\n\t\t\t\t\n\t\t\t\t\t\t\t\t\t\t\t\t\t\t\t\t\t\t<a class=\"fusion-rollover-gallery\" href=\"https:\/\/showmotion.it\/wp-content\/uploads\/2019\/10\/8C2_7331.jpg\" data-id=\"4627\" data-rel=\"iLightbox[gallery]\" data-title=\"8C2_7331\" data-caption=\"\">\n\t\t\t\t\t\tGallerie\t\t\t\t\t<\/a>\n\t\t\t\t\t\t\t\t\t\t\t\t\t\t\n\t\t\n\t\t\t\t\t\t\t\t\t\t\t\t<h4 class=\"fusion-rollover-title\">\n\t\t\t\t\t<a class=\"fusion-rollover-title-link\" href=\"https:\/\/showmotion.it\/de\/casaoikos-bernardo-ceramiche\/\">\n\t\t\t\t\t\tCasaoikos \/ Bernardo Ceramiche\t\t\t\t\t<\/a>\n\t\t\t\t<\/h4>\n\t\t\t\n\t\t\t\t\t\t\t\t\n\t\t\n\t\t\t\t\t\t<a class=\"fusion-link-wrapper\" href=\"https:\/\/showmotion.it\/de\/casaoikos-bernardo-ceramiche\/\" aria-label=\"Casaoikos \/ Bernardo Ceramiche\"><\/a>\n\t<\/div>\n<\/div>\n<\/div>\n<\/li>\n\t\t\t\n\t\t\t\n\t\t\t\t\t\t\t\t\t\t\t\t\t\t\t\t\t\t\t\t\t\t\t\t\t\t\t\t\t\t\t\t\t\t\t\t\t\t\t\t\t\t\t\t\t\t\t\t\t\t\t\t\t\t\t\t\t\t\t\t\t\t\t\t\t\t\t\t<\/ul>\n\t<\/div>\n\t<div class=\"fusion-post-content-wrapper\" style=\"padding:30px 25px 20px 25px;\"><div class=\"fusion-post-content post-content\"><h2 class=\"blog-shortcode-post-title entry-title\"><a href=\"https:\/\/showmotion.it\/de\/casaoikos-bernardo-ceramiche\/\">Casaoikos \/ Bernardo Ceramiche<\/a><\/h2><div class=\"fusion-content-sep sep-double sep-solid\"><\/div><div class=\"fusion-post-content-container\"><p>              Standort: Borgo San Dalmazzo, Piemont, Italien   Designer: Arch. Gianni Sola     Die Verkaufsstelle von Ceramiche Berardo ist Teil der Atrium-Gruppe. Der [...]<\/p><\/div><\/div><div class=\"fusion-meta-info\"><div class=\"fusion-alignleft\"><a class=\"fusion-read-more\" href=\"https:\/\/showmotion.it\/de\/casaoikos-bernardo-ceramiche\/\" aria-label=\"More on Casaoikos \/ Bernardo Ceramiche\">Weiterlesen<\/a><\/div><\/div><\/div><div class=\"fusion-clearfix\"><\/div><\/div>\n<\/article>\n<article id=\"blog-1-post-4640\" class=\"fusion-post-grid post-4640 post type-post status-publish format-standard has-post-thumbnail hentry category-referenzen tag-fliesen-und-platten tag-sanitaer-badmoebel\">\n<div class=\"fusion-post-wrapper\" style=\"background-color:rgba(255,255,255,0);border:1px solid #ebeaea;border-bottom-width:3px;\">\n\n\t\t\t<div class=\"fusion-flexslider flexslider fusion-flexslider-loading fusion-post-slideshow\" style=\"border-color:#ebeaea;\">\n\t\t<ul class=\"slides\">\n\t\t\t\n\t\t\t\t\t\t\t\t\t\t\t\t\t\t<li><div  class=\"fusion-image-wrapper\" aria-haspopup=\"true\">\n\t\t\t\t<img loading=\"lazy\" decoding=\"async\" width=\"970\" height=\"720\" src=\"https:\/\/showmotion.it\/wp-content\/uploads\/2019\/11\/ShowMotion_TEMPIA-Guarnieri-decoration_showroom-de-carrelage-et-sanitaire-Versailles-Paris.jpg\" class=\"attachment-full size-full lazyload wp-post-image\" alt=\"\" srcset=\"data:image\/svg+xml,%3Csvg%20xmlns%3D%27http%3A%2F%2Fwww.w3.org%2F2000%2Fsvg%27%20width%3D%27970%27%20height%3D%27720%27%20viewBox%3D%270%200%20970%20720%27%3E%3Crect%20width%3D%27970%27%20height%3D%27720%27%20fill-opacity%3D%220%22%2F%3E%3C%2Fsvg%3E\" data-orig-src=\"https:\/\/showmotion.it\/wp-content\/uploads\/2019\/11\/ShowMotion_TEMPIA-Guarnieri-decoration_showroom-de-carrelage-et-sanitaire-Versailles-Paris.jpg\" data-srcset=\"https:\/\/showmotion.it\/wp-content\/uploads\/2019\/11\/ShowMotion_TEMPIA-Guarnieri-decoration_showroom-de-carrelage-et-sanitaire-Versailles-Paris-200x148.jpg 200w, https:\/\/showmotion.it\/wp-content\/uploads\/2019\/11\/ShowMotion_TEMPIA-Guarnieri-decoration_showroom-de-carrelage-et-sanitaire-Versailles-Paris-400x297.jpg 400w, https:\/\/showmotion.it\/wp-content\/uploads\/2019\/11\/ShowMotion_TEMPIA-Guarnieri-decoration_showroom-de-carrelage-et-sanitaire-Versailles-Paris-600x445.jpg 600w, https:\/\/showmotion.it\/wp-content\/uploads\/2019\/11\/ShowMotion_TEMPIA-Guarnieri-decoration_showroom-de-carrelage-et-sanitaire-Versailles-Paris-800x594.jpg 800w, https:\/\/showmotion.it\/wp-content\/uploads\/2019\/11\/ShowMotion_TEMPIA-Guarnieri-decoration_showroom-de-carrelage-et-sanitaire-Versailles-Paris.jpg 970w\" data-sizes=\"auto\" \/><div class=\"fusion-rollover\">\n\t<div class=\"fusion-rollover-content\">\n\n\t\t\t\t\t\t\t\t\t\t\t\t\t\t<a class=\"fusion-rollover-link\" href=\"https:\/\/showmotion.it\/de\/tempia-guarnieri-decoration\/\">Tempia &#8211; Guarnieri Decoration<\/a>\n\t\t\t\n\t\t\t\t\t\t\t\t\t\t\t\t\t\t\n\t\t\t\t\t\t\t\t\n\t\t\t\t\t\t\t\t\t\t\t\t\t<div class=\"fusion-rollover-sep\"><\/div>\n\t\t\t\t\n\t\t\t\t\t\t\t\t\t\t\t\t\t\t\t\t\t\t<a class=\"fusion-rollover-gallery\" href=\"https:\/\/showmotion.it\/wp-content\/uploads\/2019\/11\/ShowMotion_TEMPIA-Guarnieri-decoration_showroom-de-carrelage-et-sanitaire-Versailles-Paris.jpg\" data-id=\"4640\" data-rel=\"iLightbox[gallery]\" data-title=\"ShowMotion_TEMPIA Guarnieri decoration_showroom de carrelage et sanitaire Versailles Paris\" data-caption=\"\">\n\t\t\t\t\t\tGallerie\t\t\t\t\t<\/a>\n\t\t\t\t\t\t\t\t\t\t\t\t\t\t\n\t\t\n\t\t\t\t\t\t\t\t\t\t\t\t<h4 class=\"fusion-rollover-title\">\n\t\t\t\t\t<a class=\"fusion-rollover-title-link\" href=\"https:\/\/showmotion.it\/de\/tempia-guarnieri-decoration\/\">\n\t\t\t\t\t\tTempia &#8211; Guarnieri Decoration\t\t\t\t\t<\/a>\n\t\t\t\t<\/h4>\n\t\t\t\n\t\t\t\t\t\t\t\t\n\t\t\n\t\t\t\t\t\t<a class=\"fusion-link-wrapper\" href=\"https:\/\/showmotion.it\/de\/tempia-guarnieri-decoration\/\" aria-label=\"Tempia &#8211; Guarnieri Decoration\"><\/a>\n\t<\/div>\n<\/div>\n<\/div>\n<\/li>\n\t\t\t\n\t\t\t\n\t\t\t\t\t\t\t\t\t\t\t\t\t\t\t\t\t\t\t\t\t\t\t\t\t\t\t\t\t\t\t\t\t\t\t\t\t\t\t\t\t\t\t\t\t\t\t\t\t\t\t\t\t\t\t\t\t\t\t\t\t\t\t\t\t\t\t\t<\/ul>\n\t<\/div>\n\t<div class=\"fusion-post-content-wrapper\" style=\"padding:30px 25px 20px 25px;\"><div class=\"fusion-post-content post-content\"><h2 class=\"blog-shortcode-post-title entry-title\"><a href=\"https:\/\/showmotion.it\/de\/tempia-guarnieri-decoration\/\">Tempia &#8211; Guarnieri Decoration<\/a><\/h2><div class=\"fusion-content-sep sep-double sep-solid\"><\/div><div class=\"fusion-post-content-container\"><p>       Standort: Versailles, Frankreich   Designer: Vanni Rioli     Tempia \u00f6ffnete 2006 die T\u00fcren ihres Showrooms in Versailles und beauftragte ShowMotion mit der Planung und dem Bau des neuen Showrooms. [...]<\/p><\/div><\/div><div class=\"fusion-meta-info\"><div class=\"fusion-alignleft\"><a class=\"fusion-read-more\" href=\"https:\/\/showmotion.it\/de\/tempia-guarnieri-decoration\/\" aria-label=\"More on Tempia &#8211; Guarnieri Decoration\">Weiterlesen<\/a><\/div><\/div><\/div><div class=\"fusion-clearfix\"><\/div><\/div>\n<\/article>\n<article id=\"blog-1-post-4647\" class=\"fusion-post-grid post-4647 post type-post status-publish format-standard has-post-thumbnail hentry category-referenzen tag-fliesen-und-platten tag-sanitaer-badmoebel\">\n<div class=\"fusion-post-wrapper\" style=\"background-color:rgba(255,255,255,0);border:1px solid #ebeaea;border-bottom-width:3px;\">\n\n\t\t\t<div class=\"fusion-flexslider flexslider fusion-flexslider-loading fusion-post-slideshow\" style=\"border-color:#ebeaea;\">\n\t\t<ul class=\"slides\">\n\t\t\t\n\t\t\t\t\t\t\t\t\t\t\t\t\t\t<li><div  class=\"fusion-image-wrapper\" aria-haspopup=\"true\">\n\t\t\t\t<img loading=\"lazy\" decoding=\"async\" width=\"970\" height=\"645\" src=\"https:\/\/showmotion.it\/wp-content\/uploads\/2019\/11\/ShowMotion_MARA_progettazione-e-realizzazione-showroom-ceramiche.jpg\" class=\"attachment-full size-full lazyload wp-post-image\" alt=\"\" srcset=\"data:image\/svg+xml,%3Csvg%20xmlns%3D%27http%3A%2F%2Fwww.w3.org%2F2000%2Fsvg%27%20width%3D%27970%27%20height%3D%27645%27%20viewBox%3D%270%200%20970%20645%27%3E%3Crect%20width%3D%27970%27%20height%3D%27645%27%20fill-opacity%3D%220%22%2F%3E%3C%2Fsvg%3E\" data-orig-src=\"https:\/\/showmotion.it\/wp-content\/uploads\/2019\/11\/ShowMotion_MARA_progettazione-e-realizzazione-showroom-ceramiche.jpg\" data-srcset=\"https:\/\/showmotion.it\/wp-content\/uploads\/2019\/11\/ShowMotion_MARA_progettazione-e-realizzazione-showroom-ceramiche-200x133.jpg 200w, https:\/\/showmotion.it\/wp-content\/uploads\/2019\/11\/ShowMotion_MARA_progettazione-e-realizzazione-showroom-ceramiche-400x266.jpg 400w, https:\/\/showmotion.it\/wp-content\/uploads\/2019\/11\/ShowMotion_MARA_progettazione-e-realizzazione-showroom-ceramiche-600x399.jpg 600w, https:\/\/showmotion.it\/wp-content\/uploads\/2019\/11\/ShowMotion_MARA_progettazione-e-realizzazione-showroom-ceramiche-800x532.jpg 800w, https:\/\/showmotion.it\/wp-content\/uploads\/2019\/11\/ShowMotion_MARA_progettazione-e-realizzazione-showroom-ceramiche.jpg 970w\" data-sizes=\"auto\" \/><div class=\"fusion-rollover\">\n\t<div class=\"fusion-rollover-content\">\n\n\t\t\t\t\t\t\t\t\t\t\t\t\t\t<a class=\"fusion-rollover-link\" href=\"https:\/\/showmotion.it\/de\/mara-home-experience\/\">Mara Home Experience<\/a>\n\t\t\t\n\t\t\t\t\t\t\t\t\t\t\t\t\t\t\n\t\t\t\t\t\t\t\t\n\t\t\t\t\t\t\t\t\t\t\t\t\t<div class=\"fusion-rollover-sep\"><\/div>\n\t\t\t\t\n\t\t\t\t\t\t\t\t\t\t\t\t\t\t\t\t\t\t<a class=\"fusion-rollover-gallery\" href=\"https:\/\/showmotion.it\/wp-content\/uploads\/2019\/11\/ShowMotion_MARA_progettazione-e-realizzazione-showroom-ceramiche.jpg\" data-id=\"4647\" data-rel=\"iLightbox[gallery]\" data-title=\"ShowMotion_MARA_progettazione e realizzazione showroom ceramiche\" data-caption=\"\">\n\t\t\t\t\t\tGallerie\t\t\t\t\t<\/a>\n\t\t\t\t\t\t\t\t\t\t\t\t\t\t\n\t\t\n\t\t\t\t\t\t\t\t\t\t\t\t<h4 class=\"fusion-rollover-title\">\n\t\t\t\t\t<a class=\"fusion-rollover-title-link\" href=\"https:\/\/showmotion.it\/de\/mara-home-experience\/\">\n\t\t\t\t\t\tMara Home Experience\t\t\t\t\t<\/a>\n\t\t\t\t<\/h4>\n\t\t\t\n\t\t\t\t\t\t\t\t\n\t\t\n\t\t\t\t\t\t<a class=\"fusion-link-wrapper\" href=\"https:\/\/showmotion.it\/de\/mara-home-experience\/\" aria-label=\"Mara Home Experience\"><\/a>\n\t<\/div>\n<\/div>\n<\/div>\n<\/li>\n\t\t\t\n\t\t\t\n\t\t\t\t\t\t\t\t\t\t\t\t\t\t\t\t\t\t\t\t\t\t\t\t\t\t\t\t\t\t\t\t\t\t\t\t\t\t\t\t\t\t\t\t\t\t\t\t\t\t\t\t\t\t\t\t\t\t\t\t\t\t\t\t\t\t\t\t<\/ul>\n\t<\/div>\n\t<div class=\"fusion-post-content-wrapper\" style=\"padding:30px 25px 20px 25px;\"><div class=\"fusion-post-content post-content\"><h2 class=\"blog-shortcode-post-title entry-title\"><a href=\"https:\/\/showmotion.it\/de\/mara-home-experience\/\">Mara Home Experience<\/a><\/h2><div class=\"fusion-content-sep sep-double sep-solid\"><\/div><div class=\"fusion-post-content-container\"><p>            Standort: Alghero, Sardinien, Italien   Designer: Arch. Gianni Sola     Die Besonderheit des neuen Showrooms von Mara ist die Implementierung des SHOW FRAME-Systems in [...]<\/p><\/div><\/div><div class=\"fusion-meta-info\"><div class=\"fusion-alignleft\"><a class=\"fusion-read-more\" href=\"https:\/\/showmotion.it\/de\/mara-home-experience\/\" aria-label=\"More on Mara Home Experience\">Weiterlesen<\/a><\/div><\/div><\/div><div class=\"fusion-clearfix\"><\/div><\/div>\n<\/article>\n<article id=\"blog-1-post-4658\" class=\"fusion-post-grid post-4658 post type-post status-publish format-standard has-post-thumbnail hentry category-referenzen tag-bauelemente-hausturen-fenster-tore tag-fliesen-und-platten tag-innentueren-zimmertueren tag-naturstein-utdoor-fliesen tag-sanitaer-badmoebel\">\n<div class=\"fusion-post-wrapper\" style=\"background-color:rgba(255,255,255,0);border:1px solid #ebeaea;border-bottom-width:3px;\">\n\n\t\t\t<div class=\"fusion-flexslider flexslider fusion-flexslider-loading fusion-post-slideshow\" style=\"border-color:#ebeaea;\">\n\t\t<ul class=\"slides\">\n\t\t\t\n\t\t\t\t\t\t\t\t\t\t\t\t\t\t<li><div  class=\"fusion-image-wrapper\" aria-haspopup=\"true\">\n\t\t\t\t<img loading=\"lazy\" decoding=\"async\" width=\"970\" height=\"646\" src=\"https:\/\/showmotion.it\/wp-content\/uploads\/2019\/10\/0072.jpg\" class=\"attachment-full size-full lazyload wp-post-image\" alt=\"\" srcset=\"data:image\/svg+xml,%3Csvg%20xmlns%3D%27http%3A%2F%2Fwww.w3.org%2F2000%2Fsvg%27%20width%3D%27970%27%20height%3D%27646%27%20viewBox%3D%270%200%20970%20646%27%3E%3Crect%20width%3D%27970%27%20height%3D%27646%27%20fill-opacity%3D%220%22%2F%3E%3C%2Fsvg%3E\" data-orig-src=\"https:\/\/showmotion.it\/wp-content\/uploads\/2019\/10\/0072.jpg\" data-srcset=\"https:\/\/showmotion.it\/wp-content\/uploads\/2019\/10\/0072-200x133.jpg 200w, https:\/\/showmotion.it\/wp-content\/uploads\/2019\/10\/0072-400x266.jpg 400w, https:\/\/showmotion.it\/wp-content\/uploads\/2019\/10\/0072-600x400.jpg 600w, https:\/\/showmotion.it\/wp-content\/uploads\/2019\/10\/0072-800x533.jpg 800w, https:\/\/showmotion.it\/wp-content\/uploads\/2019\/10\/0072.jpg 970w\" data-sizes=\"auto\" \/><div class=\"fusion-rollover\">\n\t<div class=\"fusion-rollover-content\">\n\n\t\t\t\t\t\t\t\t\t\t\t\t\t\t<a class=\"fusion-rollover-link\" href=\"https:\/\/showmotion.it\/de\/de-luca-teresa\/\">De Luca Teresa<\/a>\n\t\t\t\n\t\t\t\t\t\t\t\t\t\t\t\t\t\t\n\t\t\t\t\t\t\t\t\n\t\t\t\t\t\t\t\t\t\t\t\t\t<div class=\"fusion-rollover-sep\"><\/div>\n\t\t\t\t\n\t\t\t\t\t\t\t\t\t\t\t\t\t\t\t\t\t\t<a class=\"fusion-rollover-gallery\" href=\"https:\/\/showmotion.it\/wp-content\/uploads\/2019\/10\/0072.jpg\" data-id=\"4658\" data-rel=\"iLightbox[gallery]\" data-title=\"0072\" data-caption=\"\">\n\t\t\t\t\t\tGallerie\t\t\t\t\t<\/a>\n\t\t\t\t\t\t\t\t\t\t\t\t\t\t\n\t\t\n\t\t\t\t\t\t\t\t\t\t\t\t<h4 class=\"fusion-rollover-title\">\n\t\t\t\t\t<a class=\"fusion-rollover-title-link\" href=\"https:\/\/showmotion.it\/de\/de-luca-teresa\/\">\n\t\t\t\t\t\tDe Luca Teresa\t\t\t\t\t<\/a>\n\t\t\t\t<\/h4>\n\t\t\t\n\t\t\t\t\t\t\t\t\n\t\t\n\t\t\t\t\t\t<a class=\"fusion-link-wrapper\" href=\"https:\/\/showmotion.it\/de\/de-luca-teresa\/\" aria-label=\"De Luca Teresa\"><\/a>\n\t<\/div>\n<\/div>\n<\/div>\n<\/li>\n\t\t\t\n\t\t\t\n\t\t\t\t\t\t\t\t\t\t\t\t\t\t\t\t\t\t\t\t\t\t\t\t\t\t\t\t\t\t\t\t\t\t\t\t\t\t\t\t\t\t\t\t\t\t\t\t\t\t\t\t\t\t\t\t\t\t\t\t\t\t\t\t\t\t\t\t<\/ul>\n\t<\/div>\n\t<div class=\"fusion-post-content-wrapper\" style=\"padding:30px 25px 20px 25px;\"><div class=\"fusion-post-content post-content\"><h2 class=\"blog-shortcode-post-title entry-title\"><a href=\"https:\/\/showmotion.it\/de\/de-luca-teresa\/\">De Luca Teresa<\/a><\/h2><div class=\"fusion-content-sep sep-double sep-solid\"><\/div><div class=\"fusion-post-content-container\"><p>            Standort: Melissa, Kalabrien, Italien   Designer: Arch. Gianni Sola     Ausstellungsraum von 800 qm, der auf die Bedienung von Privatpersonen bei der Renovierung und [...]<\/p><\/div><\/div><div class=\"fusion-meta-info\"><div class=\"fusion-alignleft\"><a class=\"fusion-read-more\" href=\"https:\/\/showmotion.it\/de\/de-luca-teresa\/\" aria-label=\"More on De Luca Teresa\">Weiterlesen<\/a><\/div><\/div><\/div><div class=\"fusion-clearfix\"><\/div><\/div>\n<\/article>\n<article id=\"blog-1-post-4669\" class=\"fusion-post-grid post-4669 post type-post status-publish format-standard has-post-thumbnail hentry category-referenzen tag-fliesen-und-platten\">\n<div class=\"fusion-post-wrapper\" style=\"background-color:rgba(255,255,255,0);border:1px solid #ebeaea;border-bottom-width:3px;\">\n\n\t\t\t<div class=\"fusion-flexslider flexslider fusion-flexslider-loading fusion-post-slideshow\" style=\"border-color:#ebeaea;\">\n\t\t<ul class=\"slides\">\n\t\t\t\n\t\t\t\t\t\t\t\t\t\t\t\t\t\t<li><div  class=\"fusion-image-wrapper\" aria-haspopup=\"true\">\n\t\t\t\t<img loading=\"lazy\" decoding=\"async\" width=\"970\" height=\"649\" src=\"https:\/\/showmotion.it\/wp-content\/uploads\/2019\/10\/DUE0481.jpg\" class=\"attachment-full size-full lazyload wp-post-image\" alt=\"\" srcset=\"data:image\/svg+xml,%3Csvg%20xmlns%3D%27http%3A%2F%2Fwww.w3.org%2F2000%2Fsvg%27%20width%3D%27970%27%20height%3D%27649%27%20viewBox%3D%270%200%20970%20649%27%3E%3Crect%20width%3D%27970%27%20height%3D%27649%27%20fill-opacity%3D%220%22%2F%3E%3C%2Fsvg%3E\" data-orig-src=\"https:\/\/showmotion.it\/wp-content\/uploads\/2019\/10\/DUE0481.jpg\" data-srcset=\"https:\/\/showmotion.it\/wp-content\/uploads\/2019\/10\/DUE0481-200x134.jpg 200w, https:\/\/showmotion.it\/wp-content\/uploads\/2019\/10\/DUE0481-400x268.jpg 400w, https:\/\/showmotion.it\/wp-content\/uploads\/2019\/10\/DUE0481-600x401.jpg 600w, https:\/\/showmotion.it\/wp-content\/uploads\/2019\/10\/DUE0481-800x535.jpg 800w, https:\/\/showmotion.it\/wp-content\/uploads\/2019\/10\/DUE0481.jpg 970w\" data-sizes=\"auto\" \/><div class=\"fusion-rollover\">\n\t<div class=\"fusion-rollover-content\">\n\n\t\t\t\t\t\t\t\t\t\t\t\t\t\t<a class=\"fusion-rollover-link\" href=\"https:\/\/showmotion.it\/de\/ceramica-cleopatra-group\/\">Ceramica Cleopatra Group<\/a>\n\t\t\t\n\t\t\t\t\t\t\t\t\t\t\t\t\t\t\n\t\t\t\t\t\t\t\t\n\t\t\t\t\t\t\t\t\t\t\t\t\t<div class=\"fusion-rollover-sep\"><\/div>\n\t\t\t\t\n\t\t\t\t\t\t\t\t\t\t\t\t\t\t\t\t\t\t<a class=\"fusion-rollover-gallery\" href=\"https:\/\/showmotion.it\/wp-content\/uploads\/2019\/10\/DUE0481.jpg\" data-id=\"4669\" data-rel=\"iLightbox[gallery]\" data-title=\"_DUE0481\" data-caption=\"\">\n\t\t\t\t\t\tGallerie\t\t\t\t\t<\/a>\n\t\t\t\t\t\t\t\t\t\t\t\t\t\t\n\t\t\n\t\t\t\t\t\t\t\t\t\t\t\t<h4 class=\"fusion-rollover-title\">\n\t\t\t\t\t<a class=\"fusion-rollover-title-link\" href=\"https:\/\/showmotion.it\/de\/ceramica-cleopatra-group\/\">\n\t\t\t\t\t\tCeramica Cleopatra Group\t\t\t\t\t<\/a>\n\t\t\t\t<\/h4>\n\t\t\t\n\t\t\t\t\t\t\t\t\n\t\t\n\t\t\t\t\t\t<a class=\"fusion-link-wrapper\" href=\"https:\/\/showmotion.it\/de\/ceramica-cleopatra-group\/\" aria-label=\"Ceramica Cleopatra Group\"><\/a>\n\t<\/div>\n<\/div>\n<\/div>\n<\/li>\n\t\t\t\n\t\t\t\n\t\t\t\t\t\t\t\t\t\t\t\t\t\t\t\t\t\t\t\t\t\t\t\t\t\t\t\t\t\t\t\t\t\t\t\t\t\t\t\t\t\t\t\t\t\t\t\t\t\t\t\t\t\t\t\t\t\t\t\t\t\t\t\t\t\t\t\t<\/ul>\n\t<\/div>\n\t<div class=\"fusion-post-content-wrapper\" style=\"padding:30px 25px 20px 25px;\"><div class=\"fusion-post-content post-content\"><h2 class=\"blog-shortcode-post-title entry-title\"><a href=\"https:\/\/showmotion.it\/de\/ceramica-cleopatra-group\/\">Ceramica Cleopatra Group<\/a><\/h2><div class=\"fusion-content-sep sep-double sep-solid\"><\/div><div class=\"fusion-post-content-container\"><p>            Standort: Kairo, \u00c4gypten   Designer: Arch. Gianni Sola     2800 Quadratmeter gro\u00dfer Ausstellungsraum des Nr. 3 weltweit gr\u00f6\u00dften Fliesenherstellers mit vier Produktionsstandorten in Nordafrika. [...]<\/p><\/div><\/div><div class=\"fusion-meta-info\"><div class=\"fusion-alignleft\"><a class=\"fusion-read-more\" href=\"https:\/\/showmotion.it\/de\/ceramica-cleopatra-group\/\" aria-label=\"More on Ceramica Cleopatra Group\">Weiterlesen<\/a><\/div><\/div><\/div><div class=\"fusion-clearfix\"><\/div><\/div>\n<\/article>\n<div class=\"fusion-clearfix\"><\/div><\/div><\/div><div class=\"fusion-clearfix\"><\/div><\/div><\/div><\/div><\/div><\/p>\n","protected":false},"excerpt":{"rendered":"","protected":false},"author":1,"featured_media":0,"parent":0,"menu_order":0,"comment_status":"closed","ping_status":"closed","template":"100-width.php","meta":{"footnotes":""},"class_list":["post-3273","page","type-page","status-publish","hentry"],"yoast_head":"<!-- This site is optimized with the Yoast SEO plugin v24.6 - https:\/\/yoast.com\/wordpress\/plugins\/seo\/ -->\n<title>Referenzen - Showmotion<\/title>\n<meta name=\"robots\" content=\"index, follow, max-snippet:-1, max-image-preview:large, max-video-preview:-1\" \/>\n<link rel=\"canonical\" href=\"https:\/\/showmotion.it\/de\/referenzen\/\" \/>\n<meta property=\"og:locale\" content=\"de_DE\" \/>\n<meta property=\"og:type\" content=\"article\" \/>\n<meta property=\"og:title\" content=\"Referenzen - Showmotion\" \/>\n<meta property=\"og:url\" content=\"https:\/\/showmotion.it\/de\/referenzen\/\" \/>\n<meta property=\"og:site_name\" content=\"Showmotion\" \/>\n<meta property=\"article:publisher\" content=\"https:\/\/www.facebook.com\/showmotion.it\/\" \/>\n<meta property=\"article:modified_time\" content=\"2020-10-07T16:18:09+00:00\" \/>\n<meta name=\"twitter:card\" content=\"summary_large_image\" \/>\n<meta name=\"twitter:label1\" content=\"Gesch\u00e4tzte Lesezeit\" \/>\n\t<meta name=\"twitter:data1\" content=\"4\u00a0Minuten\" \/>\n<script type=\"application\/ld+json\" class=\"yoast-schema-graph\">{\"@context\":\"https:\/\/schema.org\",\"@graph\":[{\"@type\":\"WebPage\",\"@id\":\"https:\/\/showmotion.it\/de\/referenzen\/\",\"url\":\"https:\/\/showmotion.it\/de\/referenzen\/\",\"name\":\"Referenzen - Showmotion\",\"isPartOf\":{\"@id\":\"https:\/\/showmotion.it\/de\/#website\"},\"datePublished\":\"2019-04-16T06:42:21+00:00\",\"dateModified\":\"2020-10-07T16:18:09+00:00\",\"breadcrumb\":{\"@id\":\"https:\/\/showmotion.it\/de\/referenzen\/#breadcrumb\"},\"inLanguage\":\"de\",\"potentialAction\":[{\"@type\":\"ReadAction\",\"target\":[\"https:\/\/showmotion.it\/de\/referenzen\/\"]}]},{\"@type\":\"BreadcrumbList\",\"@id\":\"https:\/\/showmotion.it\/de\/referenzen\/#breadcrumb\",\"itemListElement\":[{\"@type\":\"ListItem\",\"position\":1,\"name\":\"Home\",\"item\":\"https:\/\/showmotion.it\/de\/\"},{\"@type\":\"ListItem\",\"position\":2,\"name\":\"Referenzen\"}]},{\"@type\":\"WebSite\",\"@id\":\"https:\/\/showmotion.it\/de\/#website\",\"url\":\"https:\/\/showmotion.it\/de\/\",\"name\":\"Showmotion\",\"description\":\"Ogni showroom un&#039;emozione\",\"publisher\":{\"@id\":\"https:\/\/showmotion.it\/de\/#organization\"},\"potentialAction\":[{\"@type\":\"SearchAction\",\"target\":{\"@type\":\"EntryPoint\",\"urlTemplate\":\"https:\/\/showmotion.it\/de\/?s={search_term_string}\"},\"query-input\":{\"@type\":\"PropertyValueSpecification\",\"valueRequired\":true,\"valueName\":\"search_term_string\"}}],\"inLanguage\":\"de\"},{\"@type\":\"Organization\",\"@id\":\"https:\/\/showmotion.it\/de\/#organization\",\"name\":\"ShowMotion\",\"url\":\"https:\/\/showmotion.it\/de\/\",\"logo\":{\"@type\":\"ImageObject\",\"inLanguage\":\"de\",\"@id\":\"https:\/\/showmotion.it\/de\/#\/schema\/logo\/image\/\",\"url\":\"https:\/\/showmotion.it\/wp-content\/uploads\/2021\/01\/logo.png\",\"contentUrl\":\"https:\/\/showmotion.it\/wp-content\/uploads\/2021\/01\/logo.png\",\"width\":272,\"height\":67,\"caption\":\"ShowMotion\"},\"image\":{\"@id\":\"https:\/\/showmotion.it\/de\/#\/schema\/logo\/image\/\"},\"sameAs\":[\"https:\/\/www.facebook.com\/showmotion.it\/\",\"https:\/\/www.linkedin.com\/company\/showmotion-it\/\"]}]}<\/script>\n<!-- \/ Yoast SEO plugin. -->","yoast_head_json":{"title":"Referenzen - Showmotion","robots":{"index":"index","follow":"follow","max-snippet":"max-snippet:-1","max-image-preview":"max-image-preview:large","max-video-preview":"max-video-preview:-1"},"canonical":"https:\/\/showmotion.it\/de\/referenzen\/","og_locale":"de_DE","og_type":"article","og_title":"Referenzen - Showmotion","og_url":"https:\/\/showmotion.it\/de\/referenzen\/","og_site_name":"Showmotion","article_publisher":"https:\/\/www.facebook.com\/showmotion.it\/","article_modified_time":"2020-10-07T16:18:09+00:00","twitter_card":"summary_large_image","twitter_misc":{"Gesch\u00e4tzte Lesezeit":"4\u00a0Minuten"},"schema":{"@context":"https:\/\/schema.org","@graph":[{"@type":"WebPage","@id":"https:\/\/showmotion.it\/de\/referenzen\/","url":"https:\/\/showmotion.it\/de\/referenzen\/","name":"Referenzen - Showmotion","isPartOf":{"@id":"https:\/\/showmotion.it\/de\/#website"},"datePublished":"2019-04-16T06:42:21+00:00","dateModified":"2020-10-07T16:18:09+00:00","breadcrumb":{"@id":"https:\/\/showmotion.it\/de\/referenzen\/#breadcrumb"},"inLanguage":"de","potentialAction":[{"@type":"ReadAction","target":["https:\/\/showmotion.it\/de\/referenzen\/"]}]},{"@type":"BreadcrumbList","@id":"https:\/\/showmotion.it\/de\/referenzen\/#breadcrumb","itemListElement":[{"@type":"ListItem","position":1,"name":"Home","item":"https:\/\/showmotion.it\/de\/"},{"@type":"ListItem","position":2,"name":"Referenzen"}]},{"@type":"WebSite","@id":"https:\/\/showmotion.it\/de\/#website","url":"https:\/\/showmotion.it\/de\/","name":"Showmotion","description":"Ogni showroom un&#039;emozione","publisher":{"@id":"https:\/\/showmotion.it\/de\/#organization"},"potentialAction":[{"@type":"SearchAction","target":{"@type":"EntryPoint","urlTemplate":"https:\/\/showmotion.it\/de\/?s={search_term_string}"},"query-input":{"@type":"PropertyValueSpecification","valueRequired":true,"valueName":"search_term_string"}}],"inLanguage":"de"},{"@type":"Organization","@id":"https:\/\/showmotion.it\/de\/#organization","name":"ShowMotion","url":"https:\/\/showmotion.it\/de\/","logo":{"@type":"ImageObject","inLanguage":"de","@id":"https:\/\/showmotion.it\/de\/#\/schema\/logo\/image\/","url":"https:\/\/showmotion.it\/wp-content\/uploads\/2021\/01\/logo.png","contentUrl":"https:\/\/showmotion.it\/wp-content\/uploads\/2021\/01\/logo.png","width":272,"height":67,"caption":"ShowMotion"},"image":{"@id":"https:\/\/showmotion.it\/de\/#\/schema\/logo\/image\/"},"sameAs":["https:\/\/www.facebook.com\/showmotion.it\/","https:\/\/www.linkedin.com\/company\/showmotion-it\/"]}]}},"_links":{"self":[{"href":"https:\/\/showmotion.it\/de\/wp-json\/wp\/v2\/pages\/3273","targetHints":{"allow":["GET"]}}],"collection":[{"href":"https:\/\/showmotion.it\/de\/wp-json\/wp\/v2\/pages"}],"about":[{"href":"https:\/\/showmotion.it\/de\/wp-json\/wp\/v2\/types\/page"}],"author":[{"embeddable":true,"href":"https:\/\/showmotion.it\/de\/wp-json\/wp\/v2\/users\/1"}],"replies":[{"embeddable":true,"href":"https:\/\/showmotion.it\/de\/wp-json\/wp\/v2\/comments?post=3273"}],"version-history":[{"count":10,"href":"https:\/\/showmotion.it\/de\/wp-json\/wp\/v2\/pages\/3273\/revisions"}],"predecessor-version":[{"id":5111,"href":"https:\/\/showmotion.it\/de\/wp-json\/wp\/v2\/pages\/3273\/revisions\/5111"}],"wp:attachment":[{"href":"https:\/\/showmotion.it\/de\/wp-json\/wp\/v2\/media?parent=3273"}],"curies":[{"name":"wp","href":"https:\/\/api.w.org\/{rel}","templated":true}]}}